{"id":45073,"date":"2025-08-28T07:16:53","date_gmt":"2025-08-28T07:16:53","guid":{"rendered":"https:\/\/languageinactionltd.co.uk\/?page_id=45073"},"modified":"2026-04-13T10:34:32","modified_gmt":"2026-04-13T10:34:32","slug":"radi%cc%87kallesme-ve-asiricilikla-mucadele-poli%cc%87ti%cc%87kasi","status":"publish","type":"page","link":"https:\/\/languageinactionltd.co.uk\/tr\/policies\/anti-radicalisation-and-extremism-prevent-policy\/","title":{"rendered":"Radikalle\u015fme ve A\u015f\u0131r\u0131c\u0131l\u0131kla M\u00fccadele \u00d6nleme Politikas\u0131"},"content":{"rendered":"<div data-elementor-type=\"wp-page\" data-elementor-id=\"45073\" class=\"elementor elementor-45073\" data-elementor-post-type=\"page\">\n\t\t\t\t<div class=\"elementor-element elementor-element-3429231a body-header-small e-flex e-con-boxed translate-yes e-con e-parent\" data-id=\"3429231a\" data-element_type=\"container\" data-e-type=\"container\" data-settings=\"{&quot;background_background&quot;:&quot;classic&quot;}\">\n\t\t\t\t\t<div class=\"e-con-inner\">\n\t\t<div class=\"elementor-element elementor-element-6ff3a152 e-con-full e-flex translate-yes e-con e-child\" data-id=\"6ff3a152\" data-element_type=\"container\" data-e-type=\"container\">\n\t\t\t\t<div class=\"elementor-element elementor-element-12c4f75d sub-heading elementor-widget elementor-widget-heading\" data-id=\"12c4f75d\" data-element_type=\"widget\" data-e-type=\"widget\" data-widget_type=\"heading.default\">\n\t\t\t\t<div class=\"elementor-widget-container\">\n\t\t\t\t\t<span class=\"elementor-heading-title elementor-size-default\">Politikalar<\/span>\t\t\t\t<\/div>\n\t\t\t\t<\/div>\n\t\t<div class=\"elementor-element elementor-element-1ac81eae e-con-full e-flex translate-yes e-con e-child\" data-id=\"1ac81eae\" data-element_type=\"container\" data-e-type=\"container\">\n\t\t\t\t<div class=\"elementor-element elementor-element-5bbdcacb elementor-widget elementor-widget-heading\" data-id=\"5bbdcacb\" data-element_type=\"widget\" data-e-type=\"widget\" data-widget_type=\"heading.default\">\n\t\t\t\t<div class=\"elementor-widget-container\">\n\t\t\t\t\t<h1 class=\"elementor-heading-title elementor-size-default\">Radikalle\u015fme ve A\u015f\u0131r\u0131c\u0131l\u0131kla M\u00fccadele (\u00d6nleme) Politikas\u0131<\/h1>\t\t\t\t<\/div>\n\t\t\t\t<\/div>\n\t\t\t\t<div class=\"elementor-element elementor-element-d403500 elementor-widget elementor-widget-text-editor\" data-id=\"d403500\" data-element_type=\"widget\" data-e-type=\"widget\" data-widget_type=\"text-editor.default\">\n\t\t\t\t<div class=\"elementor-widget-container\">\n\t\t\t\t\t\t\t\t\t<p><i>Son g\u00fcncelleme 10\/04\/2026<\/i><\/p>\t\t\t\t\t\t\t\t<\/div>\n\t\t\t\t<\/div>\n\t\t\t\t<\/div>\n\t\t\t\t<\/div>\n\t\t\t\t\t<\/div>\n\t\t\t\t<\/div>\n\t\t<div class=\"elementor-element elementor-element-685080bc body-text-1col e-grid e-con-boxed translate-yes e-con e-parent\" data-id=\"685080bc\" data-element_type=\"container\" data-e-type=\"container\">\n\t\t\t\t\t<div class=\"e-con-inner\">\n\t\t\t\t<div class=\"elementor-element elementor-element-4c0349f2 section-style-default elementor-widget elementor-widget-Section settings\" data-id=\"4c0349f2\" data-element_type=\"widget\" data-e-type=\"widget\" data-widget_type=\"Section settings.default\">\n\t\t\t\t<div class=\"elementor-widget-container\">\n\t\t\t\t\t\t\t\t\t\t\t<\/div>\n\t\t\t\t<\/div>\n\t\t<div class=\"elementor-element elementor-element-43ee8377 e-con-full e-flex translate-yes e-con e-child\" data-id=\"43ee8377\" data-element_type=\"container\" data-e-type=\"container\">\n\t\t\t\t<div class=\"elementor-element elementor-element-37ee0f07 elementor-widget elementor-widget-heading\" data-id=\"37ee0f07\" data-element_type=\"widget\" data-e-type=\"widget\" data-widget_type=\"heading.default\">\n\t\t\t\t<div class=\"elementor-widget-container\">\n\t\t\t\t\t<h2 class=\"elementor-heading-title elementor-size-default\">A\u00c7IKLAMA<\/h2>\t\t\t\t<\/div>\n\t\t\t\t<\/div>\n\t\t\t\t<div class=\"elementor-element elementor-element-69595c39 elementor-widget elementor-widget-text-editor\" data-id=\"69595c39\" data-element_type=\"widget\" data-e-type=\"widget\" data-widget_type=\"text-editor.default\">\n\t\t\t\t<div class=\"elementor-widget-container\">\n\t\t\t\t\t\t\t\t\t<p class=\"p1\">Language in Action, 2015 Ter\u00f6rle M\u00fccadele ve G\u00fcvenlik Yasas\u0131 kapsam\u0131nda her ya\u015ftan insan\u0131n radikalle\u015fmesini veya ter\u00f6rizme s\u00fcr\u00fcklenmesini \u00f6nleme konusundaki sorumluluklar\u0131n\u0131n bilincindedir ve ba\u011flam\u0131 belirledikten sonra a\u015fa\u011f\u0131da g\u00f6sterilen \u015fekillerde y\u00fck\u00fcml\u00fcl\u00fcklerini yerine getirmeye \u00e7al\u0131\u015fmaktad\u0131r.<\/p>\t\t\t\t\t\t\t\t<\/div>\n\t\t\t\t<\/div>\n\t\t\t\t<\/div>\n\t\t\t\t\t<\/div>\n\t\t\t\t<\/div>\n\t\t<div class=\"elementor-element elementor-element-04a3924 body-text-1col e-grid e-con-boxed translate-yes e-con e-parent\" data-id=\"04a3924\" data-element_type=\"container\" data-e-type=\"container\">\n\t\t\t\t\t<div class=\"e-con-inner\">\n\t\t\t\t<div class=\"elementor-element elementor-element-0ebc57e section-style-default elementor-widget elementor-widget-Section settings\" data-id=\"0ebc57e\" data-element_type=\"widget\" data-e-type=\"widget\" data-widget_type=\"Section settings.default\">\n\t\t\t\t<div class=\"elementor-widget-container\">\n\t\t\t\t\t\t\t\t\t\t\t<\/div>\n\t\t\t\t<\/div>\n\t\t<div class=\"elementor-element elementor-element-c4e2759 e-con-full e-flex translate-yes e-con e-child\" data-id=\"c4e2759\" data-element_type=\"container\" data-e-type=\"container\">\n\t\t\t\t<div class=\"elementor-element elementor-element-28fa01c elementor-widget elementor-widget-heading\" data-id=\"28fa01c\" data-element_type=\"widget\" data-e-type=\"widget\" data-widget_type=\"heading.default\">\n\t\t\t\t<div class=\"elementor-widget-container\">\n\t\t\t\t\t<h2 class=\"elementor-heading-title elementor-size-default\">BA\u011eLAM<\/h2>\t\t\t\t<\/div>\n\t\t\t\t<\/div>\n\t\t\t\t<div class=\"elementor-element elementor-element-c285a65 elementor-widget elementor-widget-text-editor\" data-id=\"c285a65\" data-element_type=\"widget\" data-e-type=\"widget\" data-widget_type=\"text-editor.default\">\n\t\t\t\t<div class=\"elementor-widget-container\">\n\t\t\t\t\t\t\t\t\t<ul><li><p class=\"p1\">Language in Action normalde 12 ila 17 ya\u015f aras\u0131 (18 ila 19 ya\u015f aras\u0131 \u00f6\u011frenciler, kendi \u00fclkelerindeki lise programlar\u0131n\u0131n bir par\u00e7as\u0131ysa, re\u015fit olmayan \u00f6\u011frencilerden olu\u015fan gruplar\u0131n bir par\u00e7as\u0131 olabilirler) ve d\u00fcnyan\u0131n bir\u00e7ok farkl\u0131 \u00fclkesinden \u00f6\u011frencileri kabul etmektedir.<\/p><\/li><li><p class=\"p1\">Language in Action'\u0131n \u00e7ok k\u00fclt\u00fcrl\u00fc bir yerel n\u00fcfusa sahip Londra, Manchester, Canterbury, Liverpool ve Oundle'da merkezleri bulunmaktad\u0131r.<\/p><\/li><li><p class=\"p1\">Language in Action her zaman ba\u015fkalar\u0131n\u0131n inan\u00e7lar\u0131na sayg\u0131 ve ho\u015fg\u00f6r\u00fcn\u00fcn beklendi\u011fi ve gerekli oldu\u011fu \u00e7ok k\u00fclt\u00fcrl\u00fc bir ortam\u0131 te\u015fvik etmi\u015ftir.<\/p><\/li><li><p class=\"p1\">Language in Action, g\u00fcn\u00fcm\u00fczde Birle\u015fik Krall\u0131k'\u0131n \u00e7ok k\u00fclt\u00fcrl\u00fc \u00e7e\u015fitlili\u011fini yans\u0131tan ve kutlayan temel \u0130ngiliz de\u011ferlerini, \u0130ngiliz k\u00fclt\u00fcr\u00fcn\u00fc ve geleneklerini te\u015fvik eder. Uygun oldu\u011fu durumlarda bu, s\u0131n\u0131f sunumunun bir par\u00e7as\u0131 olarak dahil edilebilir, ancak \u00f6\u011frencilere ayr\u0131ca ind\u00fcksiyon s\u00fcrecinin bir par\u00e7as\u0131 olarak merkezlerimizdeki ilk g\u00fcnlerinde bu konuda genel bir bilgi verilir.<\/p><\/li><\/ul>\t\t\t\t\t\t\t\t<\/div>\n\t\t\t\t<\/div>\n\t\t\t\t<\/div>\n\t\t\t\t\t<\/div>\n\t\t\t\t<\/div>\n\t\t<div class=\"elementor-element elementor-element-c487973 body-text-1col e-grid e-con-boxed translate-yes e-con e-parent\" data-id=\"c487973\" data-element_type=\"container\" data-e-type=\"container\">\n\t\t\t\t\t<div class=\"e-con-inner\">\n\t\t\t\t<div class=\"elementor-element elementor-element-1fdf5a0 section-style-default elementor-widget elementor-widget-Section settings\" data-id=\"1fdf5a0\" data-element_type=\"widget\" data-e-type=\"widget\" data-widget_type=\"Section settings.default\">\n\t\t\t\t<div class=\"elementor-widget-container\">\n\t\t\t\t\t\t\t\t\t\t\t<\/div>\n\t\t\t\t<\/div>\n\t\t<div class=\"elementor-element elementor-element-80ffaab e-con-full e-flex translate-yes e-con e-child\" data-id=\"80ffaab\" data-element_type=\"container\" data-e-type=\"container\">\n\t\t\t\t<div class=\"elementor-element elementor-element-8ed3402 elementor-widget elementor-widget-heading\" data-id=\"8ed3402\" data-element_type=\"widget\" data-e-type=\"widget\" data-widget_type=\"heading.default\">\n\t\t\t\t<div class=\"elementor-widget-container\">\n\t\t\t\t\t<h2 class=\"elementor-heading-title elementor-size-default\">G\u00dc\u00c7L\u00dc LIDERLIK<\/h2>\t\t\t\t<\/div>\n\t\t\t\t<\/div>\n\t\t\t\t<div class=\"elementor-element elementor-element-74ad18f elementor-widget elementor-widget-text-editor\" data-id=\"74ad18f\" data-element_type=\"widget\" data-e-type=\"widget\" data-widget_type=\"text-editor.default\">\n\t\t\t\t<div class=\"elementor-widget-container\">\n\t\t\t\t\t\t\t\t\t<ul><li><p class=\"p1\">\u00d6nleme G\u00f6revinin yerine getirilmesini sa\u011flama sorumlulu\u011fu Gen\u00e7ler M\u00fcd\u00fcr Yard\u0131mc\u0131s\u0131 Daniele Pluchino'ya aittir (Atanm\u0131\u015f Koruma Lideri - \u00d6NLEME, Koruman\u0131n bir par\u00e7as\u0131 olarak kabul edilir).<\/p><\/li><li><p class=\"p1\">\u00d6nleme risk de\u011ferlendirmesi\/eylem plan\u0131 (bkz. a\u015fa\u011f\u0131daki 4. madde) ve politikas\u0131n\u0131n sorumlulu\u011fu Gen\u00e7ler M\u00fcd\u00fcr Yard\u0131mc\u0131s\u0131 Daniele Pluchino'ya aittir.<\/p><\/li><li><p class=\"p1\">Program Y\u00f6neticileri, DSL'nin yoklu\u011funda g\u00f6rev yapmak \u00fczere \u00c7ocuk Koruma G\u00f6revlileri olarak atanm\u0131\u015ft\u0131r.<\/p><\/li><li><p class=\"p1\">Her merkezin, \u00d6nleme G\u00f6revinin merkez i\u00e7inde yerine getirilmesini sa\u011flamaktan ve herhangi bir sorunu DSL'ye bildirmekten sorumlu bir Sosyal Yard\u0131m G\u00f6revlisi vard\u0131r.<\/p><\/li><li><p class=\"p1\">G\u00f6revleri, burada ana hatlar\u0131yla belirtildi\u011fi gibi etkili bir risk de\u011ferlendirmesi\/eylem plan\u0131 ve politikas\u0131n\u0131n uygulanmas\u0131n\u0131 sa\u011flamakt\u0131r.<\/p><\/li><\/ul>\t\t\t\t\t\t\t\t<\/div>\n\t\t\t\t<\/div>\n\t\t\t\t<\/div>\n\t\t\t\t\t<\/div>\n\t\t\t\t<\/div>\n\t\t<div class=\"elementor-element elementor-element-7188aac body-text-1col e-grid e-con-boxed translate-yes e-con e-parent\" data-id=\"7188aac\" data-element_type=\"container\" data-e-type=\"container\">\n\t\t\t\t\t<div class=\"e-con-inner\">\n\t\t\t\t<div class=\"elementor-element elementor-element-4cafaad section-style-default elementor-widget elementor-widget-Section settings\" data-id=\"4cafaad\" data-element_type=\"widget\" data-e-type=\"widget\" data-widget_type=\"Section settings.default\">\n\t\t\t\t<div class=\"elementor-widget-container\">\n\t\t\t\t\t\t\t\t\t\t\t<\/div>\n\t\t\t\t<\/div>\n\t\t<div class=\"elementor-element elementor-element-96eba15 e-con-full e-flex translate-yes e-con e-child\" data-id=\"96eba15\" data-element_type=\"container\" data-e-type=\"container\">\n\t\t\t\t<div class=\"elementor-element elementor-element-585aff0 elementor-widget elementor-widget-heading\" data-id=\"585aff0\" data-element_type=\"widget\" data-e-type=\"widget\" data-widget_type=\"heading.default\">\n\t\t\t\t<div class=\"elementor-widget-container\">\n\t\t\t\t\t<h2 class=\"elementor-heading-title elementor-size-default\">MEVCUT DURUMUN RISK DE\u011eERLENDIRMESI VE GELECE\u011eE Y\u00d6NELIK EYLEM PLANI<\/h2>\t\t\t\t<\/div>\n\t\t\t\t<\/div>\n\t\t\t\t<div class=\"elementor-element elementor-element-3578c7f elementor-widget elementor-widget-text-editor\" data-id=\"3578c7f\" data-element_type=\"widget\" data-e-type=\"widget\" data-widget_type=\"text-editor.default\">\n\t\t\t\t<div class=\"elementor-widget-container\">\n\t\t\t\t\t\t\t\t\t<p class=\"p1\">Halihaz\u0131rda nelerin yap\u0131ld\u0131\u011f\u0131n\u0131 ve nelerin yap\u0131lmas\u0131 gerekti\u011fini g\u00f6steren bir risk de\u011ferlendirmesi\/eylem plan\u0131 haz\u0131rlanm\u0131\u015ft\u0131r; bu plan en az y\u0131lda bir kez g\u00f6zden ge\u00e7irilecek ve g\u00fcncellenecektir.<\/p><p>\u00a0<\/p>\t\t\t\t\t\t\t\t<\/div>\n\t\t\t\t<\/div>\n\t\t\t\t<\/div>\n\t\t\t\t\t<\/div>\n\t\t\t\t<\/div>\n\t\t<div class=\"elementor-element elementor-element-f950ff4 body-text-1col e-grid e-con-boxed translate-yes e-con e-parent\" data-id=\"f950ff4\" data-element_type=\"container\" data-e-type=\"container\">\n\t\t\t\t\t<div class=\"e-con-inner\">\n\t\t\t\t<div class=\"elementor-element elementor-element-8668eca section-style-default elementor-widget elementor-widget-Section settings\" data-id=\"8668eca\" data-element_type=\"widget\" data-e-type=\"widget\" data-widget_type=\"Section settings.default\">\n\t\t\t\t<div class=\"elementor-widget-container\">\n\t\t\t\t\t\t\t\t\t\t\t<\/div>\n\t\t\t\t<\/div>\n\t\t<div class=\"elementor-element elementor-element-0f0140e e-con-full e-flex translate-yes e-con e-child\" data-id=\"0f0140e\" data-element_type=\"container\" data-e-type=\"container\">\n\t\t\t\t<div class=\"elementor-element elementor-element-08a7f30 elementor-widget elementor-widget-heading\" data-id=\"08a7f30\" data-element_type=\"widget\" data-e-type=\"widget\" data-widget_type=\"heading.default\">\n\t\t\t\t<div class=\"elementor-widget-container\">\n\t\t\t\t\t<h2 class=\"elementor-heading-title elementor-size-default\">YEREL ORTAKLARLA \u00c7ALI\u015eMAK<\/h2>\t\t\t\t<\/div>\n\t\t\t\t<\/div>\n\t\t\t\t<div class=\"elementor-element elementor-element-d86ef5b elementor-widget elementor-widget-text-editor\" data-id=\"d86ef5b\" data-element_type=\"widget\" data-e-type=\"widget\" data-widget_type=\"text-editor.default\">\n\t\t\t\t<div class=\"elementor-widget-container\">\n\t\t\t\t\t\t\t\t\t<ul><li><p class=\"p1\">Yerel polis\/yerel otorite ile temas kurmak ve s\u00fcrd\u00fcrmek. \u00d6nleme Liderlerinin rollerini ve mevcut deste\u011fi (\u00f6rne\u011fin Kanal s\u00fcreci yoluyla) anlamalar\u0131n\u0131 sa\u011flay\u0131n.<\/p><\/li><li><p class=\"p1\">Di\u011fer faydal\u0131 yerel kurumlar\u0131 tespit etmek i\u00e7in yerel makamlarla ileti\u015fime ge\u00e7in.<\/p><\/li><li><p class=\"p1\">Di\u011fer benzer kurulu\u015flarla yerel b\u00f6lge \u00d6nleme ba\u011flant\u0131lar\u0131 geli\u015ftirmek.<\/p><\/li><li><p class=\"p1\">Bilgileri uygun \u015fekilde t\u00fcm yerel kurulu\u015flarla payla\u015f\u0131n.<\/p><\/li><\/ul>\t\t\t\t\t\t\t\t<\/div>\n\t\t\t\t<\/div>\n\t\t\t\t<\/div>\n\t\t\t\t\t<\/div>\n\t\t\t\t<\/div>\n\t\t<div class=\"elementor-element elementor-element-a2bd694 body-text-1col e-grid e-con-boxed translate-yes e-con e-parent\" data-id=\"a2bd694\" data-element_type=\"container\" data-e-type=\"container\">\n\t\t\t\t\t<div class=\"e-con-inner\">\n\t\t\t\t<div class=\"elementor-element elementor-element-7ed30a6 section-style-default elementor-widget elementor-widget-Section settings\" data-id=\"7ed30a6\" data-element_type=\"widget\" data-e-type=\"widget\" data-widget_type=\"Section settings.default\">\n\t\t\t\t<div class=\"elementor-widget-container\">\n\t\t\t\t\t\t\t\t\t\t\t<\/div>\n\t\t\t\t<\/div>\n\t\t<div class=\"elementor-element elementor-element-25382df e-con-full e-flex translate-yes e-con e-child\" data-id=\"25382df\" data-element_type=\"container\" data-e-type=\"container\">\n\t\t\t\t<div class=\"elementor-element elementor-element-41b05c3 elementor-widget elementor-widget-heading\" data-id=\"41b05c3\" data-element_type=\"widget\" data-e-type=\"widget\" data-widget_type=\"heading.default\">\n\t\t\t\t<div class=\"elementor-widget-container\">\n\t\t\t\t\t<h2 class=\"elementor-heading-title elementor-size-default\">TERMINOLOJIYI ANLAMAK<\/h2>\t\t\t\t<\/div>\n\t\t\t\t<\/div>\n\t\t\t\t<div class=\"elementor-element elementor-element-750e5a2 elementor-widget elementor-widget-text-editor\" data-id=\"750e5a2\" data-element_type=\"widget\" data-e-type=\"widget\" data-widget_type=\"text-editor.default\">\n\t\t\t\t<div class=\"elementor-widget-container\">\n\t\t\t\t\t\t\t\t\t<ul><li><p class=\"p1\">Radikalle\u015fme: Bir ki\u015fiyi daha radikal hale getirme veya siyasi, ekonomik veya sosyal ko\u015fullarda, kurumlarda veya zihin al\u0131\u015fkanl\u0131klar\u0131nda a\u015f\u0131r\u0131 veya temel de\u011fi\u015fiklikleri destekleme eylemi veya s\u00fcreci.<\/p><\/li><li><p class=\"p1\">A\u015f\u0131r\u0131l\u0131k*: herhangi bir grup veya bireyin haklar\u0131n\u0131 inkar edebilecek a\u015f\u0131r\u0131 siyasi veya dini g\u00f6r\u00fc\u015flere sahip olmak. Sesli veya aktif muhalefet \u015feklinde ifade edilebilir.<\/p><\/li><li><p class=\"p1\">Temel \u0130ngiliz de\u011ferleri: (i) demokrasi, (ii) hukukun \u00fcst\u00fcnl\u00fc\u011f\u00fc, (iii) bireysel \u00f6zg\u00fcrl\u00fck, (iv) farkl\u0131 inan\u00e7lara veya inan\u0131\u015flara sayg\u0131l\u0131 ho\u015fg\u00f6r\u00fc.<\/p><\/li><\/ul><p class=\"p1\">* Not: a\u015f\u0131r\u0131c\u0131l\u0131k, \u0131rk\u00e7\u0131l\u0131k, homofobi, sa\u011f kanat ideolojisi gibi bir dizi g\u00f6r\u00fc\u015f\u00fcn yan\u0131 s\u0131ra herhangi bir dini a\u015f\u0131r\u0131l\u0131\u011f\u0131 da ifade edebilir.<\/p>\t\t\t\t\t\t\t\t<\/div>\n\t\t\t\t<\/div>\n\t\t\t\t<\/div>\n\t\t\t\t\t<\/div>\n\t\t\t\t<\/div>\n\t\t<div class=\"elementor-element elementor-element-217354b body-text-1col e-grid e-con-boxed translate-yes e-con e-parent\" data-id=\"217354b\" data-element_type=\"container\" data-e-type=\"container\">\n\t\t\t\t\t<div class=\"e-con-inner\">\n\t\t\t\t<div class=\"elementor-element elementor-element-460de20 section-style-default elementor-widget elementor-widget-Section settings\" data-id=\"460de20\" data-element_type=\"widget\" data-e-type=\"widget\" data-widget_type=\"Section settings.default\">\n\t\t\t\t<div class=\"elementor-widget-container\">\n\t\t\t\t\t\t\t\t\t\t\t<\/div>\n\t\t\t\t<\/div>\n\t\t<div class=\"elementor-element elementor-element-84eb37c e-con-full e-flex translate-yes e-con e-child\" data-id=\"84eb37c\" data-element_type=\"container\" data-e-type=\"container\">\n\t\t\t\t<div class=\"elementor-element elementor-element-f8e5a67 elementor-widget elementor-widget-heading\" data-id=\"f8e5a67\" data-element_type=\"widget\" data-e-type=\"widget\" data-widget_type=\"heading.default\">\n\t\t\t\t<div class=\"elementor-widget-container\">\n\t\t\t\t\t<h2 class=\"elementor-heading-title elementor-size-default\">A\u015eIRICILIK RISKINI ANLAMAK<\/h2>\t\t\t\t<\/div>\n\t\t\t\t<\/div>\n\t\t\t\t<div class=\"elementor-element elementor-element-8a0c19e elementor-widget elementor-widget-text-editor\" data-id=\"8a0c19e\" data-element_type=\"widget\" data-e-type=\"widget\" data-widget_type=\"text-editor.default\">\n\t\t\t\t<div class=\"elementor-widget-container\">\n\t\t\t\t\t\t\t\t\t<ul><li><p class=\"p1\">Personel, \u00f6\u011frenciler ve di\u011fer yeti\u015fkinler (acente grup liderleri, tesis personeli vb.) okula zaten a\u015f\u0131r\u0131l\u0131k yanl\u0131s\u0131 g\u00f6r\u00fc\u015flere sahip olarak gelebilir.<\/p><\/li><li><p class=\"p1\">Ya da okulun bir par\u00e7as\u0131yken, bir dizi fakt\u00f6rden etkilenebilirler: k\u00fcresel olaylar, akran bask\u0131s\u0131, medya, aile g\u00f6r\u00fc\u015fleri, bas\u0131l\u0131 veya \u00e7evrimi\u00e7i a\u015f\u0131r\u0131l\u0131k yanl\u0131s\u0131 materyaller, ilham verici konu\u015fmac\u0131lar, zarar g\u00f6ren arkada\u015flar veya akrabalar, sosyal a\u011flar.<\/p><\/li><li><p class=\"p1\">Hassas durumda olan ki\u015filerin etkilenme olas\u0131l\u0131\u011f\u0131 daha y\u00fcksektir.<\/p><\/li><li><p class=\"p1\">K\u0131r\u0131lganl\u0131klar\u0131 bir dizi nedenden kaynaklanabilir: kimlik veya aidiyet kayb\u0131, izolasyon, d\u0131\u015flanma,ruh sa\u011fl\u0131\u011f\u0131 sorunlar\u0131, adaletsizlik duygusu, ki\u015fisel kriz, nefret su\u00e7u veya ayr\u0131mc\u0131l\u0131k ma\u011fduru, yas<\/p><\/li><\/ul>\t\t\t\t\t\t\t\t<\/div>\n\t\t\t\t<\/div>\n\t\t\t\t<\/div>\n\t\t\t\t\t<\/div>\n\t\t\t\t<\/div>\n\t\t<div class=\"elementor-element elementor-element-93880db body-text-1col e-grid e-con-boxed translate-yes e-con e-parent\" data-id=\"93880db\" data-element_type=\"container\" data-e-type=\"container\">\n\t\t\t\t\t<div class=\"e-con-inner\">\n\t\t\t\t<div class=\"elementor-element elementor-element-b80c050 section-style-default elementor-widget elementor-widget-Section settings\" data-id=\"b80c050\" data-element_type=\"widget\" data-e-type=\"widget\" data-widget_type=\"Section settings.default\">\n\t\t\t\t<div class=\"elementor-widget-container\">\n\t\t\t\t\t\t\t\t\t\t\t<\/div>\n\t\t\t\t<\/div>\n\t\t<div class=\"elementor-element elementor-element-8c12eb4 e-con-full e-flex translate-yes e-con e-child\" data-id=\"8c12eb4\" data-element_type=\"container\" data-e-type=\"container\">\n\t\t\t\t<div class=\"elementor-element elementor-element-89d4157 elementor-widget elementor-widget-heading\" data-id=\"89d4157\" data-element_type=\"widget\" data-e-type=\"widget\" data-widget_type=\"heading.default\">\n\t\t\t\t<div class=\"elementor-widget-container\">\n\t\t\t\t\t<h2 class=\"elementor-heading-title elementor-size-default\">RISKLERE KAR\u015eI KOYMA YOLLARI<\/h2>\t\t\t\t<\/div>\n\t\t\t\t<\/div>\n\t\t\t\t<div class=\"elementor-element elementor-element-1f24d43 elementor-widget elementor-widget-text-editor\" data-id=\"1f24d43\" data-element_type=\"widget\" data-e-type=\"widget\" data-widget_type=\"text-editor.default\">\n\t\t\t\t<div class=\"elementor-widget-container\">\n\t\t\t\t\t\t\t\t\t<ul><li><p class=\"p1\">Radikalle\u015fme ve a\u015f\u0131r\u0131c\u0131l\u0131k da dahil olmak \u00fczere kabul edilen ve ho\u015f g\u00f6r\u00fclmeyecek davran\u0131\u015flara ili\u015fkin net beklentiler yoluyla g\u00fcvenli ve destekleyici bir uluslararas\u0131 ortam\u0131n te\u015fvik edilmesi.<\/p><\/li><li><p class=\"p1\">Dersler s\u0131ras\u0131nda ve merkezlerin \u00e7evresinde sergilenen bildiriler arac\u0131l\u0131\u011f\u0131yla temel \u0130ngiliz de\u011ferlerini te\u015fvik edin. Yakla\u015f\u0131m, Birle\u015fik Krall\u0131k'ta i\u015flerin bu \u015fekilde oldu\u011funu \u00f6\u011fretmektir; \u00f6\u011frencinin \u00fclkesine g\u00f6re farkl\u0131 olabilir.<\/p><\/li><li><p class=\"p1\">M\u00fcmk\u00fcn olan yerlerde, a\u015f\u0131r\u0131c\u0131l\u0131\u011f\u0131n sorgulanmadan kabul edilmesine, \u00f6zellikle de \u00e7evrimi\u00e7i materyallere kar\u015f\u0131 ele\u015ftirel fark\u0131ndal\u0131k becerileri geli\u015ftirin.<\/p><\/li><li><p class=\"p1\">Herhangi bir ba\u011flamda (resmi veya gayri resmi) radikal veya a\u015f\u0131r\u0131 g\u00f6r\u00fc\u015flere belirtilen prosed\u00fcrler arac\u0131l\u0131\u011f\u0131yla meydan okuyun. \u00c7o\u011fu durumda bu, okulun uluslararas\u0131 ortam\u0131na ve beklenen ho\u015fg\u00f6r\u00fcye at\u0131fta bulunarak derhal bir yan\u0131t verilmesini ve ard\u0131ndan endi\u015felerin bildirilmesini gerektirecektir (bkz. b\u00f6l\u00fcm 10).<\/p><\/li><li><p class=\"p1\">D\u00fcnyadaki veya yerel olaylar (\u00f6rne\u011fin Paris sald\u0131r\u0131lar\u0131) \u00fcz\u00fcnt\u00fcye ve \u00e7eli\u015fkili duygular\u0131n ifade edilmesi olas\u0131l\u0131\u011f\u0131na neden oldu\u011funda tepki vermeye haz\u0131r olun. Bu durumlarda inisiyatif almak i\u00e7in liderli\u011fi \u00f6nleyin.<\/p><\/li><li><p class=\"p1\">BT ekipmanlar\u0131nda g\u00fc\u00e7l\u00fc filtreler ve a\u015f\u0131r\u0131l\u0131k yanl\u0131s\u0131\/ter\u00f6rist web sitelerine eri\u015fim\/a\u015f\u0131r\u0131l\u0131k yanl\u0131s\u0131\/ter\u00f6rist g\u00f6r\u00fc\u015flerin payla\u015f\u0131lmas\u0131 i\u00e7in sosyal a\u011flar\u0131n kullan\u0131m\u0131 konusunda a\u00e7\u0131k kurallar olmal\u0131d\u0131r.<\/p><\/li><li><p class=\"p1\">A\u015f\u0131r\u0131l\u0131k yanl\u0131s\u0131 konu\u015fmac\u0131lar\u0131n materyal da\u011f\u0131tmak veya g\u00f6r\u00fc\u015flerini a\u00e7\u0131klamak i\u00e7in binalar\u0131 kullanmamas\u0131n\u0131 sa\u011flay\u0131n; ziyaret eden konu\u015fmac\u0131lar\u0131\/sunumcular\u0131 inceleyen bir sisteme sahip olun.<\/p><\/li><li><p class=\"p1\">Personel \u00f6\u011frencileri, onlar\u0131n ev ortamlar\u0131n\u0131 ve arkada\u015f gruplar\u0131n\u0131 tan\u0131r. \u00d6\u011frencileri iyi tan\u0131yarak davran\u0131\u015f de\u011fi\u015fikliklerini tespit etmek daha kolayd\u0131r.<\/p><\/li><li><p class=\"p1\">Personelin radikal veya a\u015f\u0131r\u0131l\u0131k yanl\u0131s\u0131 davran\u0131\u015flara ili\u015fkin her t\u00fcrl\u00fc i\u015fareti fark etme konusunda dikkatli ve uyan\u0131k olmas\u0131.<\/p><\/li><li><p class=\"p1\">Refah ve t\u00fcm personel, savunmas\u0131z olarak tan\u0131mlanan \u00f6\u011frencileri desteklemek i\u00e7in \u00e7ok \u00e7al\u0131\u015fmal\u0131d\u0131r.<\/p><\/li><li><p class=\"p1\">T\u00fcm merkez personeline \u2018<span data-teams=\"true\">Koruma Temel Fark\u0131ndal\u0131k Kursu<\/span>\u2019 ve \u2018P<span data-teams=\"true\">revent g\u00f6rev e\u011fi\u0307ti\u0307mi\u0307 - farkindalik kursu<\/span>\u2019 e\u011fitimleri, e\u011fitim ve i\u015fe al\u0131\u015ft\u0131rma g\u00fcnlerinde takip oturumlar\u0131.<\/p><\/li><li><p class=\"p1\">Personel fark\u0131ndal\u0131\u011f\u0131: Radikalle\u015fme ve A\u015f\u0131r\u0131c\u0131l\u0131k Y\u00f6nlendirme Formu ve kullan\u0131m prosed\u00fcr\u00fc personele duyurulur.<\/p><\/li><\/ul>\t\t\t\t\t\t\t\t<\/div>\n\t\t\t\t<\/div>\n\t\t\t\t<\/div>\n\t\t\t\t\t<\/div>\n\t\t\t\t<\/div>\n\t\t<div class=\"elementor-element elementor-element-2d9dd3e body-text-1col e-grid e-con-boxed translate-yes e-con e-parent\" data-id=\"2d9dd3e\" data-element_type=\"container\" data-e-type=\"container\">\n\t\t\t\t\t<div class=\"e-con-inner\">\n\t\t\t\t<div class=\"elementor-element elementor-element-15185de section-style-default elementor-widget elementor-widget-Section settings\" data-id=\"15185de\" data-element_type=\"widget\" data-e-type=\"widget\" data-widget_type=\"Section settings.default\">\n\t\t\t\t<div class=\"elementor-widget-container\">\n\t\t\t\t\t\t\t\t\t\t\t<\/div>\n\t\t\t\t<\/div>\n\t\t<div class=\"elementor-element elementor-element-ca82ede e-con-full e-flex translate-yes e-con e-child\" data-id=\"ca82ede\" data-element_type=\"container\" data-e-type=\"container\">\n\t\t\t\t<div class=\"elementor-element elementor-element-aefeb6e elementor-widget elementor-widget-heading\" data-id=\"aefeb6e\" data-element_type=\"widget\" data-e-type=\"widget\" data-widget_type=\"heading.default\">\n\t\t\t\t<div class=\"elementor-widget-container\">\n\t\t\t\t\t<h2 class=\"elementor-heading-title elementor-size-default\">E\u011e\u0130T\u0130M<\/h2>\t\t\t\t<\/div>\n\t\t\t\t<\/div>\n\t\t\t\t<div class=\"elementor-element elementor-element-b509ada elementor-widget elementor-widget-text-editor\" data-id=\"b509ada\" data-element_type=\"widget\" data-e-type=\"widget\" data-widget_type=\"text-editor.default\">\n\t\t\t\t<div class=\"elementor-widget-container\">\n\t\t\t\t\t\t\t\t\t<ul><li><p class=\"p1\">Belgeler ve y\u00fcz y\u00fcze e\u011fitim, personelin bu politikay\u0131 anlamas\u0131n\u0131 sa\u011flar, \u00f6rn.<\/p><ul><li><p class=\"p1\">\u00d6nleme ba\u011flam\u0131n\u0131 ve beklentilerini anlamak<\/p><\/li><li><p class=\"p1\">politikay\u0131 uygulama g\u00f6revleri<\/p><\/li><li><p class=\"p1\">Radikalle\u015fme ve a\u015f\u0131r\u0131c\u0131l\u0131k ile ilgili terminoloji ve riskleri anlamak<\/p><\/li><li><p class=\"p1\">hassas \u00f6\u011frencilerin nas\u0131l tespit edilece\u011fi ve desteklenece\u011fi<\/p><\/li><li><p class=\"p1\">okulun risklerle m\u00fccadele etme yollar\u0131<\/p><\/li><li><p class=\"p1\">endi\u0307\u015feye neden olabi\u0307lecek i\u0307\u015faretler<\/p><\/li><li><p class=\"p1\">\u00d6nleme konusunda lider ki\u015fiyi ve endi\u015felerin iletilmesine y\u00f6nelik prosed\u00fcrleri bilmek<\/p><\/li><li><p class=\"p1\">kendi davran\u0131\u015flar\u0131n\u0131n ve profesyonelliklerinin (a) Britanya de\u011ferlerine \u00f6rnek te\u015fkil etmedeki \u00f6nemini bilirler<\/p><p class=\"p1\">ve (b) \u00f6\u011frencilerle k\u0131\u015fk\u0131rt\u0131c\u0131 konular\u0131 tart\u0131\u015fmamak (Davran\u0131\u015f Kurallar\u0131).<\/p><\/li><\/ul><\/li><li><p class=\"p1\">Personel e\u011fitiminin kayd\u0131n\u0131 LIA Ekiplerinin \u00f6zel klas\u00f6r\u00fcnde tutun.<\/p><\/li><li><p class=\"p1\">Tesis sa\u011flay\u0131c\u0131lar\u0131n\u0131n \u00d6nleme politikas\u0131na sahip oldu\u011fundan emin olun.<\/p><\/li><li><p class=\"p1\">\u00d6\u011frenciler, tesis sa\u011flay\u0131c\u0131lar\u0131 ve acente grup liderleri politikan\u0131n kilit b\u00f6l\u00fcmleri hakk\u0131nda bilgilendirilmelidir:<\/p><ul><li><p class=\"p1\">terminolojiyi anlamak<\/p><\/li><li><p class=\"p1\">merkez i\u00e7inde destekleyici ve ho\u015fg\u00f6r\u00fcl\u00fc bir toplumun s\u00fcrd\u00fcr\u00fclmesinin \u00f6nemi<\/p><\/li><li><p class=\"p1\">temel \u0130ngiliz de\u011ferlerinin ne oldu\u011fu ve neden \u00f6nemli g\u00f6r\u00fcld\u00fc\u011f\u00fc<\/p><\/li><li><p class=\"p1\">okul kurallar\u0131nda, \u00f6zellikle de BT ile ilgili olanlarda herhangi bir de\u011fi\u015fiklik<\/p><\/li><li><p class=\"p1\">herhangi bir endi\u015feyi\/olay\u0131 bildirmeleri gerekti\u011fi ve bunun i\u00e7in prosed\u00fcr.<\/p><\/li><\/ul><\/li><\/ul>\t\t\t\t\t\t\t\t<\/div>\n\t\t\t\t<\/div>\n\t\t\t\t<\/div>\n\t\t\t\t\t<\/div>\n\t\t\t\t<\/div>\n\t\t<div class=\"elementor-element elementor-element-40be62 body-text-1col e-grid e-con-boxed translate-yes e-con e-parent\" data-id=\"40be62\" data-element_type=\"container\" data-e-type=\"container\">\n\t\t\t\t\t<div class=\"e-con-inner\">\n\t\t\t\t<div class=\"elementor-element elementor-element-5d62ea59 section-style-default elementor-widget elementor-widget-Section settings\" data-id=\"5d62ea59\" data-element_type=\"widget\" data-e-type=\"widget\" data-widget_type=\"Section settings.default\">\n\t\t\t\t<div class=\"elementor-widget-container\">\n\t\t\t\t\t\t\t\t\t\t\t<\/div>\n\t\t\t\t<\/div>\n\t\t<div class=\"elementor-element elementor-element-b9530b4 e-con-full e-flex translate-yes e-con e-child\" data-id=\"b9530b4\" data-element_type=\"container\" data-e-type=\"container\">\n\t\t\t\t<div class=\"elementor-element elementor-element-18cfea60 elementor-widget elementor-widget-heading\" data-id=\"18cfea60\" data-element_type=\"widget\" data-e-type=\"widget\" data-widget_type=\"heading.default\">\n\t\t\t\t<div class=\"elementor-widget-container\">\n\t\t\t\t\t<h2 class=\"elementor-heading-title elementor-size-default\">ENDI\u0307\u015eEYE NEDEN OLABI\u0307LECEK I\u0307\u015eARETLER<\/h2>\t\t\t\t<\/div>\n\t\t\t\t<\/div>\n\t\t\t\t<div class=\"elementor-element elementor-element-648de872 elementor-widget elementor-widget-text-editor\" data-id=\"648de872\" data-element_type=\"widget\" data-e-type=\"widget\" data-widget_type=\"text-editor.default\">\n\t\t\t\t<div class=\"elementor-widget-container\">\n\t\t\t\t\t\t\t\t\t<ul><li><p class=\"p1\">\u00d6\u011frencilerin okul d\u0131\u015f\u0131nda a\u015f\u0131r\u0131l\u0131k yanl\u0131s\u0131 materyallere veya g\u00f6r\u00fc\u015flere maruz kald\u0131klar\u0131ndan bahsetmeleri<\/p><\/li><li><p class=\"p1\">Davran\u0131\u015f de\u011fi\u015fiklikleri, \u00f6rne\u011fin izole olma<\/p><\/li><li><p class=\"p1\">\u0130\u015f standard\u0131nda d\u00fc\u015f\u00fc\u015f, zay\u0131f devaml\u0131l\u0131k, i\u015ften ayr\u0131lma<\/p><\/li><li><p class=\"p1\">Tutum de\u011fi\u015fiklikleri, \u00f6rne\u011fin farkl\u0131l\u0131klara kar\u015f\u0131 ho\u015fg\u00f6r\u00fcs\u00fczl\u00fck \/ kapal\u0131 bir zihne sahip olmak<\/p><\/li><li><p class=\"p1\">Belirli konular hakk\u0131nda sorular sormak (\u00f6rne\u011fin a\u015f\u0131r\u0131c\u0131l\u0131kla ba\u011flant\u0131l\u0131)<\/p><\/li><li><p class=\"p1\">A\u015f\u0131r\u0131l\u0131k yanl\u0131s\u0131 ideolojilerden gelmi\u015f gibi g\u00f6r\u00fcnen g\u00f6r\u00fc\u015fler sunmak<\/p><\/li><li><p class=\"p1\">Kendi g\u00f6r\u00fc\u015flerini\/inan\u00e7lar\u0131n\u0131 ba\u015fkalar\u0131na empoze etmeye \u00e7al\u0131\u015f\u0131r<\/p><\/li><li><p class=\"p1\">Ba\u015fkalar\u0131n\u0131 d\u0131\u015flamak veya \u015fiddeti te\u015fvik etmek i\u00e7in a\u015f\u0131r\u0131l\u0131k yanl\u0131s\u0131 s\u00f6zc\u00fcklerin kullan\u0131lmas\u0131<\/p><\/li><li><p class=\"p1\">\u00c7evrimi\u00e7i veya sosyal a\u011f siteleri \u00fczerinden a\u015f\u0131r\u0131l\u0131k yanl\u0131s\u0131 materyallere eri\u015fim<\/p><\/li><li><p class=\"p1\">A\u00e7\u0131k yeni dini uygulamalar<\/p><\/li><li><p class=\"p1\">A\u015f\u0131r\u0131l\u0131k yanl\u0131s\u0131 ideolojiyi\/g\u00f6r\u00fc\u015fleri\/sembolleri g\u00f6steren \u00e7izimler veya posterler (\u00f6rn. konaklama yerlerinde)<\/p><\/li><li><p class=\"p1\">\u00d6\u011frencilerin herhangi biri hakk\u0131ndaki endi\u015felerini dile getirmesi<\/p><\/li><\/ul><p class=\"p1\">NB: 18 ya\u015f\u0131ndan k\u00fc\u00e7\u00fck bir ki\u015fiyle ilgili t\u00fcm endi\u015feler koruma konular\u0131d\u0131r ve koruma personeli taraf\u0131ndan ele al\u0131nmal\u0131 ve gerekti\u011finde Yerel Koruma \u00c7ocuklar\u0131 Kurulu ile ileti\u015fime ge\u00e7ilmelidir: Londra \u00c7ocuklar\u0131 Koruma Kurulu <span class=\"s1\">Y\u00f6netim Kurulu ve Ortakl\u0131k <\/span><a href=\"https:\/\/www.londonscb.gov.uk\/london-scb-contacts\/\">https:\/\/www.londonscb.gov.uk\/london-scb-contacts\/<\/a><\/p>\t\t\t\t\t\t\t\t<\/div>\n\t\t\t\t<\/div>\n\t\t\t\t<\/div>\n\t\t\t\t\t<\/div>\n\t\t\t\t<\/div>\n\t\t<div class=\"elementor-element elementor-element-1288072 body-text-1col e-grid e-con-boxed translate-yes e-con e-parent\" data-id=\"1288072\" data-element_type=\"container\" data-e-type=\"container\">\n\t\t\t\t\t<div class=\"e-con-inner\">\n\t\t\t\t<div class=\"elementor-element elementor-element-d96c7a1 section-style-default elementor-widget elementor-widget-Section settings\" data-id=\"d96c7a1\" data-element_type=\"widget\" data-e-type=\"widget\" data-widget_type=\"Section settings.default\">\n\t\t\t\t<div class=\"elementor-widget-container\">\n\t\t\t\t\t\t\t\t\t\t\t<\/div>\n\t\t\t\t<\/div>\n\t\t<div class=\"elementor-element elementor-element-e611108 e-con-full e-flex translate-yes e-con e-child\" data-id=\"e611108\" data-element_type=\"container\" data-e-type=\"container\">\n\t\t\t\t<div class=\"elementor-element elementor-element-15a0180 elementor-widget elementor-widget-heading\" data-id=\"15a0180\" data-element_type=\"widget\" data-e-type=\"widget\" data-widget_type=\"heading.default\">\n\t\t\t\t<div class=\"elementor-widget-container\">\n\t\t\t\t\t<h2 class=\"elementor-heading-title elementor-size-default\">ENDI\u015eELERE NASIL VE NE ZAMAN TEPKI VERILECE\u011eI<\/h2>\t\t\t\t<\/div>\n\t\t\t\t<\/div>\n\t\t\t\t<div class=\"elementor-element elementor-element-6a53433 elementor-widget elementor-widget-text-editor\" data-id=\"6a53433\" data-element_type=\"widget\" data-e-type=\"widget\" data-widget_type=\"text-editor.default\">\n\t\t\t\t<div class=\"elementor-widget-container\">\n\t\t\t\t\t\t\t\t\t<ul><li><p class=\"p1\">Endi\u015feleri olan herhangi bir personel, durumu merkezin Sosyal Yard\u0131m G\u00f6revlisine bildirecek ve Radikalle\u015fme ve A\u015f\u0131r\u0131c\u0131l\u0131k Y\u00f6nlendirme Formunu dolduracakt\u0131r.<\/p><\/li><li><p class=\"p1\">Form derhal \u015firket \u00d6nleme Lideri Daniele Pluchino'ya iletilecektir (daniele.pluchino@malvernplc.com, telefon +39 3476778250)<\/p><b><\/b><\/li><li><p class=\"p1\">Endi\u015fesini bildiren ki\u015fi i\u00e7in gizlilik sa\u011flan\u0131r.<\/p><\/li><li><p class=\"p1\">Herkese, ne kadar k\u00fc\u00e7\u00fck olursa olsun, her t\u00fcrl\u00fc endi\u015fe veya olay\u0131 rapor etmesi s\u00f6ylenmi\u015ftir.<\/p><\/li><li><p class=\"p1\">Her \u015feyin hassas ve dikkatli bir \u015fekilde ele al\u0131naca\u011f\u0131na dair g\u00fcvence.<\/p><\/li><li><p class=\"p1\">Gerekirse yerel polise ve sosyal hizmetlere bildirmek \u00fczere \u00d6nleme Lideri.<\/p><\/li><\/ul>\t\t\t\t\t\t\t\t<\/div>\n\t\t\t\t<\/div>\n\t\t\t\t<\/div>\n\t\t\t\t\t<\/div>\n\t\t\t\t<\/div>\n\t\t\t\t<\/div>","protected":false},"excerpt":{"rendered":"<p>Policies Anti-Radicalisation and Extremism (Prevent) Policy Last updated 10\/04\/2026 STATEMENT Language in Action understands its responsibilities under the Counter Terrorism &amp; Security Act 2015 to prevent people of all ages being radicalised or drawn into terrorism and seeks to meet its obligations in the ways shown below, after setting the context. CONTEXT Language in Action [&hellip;]<\/p>\n","protected":false},"author":27,"featured_media":0,"parent":44379,"menu_order":0,"comment_status":"closed","ping_status":"closed","template":"","meta":{"_acf_changed":false,"footnotes":""},"class_list":["post-45073","page","type-page","status-publish","hentry"],"acf":[],"yoast_head":"<!-- This site is optimized with the Yoast SEO plugin v27.5 - https:\/\/yoast.com\/product\/yoast-seo-wordpress\/ -->\n<title>Anti-Radicalisation and Extremism Prevent Policy - Language in Action<\/title>\n<meta name=\"robots\" content=\"index, follow, max-snippet:-1, max-image-preview:large, max-video-preview:-1\" \/>\n<link rel=\"canonical\" href=\"https:\/\/languageinactionltd.co.uk\/tr\/politikalar\/radi\u0307kallesme-ve-asiricilikla-mucadele-poli\u0307ti\u0307kasi\/\" \/>\n<meta property=\"og:locale\" content=\"tr_TR\" \/>\n<meta property=\"og:type\" content=\"article\" \/>\n<meta property=\"og:title\" content=\"Anti-Radicalisation and Extremism Prevent Policy - Language in Action\" \/>\n<meta property=\"og:description\" content=\"Policies Anti-Radicalisation and Extremism (Prevent) Policy Last updated 10\/04\/2026 STATEMENT Language in Action understands its responsibilities under the Counter Terrorism &amp; Security Act 2015 to prevent people of all ages being radicalised or drawn into terrorism and seeks to meet its obligations in the ways shown below, after setting the context. CONTEXT Language in Action [&hellip;]\" \/>\n<meta property=\"og:url\" content=\"https:\/\/languageinactionltd.co.uk\/tr\/politikalar\/radi\u0307kallesme-ve-asiricilikla-mucadele-poli\u0307ti\u0307kasi\/\" \/>\n<meta property=\"og:site_name\" content=\"Language in Action\" \/>\n<meta property=\"article:modified_time\" content=\"2026-04-13T10:34:32+00:00\" \/>\n<meta property=\"og:image\" content=\"https:\/\/languageinactionltd.co.uk\/wp-content\/uploads\/sites\/9\/2025\/08\/lia-social.png\" \/>\n\t<meta property=\"og:image:width\" content=\"1200\" \/>\n\t<meta property=\"og:image:height\" content=\"675\" \/>\n\t<meta property=\"og:image:type\" content=\"image\/png\" \/>\n<meta name=\"twitter:card\" content=\"summary_large_image\" \/>\n<meta name=\"twitter:label1\" content=\"Tahmini okuma s\u00fcresi\" \/>\n\t<meta name=\"twitter:data1\" content=\"6 dakika\" \/>\n<script type=\"application\/ld+json\" class=\"yoast-schema-graph\">{\"@context\":\"https:\\\/\\\/schema.org\",\"@graph\":[{\"@type\":\"WebPage\",\"@id\":\"https:\\\/\\\/languageinactionltd.co.uk\\\/policies\\\/anti-radicalisation-and-extremism-prevent-policy\\\/\",\"url\":\"https:\\\/\\\/languageinactionltd.co.uk\\\/policies\\\/anti-radicalisation-and-extremism-prevent-policy\\\/\",\"name\":\"Anti-Radicalisation and Extremism Prevent Policy - Language in Action\",\"isPartOf\":{\"@id\":\"https:\\\/\\\/languageinactionltd.co.uk\\\/#website\"},\"datePublished\":\"2025-08-28T07:16:53+00:00\",\"dateModified\":\"2026-04-13T10:34:32+00:00\",\"breadcrumb\":{\"@id\":\"https:\\\/\\\/languageinactionltd.co.uk\\\/policies\\\/anti-radicalisation-and-extremism-prevent-policy\\\/#breadcrumb\"},\"inLanguage\":\"tr\",\"potentialAction\":[{\"@type\":\"ReadAction\",\"target\":[\"https:\\\/\\\/languageinactionltd.co.uk\\\/policies\\\/anti-radicalisation-and-extremism-prevent-policy\\\/\"]}]},{\"@type\":\"BreadcrumbList\",\"@id\":\"https:\\\/\\\/languageinactionltd.co.uk\\\/policies\\\/anti-radicalisation-and-extremism-prevent-policy\\\/#breadcrumb\",\"itemListElement\":[{\"@type\":\"ListItem\",\"position\":1,\"name\":\"Home\",\"item\":\"https:\\\/\\\/languageinactionltd.co.uk\\\/\"},{\"@type\":\"ListItem\",\"position\":2,\"name\":\"Policies\",\"item\":\"https:\\\/\\\/languageinactionltd.co.uk\\\/policies\\\/\"},{\"@type\":\"ListItem\",\"position\":3,\"name\":\"Anti-Radicalisation and Extremism Prevent Policy\"}]},{\"@type\":\"WebSite\",\"@id\":\"https:\\\/\\\/languageinactionltd.co.uk\\\/#website\",\"url\":\"https:\\\/\\\/languageinactionltd.co.uk\\\/\",\"name\":\"Language in Action\",\"description\":\"\",\"potentialAction\":[{\"@type\":\"SearchAction\",\"target\":{\"@type\":\"EntryPoint\",\"urlTemplate\":\"https:\\\/\\\/languageinactionltd.co.uk\\\/?s={search_term_string}\"},\"query-input\":{\"@type\":\"PropertyValueSpecification\",\"valueRequired\":true,\"valueName\":\"search_term_string\"}}],\"inLanguage\":\"tr\"}]}<\/script>\n<!-- \/ Yoast SEO plugin. -->","yoast_head_json":{"title":"Radikalle\u015fme ve A\u015f\u0131r\u0131c\u0131l\u0131kla M\u00fccadele \u00d6nleme Politikas\u0131 - Language in Action","robots":{"index":"index","follow":"follow","max-snippet":"max-snippet:-1","max-image-preview":"max-image-preview:large","max-video-preview":"max-video-preview:-1"},"canonical":"https:\/\/languageinactionltd.co.uk\/tr\/politikalar\/radi\u0307kallesme-ve-asiricilikla-mucadele-poli\u0307ti\u0307kasi\/","og_locale":"tr_TR","og_type":"article","og_title":"Anti-Radicalisation and Extremism Prevent Policy - Language in Action","og_description":"Policies Anti-Radicalisation and Extremism (Prevent) Policy Last updated 10\/04\/2026 STATEMENT Language in Action understands its responsibilities under the Counter Terrorism &amp; Security Act 2015 to prevent people of all ages being radicalised or drawn into terrorism and seeks to meet its obligations in the ways shown below, after setting the context. CONTEXT Language in Action [&hellip;]","og_url":"https:\/\/languageinactionltd.co.uk\/tr\/politikalar\/radi\u0307kallesme-ve-asiricilikla-mucadele-poli\u0307ti\u0307kasi\/","og_site_name":"Language in Action","article_modified_time":"2026-04-13T10:34:32+00:00","og_image":[{"width":1200,"height":675,"url":"https:\/\/languageinactionltd.co.uk\/wp-content\/uploads\/sites\/9\/2025\/08\/lia-social.png","type":"image\/png"}],"twitter_card":"summary_large_image","twitter_misc":{"Tahmini okuma s\u00fcresi":"6 dakika"},"schema":{"@context":"https:\/\/schema.org","@graph":[{"@type":"WebPage","@id":"https:\/\/languageinactionltd.co.uk\/policies\/anti-radicalisation-and-extremism-prevent-policy\/","url":"https:\/\/languageinactionltd.co.uk\/policies\/anti-radicalisation-and-extremism-prevent-policy\/","name":"Radikalle\u015fme ve A\u015f\u0131r\u0131c\u0131l\u0131kla M\u00fccadele \u00d6nleme Politikas\u0131 - Language in Action","isPartOf":{"@id":"https:\/\/languageinactionltd.co.uk\/#website"},"datePublished":"2025-08-28T07:16:53+00:00","dateModified":"2026-04-13T10:34:32+00:00","breadcrumb":{"@id":"https:\/\/languageinactionltd.co.uk\/policies\/anti-radicalisation-and-extremism-prevent-policy\/#breadcrumb"},"inLanguage":"tr","potentialAction":[{"@type":"ReadAction","target":["https:\/\/languageinactionltd.co.uk\/policies\/anti-radicalisation-and-extremism-prevent-policy\/"]}]},{"@type":"BreadcrumbList","@id":"https:\/\/languageinactionltd.co.uk\/policies\/anti-radicalisation-and-extremism-prevent-policy\/#breadcrumb","itemListElement":[{"@type":"ListItem","position":1,"name":"Home","item":"https:\/\/languageinactionltd.co.uk\/"},{"@type":"ListItem","position":2,"name":"Policies","item":"https:\/\/languageinactionltd.co.uk\/policies\/"},{"@type":"ListItem","position":3,"name":"Anti-Radicalisation and Extremism Prevent Policy"}]},{"@type":"WebSite","@id":"https:\/\/languageinactionltd.co.uk\/#website","url":"https:\/\/languageinactionltd.co.uk\/","name":"Eylem Halinde Dil","description":"","potentialAction":[{"@type":"SearchAction","target":{"@type":"EntryPoint","urlTemplate":"https:\/\/languageinactionltd.co.uk\/?s={search_term_string}"},"query-input":{"@type":"PropertyValueSpecification","valueRequired":true,"valueName":"search_term_string"}}],"inLanguage":"tr"}]}},"_links":{"self":[{"href":"https:\/\/languageinactionltd.co.uk\/tr\/wp-json\/wp\/v2\/pages\/45073","targetHints":{"allow":["GET"]}}],"collection":[{"href":"https:\/\/languageinactionltd.co.uk\/tr\/wp-json\/wp\/v2\/pages"}],"about":[{"href":"https:\/\/languageinactionltd.co.uk\/tr\/wp-json\/wp\/v2\/types\/page"}],"author":[{"embeddable":true,"href":"https:\/\/languageinactionltd.co.uk\/tr\/wp-json\/wp\/v2\/users\/27"}],"replies":[{"embeddable":true,"href":"https:\/\/languageinactionltd.co.uk\/tr\/wp-json\/wp\/v2\/comments?post=45073"}],"version-history":[{"count":25,"href":"https:\/\/languageinactionltd.co.uk\/tr\/wp-json\/wp\/v2\/pages\/45073\/revisions"}],"predecessor-version":[{"id":47687,"href":"https:\/\/languageinactionltd.co.uk\/tr\/wp-json\/wp\/v2\/pages\/45073\/revisions\/47687"}],"up":[{"embeddable":true,"href":"https:\/\/languageinactionltd.co.uk\/tr\/wp-json\/wp\/v2\/pages\/44379"}],"wp:attachment":[{"href":"https:\/\/languageinactionltd.co.uk\/tr\/wp-json\/wp\/v2\/media?parent=45073"}],"curies":[{"name":"wp","href":"https:\/\/api.w.org\/{rel}","templated":true}]}}