{"id":45073,"date":"2025-08-28T07:16:53","date_gmt":"2025-08-28T07:16:53","guid":{"rendered":"https:\/\/languageinactionltd.co.uk\/?page_id=45073"},"modified":"2026-04-13T10:34:32","modified_gmt":"2026-04-13T10:34:32","slug":"politica-de-prevencao-contra-a-radicalizacao-e-o-extremismo","status":"publish","type":"page","link":"https:\/\/languageinactionltd.co.uk\/pt\/policies\/anti-radicalisation-and-extremism-prevent-policy\/","title":{"rendered":"Pol\u00edtica de preven\u00e7\u00e3o contra radicaliza\u00e7\u00e3o e extremismo"},"content":{"rendered":"<div data-elementor-type=\"wp-page\" data-elementor-id=\"45073\" class=\"elementor elementor-45073\" data-elementor-post-type=\"page\">\n\t\t\t\t<div class=\"elementor-element elementor-element-3429231a body-header-small e-flex e-con-boxed translate-yes e-con e-parent\" data-id=\"3429231a\" data-element_type=\"container\" data-e-type=\"container\" data-settings=\"{&quot;background_background&quot;:&quot;classic&quot;}\">\n\t\t\t\t\t<div class=\"e-con-inner\">\n\t\t<div class=\"elementor-element elementor-element-6ff3a152 e-con-full e-flex translate-yes e-con e-child\" data-id=\"6ff3a152\" data-element_type=\"container\" data-e-type=\"container\">\n\t\t\t\t<div class=\"elementor-element elementor-element-12c4f75d sub-heading elementor-widget elementor-widget-heading\" data-id=\"12c4f75d\" data-element_type=\"widget\" data-e-type=\"widget\" data-widget_type=\"heading.default\">\n\t\t\t\t<div class=\"elementor-widget-container\">\n\t\t\t\t\t<span class=\"elementor-heading-title elementor-size-default\">Pol\u00edticas<\/span>\t\t\t\t<\/div>\n\t\t\t\t<\/div>\n\t\t<div class=\"elementor-element elementor-element-1ac81eae e-con-full e-flex translate-yes e-con e-child\" data-id=\"1ac81eae\" data-element_type=\"container\" data-e-type=\"container\">\n\t\t\t\t<div class=\"elementor-element elementor-element-5bbdcacb elementor-widget elementor-widget-heading\" data-id=\"5bbdcacb\" data-element_type=\"widget\" data-e-type=\"widget\" data-widget_type=\"heading.default\">\n\t\t\t\t<div class=\"elementor-widget-container\">\n\t\t\t\t\t<h1 class=\"elementor-heading-title elementor-size-default\">Pol\u00edtica de Preven\u00e7\u00e3o e Combate \u00e0 Radicaliza\u00e7\u00e3o e ao Extremismo (Prevent)<\/h1>\t\t\t\t<\/div>\n\t\t\t\t<\/div>\n\t\t\t\t<div class=\"elementor-element elementor-element-d403500 elementor-widget elementor-widget-text-editor\" data-id=\"d403500\" data-element_type=\"widget\" data-e-type=\"widget\" data-widget_type=\"text-editor.default\">\n\t\t\t\t<div class=\"elementor-widget-container\">\n\t\t\t\t\t\t\t\t\t<p><i>\u00daltima atualiza\u00e7\u00e3o 10\/04\/2026<\/i><\/p>\t\t\t\t\t\t\t\t<\/div>\n\t\t\t\t<\/div>\n\t\t\t\t<\/div>\n\t\t\t\t<\/div>\n\t\t\t\t\t<\/div>\n\t\t\t\t<\/div>\n\t\t<div class=\"elementor-element elementor-element-685080bc body-text-1col e-grid e-con-boxed translate-yes e-con e-parent\" data-id=\"685080bc\" data-element_type=\"container\" data-e-type=\"container\">\n\t\t\t\t\t<div class=\"e-con-inner\">\n\t\t\t\t<div class=\"elementor-element elementor-element-4c0349f2 section-style-default elementor-widget elementor-widget-Section settings\" data-id=\"4c0349f2\" data-element_type=\"widget\" data-e-type=\"widget\" data-widget_type=\"Section settings.default\">\n\t\t\t\t<div class=\"elementor-widget-container\">\n\t\t\t\t\t\t\t\t\t\t\t<\/div>\n\t\t\t\t<\/div>\n\t\t<div class=\"elementor-element elementor-element-43ee8377 e-con-full e-flex translate-yes e-con e-child\" data-id=\"43ee8377\" data-element_type=\"container\" data-e-type=\"container\">\n\t\t\t\t<div class=\"elementor-element elementor-element-37ee0f07 elementor-widget elementor-widget-heading\" data-id=\"37ee0f07\" data-element_type=\"widget\" data-e-type=\"widget\" data-widget_type=\"heading.default\">\n\t\t\t\t<div class=\"elementor-widget-container\">\n\t\t\t\t\t<h2 class=\"elementor-heading-title elementor-size-default\">DECLARA\u00c7\u00c3O<\/h2>\t\t\t\t<\/div>\n\t\t\t\t<\/div>\n\t\t\t\t<div class=\"elementor-element elementor-element-69595c39 elementor-widget elementor-widget-text-editor\" data-id=\"69595c39\" data-element_type=\"widget\" data-e-type=\"widget\" data-widget_type=\"text-editor.default\">\n\t\t\t\t<div class=\"elementor-widget-container\">\n\t\t\t\t\t\t\t\t\t<p class=\"p1\">O Language in Action compreende suas responsabilidades, de acordo com a Lei de Seguran\u00e7a e Combate ao Terrorismo de 2015, para evitar que pessoas de todas as idades sejam radicalizadas ou atra\u00eddas para o terrorismo, e procura cumprir suas obriga\u00e7\u00f5es das maneiras mostradas abaixo, ap\u00f3s definir o contexto.<\/p>\t\t\t\t\t\t\t\t<\/div>\n\t\t\t\t<\/div>\n\t\t\t\t<\/div>\n\t\t\t\t\t<\/div>\n\t\t\t\t<\/div>\n\t\t<div class=\"elementor-element elementor-element-04a3924 body-text-1col e-grid e-con-boxed translate-yes e-con e-parent\" data-id=\"04a3924\" data-element_type=\"container\" data-e-type=\"container\">\n\t\t\t\t\t<div class=\"e-con-inner\">\n\t\t\t\t<div class=\"elementor-element elementor-element-0ebc57e section-style-default elementor-widget elementor-widget-Section settings\" data-id=\"0ebc57e\" data-element_type=\"widget\" data-e-type=\"widget\" data-widget_type=\"Section settings.default\">\n\t\t\t\t<div class=\"elementor-widget-container\">\n\t\t\t\t\t\t\t\t\t\t\t<\/div>\n\t\t\t\t<\/div>\n\t\t<div class=\"elementor-element elementor-element-c4e2759 e-con-full e-flex translate-yes e-con e-child\" data-id=\"c4e2759\" data-element_type=\"container\" data-e-type=\"container\">\n\t\t\t\t<div class=\"elementor-element elementor-element-28fa01c elementor-widget elementor-widget-heading\" data-id=\"28fa01c\" data-element_type=\"widget\" data-e-type=\"widget\" data-widget_type=\"heading.default\">\n\t\t\t\t<div class=\"elementor-widget-container\">\n\t\t\t\t\t<h2 class=\"elementor-heading-title elementor-size-default\">CONTEXTO<\/h2>\t\t\t\t<\/div>\n\t\t\t\t<\/div>\n\t\t\t\t<div class=\"elementor-element elementor-element-c285a65 elementor-widget elementor-widget-text-editor\" data-id=\"c285a65\" data-element_type=\"widget\" data-e-type=\"widget\" data-widget_type=\"text-editor.default\">\n\t\t\t\t<div class=\"elementor-widget-container\">\n\t\t\t\t\t\t\t\t\t<ul><li><p class=\"p1\">O Language in Action normalmente aceita alunos com idades entre 12 e 17 anos (alunos de 18 a 19 anos podem fazer parte de grupos compostos por alunos menores de idade, se fizerem parte de programas de ensino m\u00e9dio em seus pr\u00f3prios pa\u00edses) e de diversos pa\u00edses do mundo.<\/p><\/li><li><p class=\"p1\">O Language in Action tem centros em Londres, Manchester, Canterbury, Liverpool e Oundle, que t\u00eam uma popula\u00e7\u00e3o local multicultural.<\/p><\/li><li><p class=\"p1\">O Language in Action sempre promoveu um ambiente multicultural em que o respeito e a toler\u00e2ncia \u00e0s cren\u00e7as alheias s\u00e3o esperados e exigidos.<\/p><\/li><li><p class=\"p1\">O Language in Action promove os valores fundamentais brit\u00e2nicos, a cultura e as tradi\u00e7\u00f5es brit\u00e2nicas, refletindo e celebrando a diversidade multicultural do Reino Unido atualmente. Quando apropriado, isso pode ser incorporado como parte das aulas, mas os alunos tamb\u00e9m recebem uma vis\u00e3o geral disso em seu primeiro dia em nossos centros, como parte do processo de indu\u00e7\u00e3o.<\/p><\/li><\/ul>\t\t\t\t\t\t\t\t<\/div>\n\t\t\t\t<\/div>\n\t\t\t\t<\/div>\n\t\t\t\t\t<\/div>\n\t\t\t\t<\/div>\n\t\t<div class=\"elementor-element elementor-element-c487973 body-text-1col e-grid e-con-boxed translate-yes e-con e-parent\" data-id=\"c487973\" data-element_type=\"container\" data-e-type=\"container\">\n\t\t\t\t\t<div class=\"e-con-inner\">\n\t\t\t\t<div class=\"elementor-element elementor-element-1fdf5a0 section-style-default elementor-widget elementor-widget-Section settings\" data-id=\"1fdf5a0\" data-element_type=\"widget\" data-e-type=\"widget\" data-widget_type=\"Section settings.default\">\n\t\t\t\t<div class=\"elementor-widget-container\">\n\t\t\t\t\t\t\t\t\t\t\t<\/div>\n\t\t\t\t<\/div>\n\t\t<div class=\"elementor-element elementor-element-80ffaab e-con-full e-flex translate-yes e-con e-child\" data-id=\"80ffaab\" data-element_type=\"container\" data-e-type=\"container\">\n\t\t\t\t<div class=\"elementor-element elementor-element-8ed3402 elementor-widget elementor-widget-heading\" data-id=\"8ed3402\" data-element_type=\"widget\" data-e-type=\"widget\" data-widget_type=\"heading.default\">\n\t\t\t\t<div class=\"elementor-widget-container\">\n\t\t\t\t\t<h2 class=\"elementor-heading-title elementor-size-default\">LIDERAN\u00c7A FORTE<\/h2>\t\t\t\t<\/div>\n\t\t\t\t<\/div>\n\t\t\t\t<div class=\"elementor-element elementor-element-74ad18f elementor-widget elementor-widget-text-editor\" data-id=\"74ad18f\" data-element_type=\"widget\" data-e-type=\"widget\" data-widget_type=\"text-editor.default\">\n\t\t\t\t<div class=\"elementor-widget-container\">\n\t\t\t\t\t\t\t\t\t<ul><li><p class=\"p1\">A responsabilidade de garantir que o dever de preven\u00e7\u00e3o seja cumprido \u00e9 da vice-diretora de juniores, Daniele Pluchino (l\u00edder de prote\u00e7\u00e3o designada - PREVENT \u00e9 considerado parte da prote\u00e7\u00e3o).<\/p><\/li><li><p class=\"p1\">A responsabilidade pelo plano de a\u00e7\u00e3o\/avalia\u00e7\u00e3o de riscos do Prevent (consulte o item 4 abaixo) e pela pol\u00edtica \u00e9 do Deputy Head of Juniors, Daniele Pluchino.<\/p><\/li><li><p class=\"p1\">Os gerentes de programa s\u00e3o designados como oficiais de prote\u00e7\u00e3o \u00e0 crian\u00e7a para cobrir a aus\u00eancia do DSL.<\/p><\/li><li><p class=\"p1\">Cada centro tem um Diretor de Bem-Estar que \u00e9 respons\u00e1vel por garantir que o Dever de Preven\u00e7\u00e3o seja cumprido no centro e por relatar qualquer problema ao DSL.<\/p><\/li><li><p class=\"p1\">Suas fun\u00e7\u00f5es s\u00e3o garantir a entrega de uma avalia\u00e7\u00e3o de riscos\/plano de a\u00e7\u00e3o e pol\u00edtica eficazes, conforme descrito aqui.<\/p><\/li><\/ul>\t\t\t\t\t\t\t\t<\/div>\n\t\t\t\t<\/div>\n\t\t\t\t<\/div>\n\t\t\t\t\t<\/div>\n\t\t\t\t<\/div>\n\t\t<div class=\"elementor-element elementor-element-7188aac body-text-1col e-grid e-con-boxed translate-yes e-con e-parent\" data-id=\"7188aac\" data-element_type=\"container\" data-e-type=\"container\">\n\t\t\t\t\t<div class=\"e-con-inner\">\n\t\t\t\t<div class=\"elementor-element elementor-element-4cafaad section-style-default elementor-widget elementor-widget-Section settings\" data-id=\"4cafaad\" data-element_type=\"widget\" data-e-type=\"widget\" data-widget_type=\"Section settings.default\">\n\t\t\t\t<div class=\"elementor-widget-container\">\n\t\t\t\t\t\t\t\t\t\t\t<\/div>\n\t\t\t\t<\/div>\n\t\t<div class=\"elementor-element elementor-element-96eba15 e-con-full e-flex translate-yes e-con e-child\" data-id=\"96eba15\" data-element_type=\"container\" data-e-type=\"container\">\n\t\t\t\t<div class=\"elementor-element elementor-element-585aff0 elementor-widget elementor-widget-heading\" data-id=\"585aff0\" data-element_type=\"widget\" data-e-type=\"widget\" data-widget_type=\"heading.default\">\n\t\t\t\t<div class=\"elementor-widget-container\">\n\t\t\t\t\t<h2 class=\"elementor-heading-title elementor-size-default\">AVALIA\u00c7\u00c3O DE RISCO DA SITUA\u00c7\u00c3O ATUAL E PLANO DE A\u00c7\u00c3O PARA O FUTURO<\/h2>\t\t\t\t<\/div>\n\t\t\t\t<\/div>\n\t\t\t\t<div class=\"elementor-element elementor-element-3578c7f elementor-widget elementor-widget-text-editor\" data-id=\"3578c7f\" data-element_type=\"widget\" data-e-type=\"widget\" data-widget_type=\"text-editor.default\">\n\t\t\t\t<div class=\"elementor-widget-container\">\n\t\t\t\t\t\t\t\t\t<p class=\"p1\">Foi elaborada uma avalia\u00e7\u00e3o de riscos\/plano de a\u00e7\u00e3o que mostra o que j\u00e1 est\u00e1 sendo feito e o que ainda precisa ser feito; ela ser\u00e1 revisada e atualizada pelo menos anualmente.<\/p><p>\u00a0<\/p>\t\t\t\t\t\t\t\t<\/div>\n\t\t\t\t<\/div>\n\t\t\t\t<\/div>\n\t\t\t\t\t<\/div>\n\t\t\t\t<\/div>\n\t\t<div class=\"elementor-element elementor-element-f950ff4 body-text-1col e-grid e-con-boxed translate-yes e-con e-parent\" data-id=\"f950ff4\" data-element_type=\"container\" data-e-type=\"container\">\n\t\t\t\t\t<div class=\"e-con-inner\">\n\t\t\t\t<div class=\"elementor-element elementor-element-8668eca section-style-default elementor-widget elementor-widget-Section settings\" data-id=\"8668eca\" data-element_type=\"widget\" data-e-type=\"widget\" data-widget_type=\"Section settings.default\">\n\t\t\t\t<div class=\"elementor-widget-container\">\n\t\t\t\t\t\t\t\t\t\t\t<\/div>\n\t\t\t\t<\/div>\n\t\t<div class=\"elementor-element elementor-element-0f0140e e-con-full e-flex translate-yes e-con e-child\" data-id=\"0f0140e\" data-element_type=\"container\" data-e-type=\"container\">\n\t\t\t\t<div class=\"elementor-element elementor-element-08a7f30 elementor-widget elementor-widget-heading\" data-id=\"08a7f30\" data-element_type=\"widget\" data-e-type=\"widget\" data-widget_type=\"heading.default\">\n\t\t\t\t<div class=\"elementor-widget-container\">\n\t\t\t\t\t<h2 class=\"elementor-heading-title elementor-size-default\">TRABALHANDO COM PARCEIROS LOCAIS<\/h2>\t\t\t\t<\/div>\n\t\t\t\t<\/div>\n\t\t\t\t<div class=\"elementor-element elementor-element-d86ef5b elementor-widget elementor-widget-text-editor\" data-id=\"d86ef5b\" data-element_type=\"widget\" data-e-type=\"widget\" data-widget_type=\"text-editor.default\">\n\t\t\t\t<div class=\"elementor-widget-container\">\n\t\t\t\t\t\t\t\t\t<ul><li><p class=\"p1\">Fazer e manter contato com a pol\u00edcia local\/autoridade local. Os l\u00edderes do Prevent devem entender sua fun\u00e7\u00e3o e o apoio dispon\u00edvel (por exemplo, por meio do processo Channel).<\/p><\/li><li><p class=\"p1\">Entre em contato com a autoridade local para conhecer outros \u00f3rg\u00e3os locais \u00fateis.<\/p><\/li><li><p class=\"p1\">Desenvolver v\u00ednculos locais do Prevent com outras organiza\u00e7\u00f5es semelhantes.<\/p><\/li><li><p class=\"p1\">Compartilhe informa\u00e7\u00f5es com todas as organiza\u00e7\u00f5es locais, conforme apropriado.<\/p><\/li><\/ul>\t\t\t\t\t\t\t\t<\/div>\n\t\t\t\t<\/div>\n\t\t\t\t<\/div>\n\t\t\t\t\t<\/div>\n\t\t\t\t<\/div>\n\t\t<div class=\"elementor-element elementor-element-a2bd694 body-text-1col e-grid e-con-boxed translate-yes e-con e-parent\" data-id=\"a2bd694\" data-element_type=\"container\" data-e-type=\"container\">\n\t\t\t\t\t<div class=\"e-con-inner\">\n\t\t\t\t<div class=\"elementor-element elementor-element-7ed30a6 section-style-default elementor-widget elementor-widget-Section settings\" data-id=\"7ed30a6\" data-element_type=\"widget\" data-e-type=\"widget\" data-widget_type=\"Section settings.default\">\n\t\t\t\t<div class=\"elementor-widget-container\">\n\t\t\t\t\t\t\t\t\t\t\t<\/div>\n\t\t\t\t<\/div>\n\t\t<div class=\"elementor-element elementor-element-25382df e-con-full e-flex translate-yes e-con e-child\" data-id=\"25382df\" data-element_type=\"container\" data-e-type=\"container\">\n\t\t\t\t<div class=\"elementor-element elementor-element-41b05c3 elementor-widget elementor-widget-heading\" data-id=\"41b05c3\" data-element_type=\"widget\" data-e-type=\"widget\" data-widget_type=\"heading.default\">\n\t\t\t\t<div class=\"elementor-widget-container\">\n\t\t\t\t\t<h2 class=\"elementor-heading-title elementor-size-default\">COMPREENS\u00c3O DA TERMINOLOGIA<\/h2>\t\t\t\t<\/div>\n\t\t\t\t<\/div>\n\t\t\t\t<div class=\"elementor-element elementor-element-750e5a2 elementor-widget elementor-widget-text-editor\" data-id=\"750e5a2\" data-element_type=\"widget\" data-e-type=\"widget\" data-widget_type=\"text-editor.default\">\n\t\t\t\t<div class=\"elementor-widget-container\">\n\t\t\t\t\t\t\t\t\t<ul><li><p class=\"p1\">Radicaliza\u00e7\u00e3o: ato ou processo de tornar uma pessoa mais radical ou favor\u00e1vel a mudan\u00e7as extremas ou fundamentais nas condi\u00e7\u00f5es pol\u00edticas, econ\u00f4micas ou sociais, institui\u00e7\u00f5es ou h\u00e1bitos mentais.<\/p><\/li><li><p class=\"p1\">Extremismo*: ter vis\u00f5es pol\u00edticas ou religiosas extremas que podem negar direitos a qualquer grupo ou indiv\u00edduo. Pode ser expresso em oposi\u00e7\u00e3o vocal ou ativa a.<\/p><\/li><li><p class=\"p1\">Valores brit\u00e2nicos fundamentais: incluindo (i) democracia, (ii) estado de direito, (iii) liberdade individual (iv) toler\u00e2ncia respeitosa de diferentes f\u00e9s ou cren\u00e7as.<\/p><\/li><\/ul><p class=\"p1\">* NB: o extremismo pode se referir a uma s\u00e9rie de pontos de vista, por exemplo, racismo, homofobia, ideologia de direita, bem como qualquer extremismo religioso.<\/p>\t\t\t\t\t\t\t\t<\/div>\n\t\t\t\t<\/div>\n\t\t\t\t<\/div>\n\t\t\t\t\t<\/div>\n\t\t\t\t<\/div>\n\t\t<div class=\"elementor-element elementor-element-217354b body-text-1col e-grid e-con-boxed translate-yes e-con e-parent\" data-id=\"217354b\" data-element_type=\"container\" data-e-type=\"container\">\n\t\t\t\t\t<div class=\"e-con-inner\">\n\t\t\t\t<div class=\"elementor-element elementor-element-460de20 section-style-default elementor-widget elementor-widget-Section settings\" data-id=\"460de20\" data-element_type=\"widget\" data-e-type=\"widget\" data-widget_type=\"Section settings.default\">\n\t\t\t\t<div class=\"elementor-widget-container\">\n\t\t\t\t\t\t\t\t\t\t\t<\/div>\n\t\t\t\t<\/div>\n\t\t<div class=\"elementor-element elementor-element-84eb37c e-con-full e-flex translate-yes e-con e-child\" data-id=\"84eb37c\" data-element_type=\"container\" data-e-type=\"container\">\n\t\t\t\t<div class=\"elementor-element elementor-element-f8e5a67 elementor-widget elementor-widget-heading\" data-id=\"f8e5a67\" data-element_type=\"widget\" data-e-type=\"widget\" data-widget_type=\"heading.default\">\n\t\t\t\t<div class=\"elementor-widget-container\">\n\t\t\t\t\t<h2 class=\"elementor-heading-title elementor-size-default\">COMPREENS\u00c3O DO RISCO DE EXTREMISMO<\/h2>\t\t\t\t<\/div>\n\t\t\t\t<\/div>\n\t\t\t\t<div class=\"elementor-element elementor-element-8a0c19e elementor-widget elementor-widget-text-editor\" data-id=\"8a0c19e\" data-element_type=\"widget\" data-e-type=\"widget\" data-widget_type=\"text-editor.default\">\n\t\t\t\t<div class=\"elementor-widget-container\">\n\t\t\t\t\t\t\t\t\t<ul><li><p class=\"p1\">Funcion\u00e1rios, alunos e outros adultos (l\u00edderes de grupos de ag\u00eancias, funcion\u00e1rios das instala\u00e7\u00f5es etc.) podem chegar \u00e0 escola j\u00e1 com opini\u00f5es extremistas.<\/p><\/li><li><p class=\"p1\">Ou, embora fa\u00e7am parte da escola, eles podem ser influenciados por uma s\u00e9rie de fatores: eventos globais, press\u00e3o dos colegas, m\u00eddia, opini\u00f5es da fam\u00edlia, materiais extremistas impressos ou on-line, palestrantes inspiradores, amigos ou parentes que sofreram danos, redes sociais.<\/p><\/li><li><p class=\"p1\">As pessoas que s\u00e3o vulner\u00e1veis t\u00eam maior probabilidade de serem influenciadas.<\/p><\/li><li><p class=\"p1\">Sua vulnerabilidade pode ser decorrente de uma s\u00e9rie de causas: perda de identidade ou senso de pertencimento, isolamento, exclus\u00e3o, problemas de sa\u00fade mental, senso de injusti\u00e7a, crise pessoal, v\u00edtima de crime de \u00f3dio ou discrimina\u00e7\u00e3o, luto<\/p><\/li><\/ul>\t\t\t\t\t\t\t\t<\/div>\n\t\t\t\t<\/div>\n\t\t\t\t<\/div>\n\t\t\t\t\t<\/div>\n\t\t\t\t<\/div>\n\t\t<div class=\"elementor-element elementor-element-93880db body-text-1col e-grid e-con-boxed translate-yes e-con e-parent\" data-id=\"93880db\" data-element_type=\"container\" data-e-type=\"container\">\n\t\t\t\t\t<div class=\"e-con-inner\">\n\t\t\t\t<div class=\"elementor-element elementor-element-b80c050 section-style-default elementor-widget elementor-widget-Section settings\" data-id=\"b80c050\" data-element_type=\"widget\" data-e-type=\"widget\" data-widget_type=\"Section settings.default\">\n\t\t\t\t<div class=\"elementor-widget-container\">\n\t\t\t\t\t\t\t\t\t\t\t<\/div>\n\t\t\t\t<\/div>\n\t\t<div class=\"elementor-element elementor-element-8c12eb4 e-con-full e-flex translate-yes e-con e-child\" data-id=\"8c12eb4\" data-element_type=\"container\" data-e-type=\"container\">\n\t\t\t\t<div class=\"elementor-element elementor-element-89d4157 elementor-widget elementor-widget-heading\" data-id=\"89d4157\" data-element_type=\"widget\" data-e-type=\"widget\" data-widget_type=\"heading.default\">\n\t\t\t\t<div class=\"elementor-widget-container\">\n\t\t\t\t\t<h2 class=\"elementor-heading-title elementor-size-default\">FORMAS DE NEUTRALIZAR OS RISCOS<\/h2>\t\t\t\t<\/div>\n\t\t\t\t<\/div>\n\t\t\t\t<div class=\"elementor-element elementor-element-1f24d43 elementor-widget elementor-widget-text-editor\" data-id=\"1f24d43\" data-element_type=\"widget\" data-e-type=\"widget\" data-widget_type=\"text-editor.default\">\n\t\t\t\t<div class=\"elementor-widget-container\">\n\t\t\t\t\t\t\t\t\t<ul><li><p class=\"p1\">Promover um ambiente internacional seguro e solid\u00e1rio por meio de expectativas claras de comportamentos aceitos e daqueles que n\u00e3o ser\u00e3o tolerados, inclusive radicaliza\u00e7\u00e3o e extremismo.<\/p><\/li><li><p class=\"p1\">Promover os principais valores brit\u00e2nicos durante as aulas e por meio de avisos exibidos nos centros. A abordagem \u00e9 educar que \u00e9 assim que as coisas s\u00e3o no Reino Unido; pode ser diferente no pa\u00eds do aluno.<\/p><\/li><li><p class=\"p1\">Sempre que poss\u00edvel, desenvolva habilidades de conscientiza\u00e7\u00e3o cr\u00edtica para combater a aceita\u00e7\u00e3o do extremismo sem questionamento, especialmente de material on-line.<\/p><\/li><li><p class=\"p1\">Contestar vis\u00f5es radicais ou extremistas em qualquer contexto (formal ou informal) por meio de procedimentos declarados. Na maioria das situa\u00e7\u00f5es, isso exigiria uma resposta imediata, referindo-se ao ambiente internacional da escola e \u00e0 toler\u00e2ncia esperada e, em seguida, relatando as preocupa\u00e7\u00f5es (consulte a se\u00e7\u00e3o 10).<\/p><\/li><li><p class=\"p1\">Esteja pronto para reagir quando eventos mundiais ou locais (por exemplo, ataques em Paris) causarem transtornos e a probabilidade de express\u00e3o de sentimentos conflitantes. Prevenir a lideran\u00e7a para tomar iniciativa nessas situa\u00e7\u00f5es.<\/p><\/li><li><p class=\"p1\">Tenha filtros fortes nos equipamentos de TI e regras claras sobre o acesso a sites extremistas\/terroristas\/uso de redes sociais para troca de opini\u00f5es extremistas\/terroristas.<\/p><\/li><li><p class=\"p1\">Assegure-se de que palestrantes extremistas n\u00e3o usem as instala\u00e7\u00f5es para distribuir material ou expor pontos de vista; tenha um sistema de verifica\u00e7\u00e3o de qualquer palestrante\/apresentador visitante.<\/p><\/li><li><p class=\"p1\">A equipe conhece os alunos, suas circunst\u00e2ncias familiares e grupos de amizade. Conhecendo bem os alunos, \u00e9 mais f\u00e1cil perceber mudan\u00e7as de comportamento.<\/p><\/li><li><p class=\"p1\">A equipe deve estar atenta e vigilante para perceber qualquer sinal de comportamento radical ou extremista.<\/p><\/li><li><p class=\"p1\">Bem-estar e todos os funcion\u00e1rios devem se esfor\u00e7ar para apoiar todos os alunos identificados como vulner\u00e1veis.<\/p><\/li><li><p class=\"p1\">Todos os funcion\u00e1rios do centro recebem \u2018<span data-teams=\"true\">Curso de conscientiza\u00e7\u00e3o b\u00e1sica sobre prote\u00e7\u00e3o<\/span>\u2019 e \u2018P<span data-teams=\"true\">treinamento em servi\u00e7o de preven\u00e7\u00e3o - curso de conscientiza\u00e7\u00e3o<\/span>\u2019, com sess\u00f5es de acompanhamento nos dias de treinamento e indu\u00e7\u00e3o.<\/p><\/li><li><p class=\"p1\">Conscientiza\u00e7\u00e3o da equipe: O Formul\u00e1rio de Indica\u00e7\u00e3o de Radicaliza\u00e7\u00e3o e Extremismo e o procedimento para us\u00e1-lo s\u00e3o divulgados aos membros da equipe.<\/p><\/li><\/ul>\t\t\t\t\t\t\t\t<\/div>\n\t\t\t\t<\/div>\n\t\t\t\t<\/div>\n\t\t\t\t\t<\/div>\n\t\t\t\t<\/div>\n\t\t<div class=\"elementor-element elementor-element-2d9dd3e body-text-1col e-grid e-con-boxed translate-yes e-con e-parent\" data-id=\"2d9dd3e\" data-element_type=\"container\" data-e-type=\"container\">\n\t\t\t\t\t<div class=\"e-con-inner\">\n\t\t\t\t<div class=\"elementor-element elementor-element-15185de section-style-default elementor-widget elementor-widget-Section settings\" data-id=\"15185de\" data-element_type=\"widget\" data-e-type=\"widget\" data-widget_type=\"Section settings.default\">\n\t\t\t\t<div class=\"elementor-widget-container\">\n\t\t\t\t\t\t\t\t\t\t\t<\/div>\n\t\t\t\t<\/div>\n\t\t<div class=\"elementor-element elementor-element-ca82ede e-con-full e-flex translate-yes e-con e-child\" data-id=\"ca82ede\" data-element_type=\"container\" data-e-type=\"container\">\n\t\t\t\t<div class=\"elementor-element elementor-element-aefeb6e elementor-widget elementor-widget-heading\" data-id=\"aefeb6e\" data-element_type=\"widget\" data-e-type=\"widget\" data-widget_type=\"heading.default\">\n\t\t\t\t<div class=\"elementor-widget-container\">\n\t\t\t\t\t<h2 class=\"elementor-heading-title elementor-size-default\">TREINAMENTO<\/h2>\t\t\t\t<\/div>\n\t\t\t\t<\/div>\n\t\t\t\t<div class=\"elementor-element elementor-element-b509ada elementor-widget elementor-widget-text-editor\" data-id=\"b509ada\" data-element_type=\"widget\" data-e-type=\"widget\" data-widget_type=\"text-editor.default\">\n\t\t\t\t<div class=\"elementor-widget-container\">\n\t\t\t\t\t\t\t\t\t<ul><li><p class=\"p1\">Documentos e treinamento presencial para garantir que a equipe compreenda esta pol\u00edtica, ou seja<\/p><ul><li><p class=\"p1\">compreender o contexto e as expectativas do Prevent<\/p><\/li><li><p class=\"p1\">seu dever de implementar a pol\u00edtica<\/p><\/li><li><p class=\"p1\">Compreender a terminologia e os riscos associados \u00e0 radicaliza\u00e7\u00e3o e ao extremismo<\/p><\/li><li><p class=\"p1\">como identificar e apoiar alunos vulner\u00e1veis<\/p><\/li><li><p class=\"p1\">maneiras pelas quais a escola neutralizar\u00e1 os riscos<\/p><\/li><li><p class=\"p1\">sinais a serem observados que podem causar preocupa\u00e7\u00e3o<\/p><\/li><li><p class=\"p1\">conhecer a pessoa l\u00edder do Prevent e os procedimentos para comunicar preocupa\u00e7\u00f5es<\/p><\/li><li><p class=\"p1\">saber a import\u00e2ncia de seu pr\u00f3prio comportamento e profissionalismo para (a) ser um exemplo dos valores brit\u00e2nicos<\/p><p class=\"p1\">e (b) n\u00e3o discutir assuntos inflamat\u00f3rios com os alunos (C\u00f3digo de Conduta).<\/p><\/li><\/ul><\/li><li><p class=\"p1\">Mantenha o registro do treinamento da equipe na pasta espec\u00edfica do LIA Teams.<\/p><\/li><li><p class=\"p1\">Certifique-se de que os fornecedores de instala\u00e7\u00f5es tenham uma pol\u00edtica de preven\u00e7\u00e3o.<\/p><\/li><li><p class=\"p1\">Os alunos, provedores de instala\u00e7\u00f5es e l\u00edderes de grupos de ag\u00eancias devem estar cientes das partes principais da pol\u00edtica:<\/p><ul><li><p class=\"p1\">compreens\u00e3o da terminologia<\/p><\/li><li><p class=\"p1\">import\u00e2ncia de manter uma sociedade solid\u00e1ria e tolerante dentro do centro<\/p><\/li><li><p class=\"p1\">quais s\u00e3o os principais valores brit\u00e2nicos e por que eles s\u00e3o considerados importantes<\/p><\/li><li><p class=\"p1\">quaisquer mudan\u00e7as nas regras da escola, especialmente aquelas relacionadas \u00e0 TI<\/p><\/li><li><p class=\"p1\">que devem relatar quaisquer preocupa\u00e7\u00f5es\/incidentes e o procedimento para isso.<\/p><\/li><\/ul><\/li><\/ul>\t\t\t\t\t\t\t\t<\/div>\n\t\t\t\t<\/div>\n\t\t\t\t<\/div>\n\t\t\t\t\t<\/div>\n\t\t\t\t<\/div>\n\t\t<div class=\"elementor-element elementor-element-40be62 body-text-1col e-grid e-con-boxed translate-yes e-con e-parent\" data-id=\"40be62\" data-element_type=\"container\" data-e-type=\"container\">\n\t\t\t\t\t<div class=\"e-con-inner\">\n\t\t\t\t<div class=\"elementor-element elementor-element-5d62ea59 section-style-default elementor-widget elementor-widget-Section settings\" data-id=\"5d62ea59\" data-element_type=\"widget\" data-e-type=\"widget\" data-widget_type=\"Section settings.default\">\n\t\t\t\t<div class=\"elementor-widget-container\">\n\t\t\t\t\t\t\t\t\t\t\t<\/div>\n\t\t\t\t<\/div>\n\t\t<div class=\"elementor-element elementor-element-b9530b4 e-con-full e-flex translate-yes e-con e-child\" data-id=\"b9530b4\" data-element_type=\"container\" data-e-type=\"container\">\n\t\t\t\t<div class=\"elementor-element elementor-element-18cfea60 elementor-widget elementor-widget-heading\" data-id=\"18cfea60\" data-element_type=\"widget\" data-e-type=\"widget\" data-widget_type=\"heading.default\">\n\t\t\t\t<div class=\"elementor-widget-container\">\n\t\t\t\t\t<h2 class=\"elementor-heading-title elementor-size-default\">SINAIS QUE PODEM CAUSAR PREOCUPA\u00c7\u00c3O<\/h2>\t\t\t\t<\/div>\n\t\t\t\t<\/div>\n\t\t\t\t<div class=\"elementor-element elementor-element-648de872 elementor-widget elementor-widget-text-editor\" data-id=\"648de872\" data-element_type=\"widget\" data-e-type=\"widget\" data-widget_type=\"text-editor.default\">\n\t\t\t\t<div class=\"elementor-widget-container\">\n\t\t\t\t\t\t\t\t\t<ul><li><p class=\"p1\">Alunos falando sobre exposi\u00e7\u00e3o a materiais ou opini\u00f5es extremistas fora da escola<\/p><\/li><li><p class=\"p1\">Mudan\u00e7as no comportamento, por exemplo, isolamento<\/p><\/li><li><p class=\"p1\">Queda no padr\u00e3o de trabalho, baixa frequ\u00eancia, desinteresse<\/p><\/li><li><p class=\"p1\">Mudan\u00e7as de atitude, por exemplo, intoler\u00e2ncia \u00e0s diferen\u00e7as\/mente fechada<\/p><\/li><li><p class=\"p1\">Fazer perguntas sobre determinados t\u00f3picos (por exemplo, relacionados ao extremismo)<\/p><\/li><li><p class=\"p1\">Oferecer opini\u00f5es que parecem ter vindo de ideologias extremistas<\/p><\/li><li><p class=\"p1\">Tentativas de impor suas pr\u00f3prias opini\u00f5es\/cren\u00e7as aos outros<\/p><\/li><li><p class=\"p1\">Uso de vocabul\u00e1rio extremista para excluir outras pessoas ou incitar a viol\u00eancia<\/p><\/li><li><p class=\"p1\">Acesso a material extremista on-line ou por meio de sites de redes sociais<\/p><\/li><li><p class=\"p1\">Novas pr\u00e1ticas religiosas ostensivas<\/p><\/li><li><p class=\"p1\">Desenhos ou p\u00f4steres (por exemplo, em acomoda\u00e7\u00f5es) mostrando ideologia\/vis\u00f5es\/s\u00edmbolos extremistas<\/p><\/li><li><p class=\"p1\">Alunos que expressam suas preocupa\u00e7\u00f5es sobre qualquer pessoa<\/p><\/li><\/ul><p class=\"p1\">NB: Quaisquer preocupa\u00e7\u00f5es relacionadas a uma pessoa com menos de 18 anos s\u00e3o quest\u00f5es de prote\u00e7\u00e3o e devem ser tratadas pela equipe de prote\u00e7\u00e3o e, quando necess\u00e1rio, o Conselho Local de Prote\u00e7\u00e3o \u00e0 Crian\u00e7a deve ser contatado: Conselho de Prote\u00e7\u00e3o \u00e0 Crian\u00e7a de Londres <span class=\"s1\">Diretoria e parceria <\/span><a href=\"https:\/\/www.londonscb.gov.uk\/london-scb-contacts\/\">https:\/\/www.londonscb.gov.uk\/london-scb-contacts\/<\/a><\/p>\t\t\t\t\t\t\t\t<\/div>\n\t\t\t\t<\/div>\n\t\t\t\t<\/div>\n\t\t\t\t\t<\/div>\n\t\t\t\t<\/div>\n\t\t<div class=\"elementor-element elementor-element-1288072 body-text-1col e-grid e-con-boxed translate-yes e-con e-parent\" data-id=\"1288072\" data-element_type=\"container\" data-e-type=\"container\">\n\t\t\t\t\t<div class=\"e-con-inner\">\n\t\t\t\t<div class=\"elementor-element elementor-element-d96c7a1 section-style-default elementor-widget elementor-widget-Section settings\" data-id=\"d96c7a1\" data-element_type=\"widget\" data-e-type=\"widget\" data-widget_type=\"Section settings.default\">\n\t\t\t\t<div class=\"elementor-widget-container\">\n\t\t\t\t\t\t\t\t\t\t\t<\/div>\n\t\t\t\t<\/div>\n\t\t<div class=\"elementor-element elementor-element-e611108 e-con-full e-flex translate-yes e-con e-child\" data-id=\"e611108\" data-element_type=\"container\" data-e-type=\"container\">\n\t\t\t\t<div class=\"elementor-element elementor-element-15a0180 elementor-widget elementor-widget-heading\" data-id=\"15a0180\" data-element_type=\"widget\" data-e-type=\"widget\" data-widget_type=\"heading.default\">\n\t\t\t\t<div class=\"elementor-widget-container\">\n\t\t\t\t\t<h2 class=\"elementor-heading-title elementor-size-default\">COMO E QUANDO REAGIR \u00c0S PREOCUPA\u00c7\u00d5ES<\/h2>\t\t\t\t<\/div>\n\t\t\t\t<\/div>\n\t\t\t\t<div class=\"elementor-element elementor-element-6a53433 elementor-widget elementor-widget-text-editor\" data-id=\"6a53433\" data-element_type=\"widget\" data-e-type=\"widget\" data-widget_type=\"text-editor.default\">\n\t\t\t\t<div class=\"elementor-widget-container\">\n\t\t\t\t\t\t\t\t\t<ul><li><p class=\"p1\">Qualquer membro da equipe que tenha preocupa\u00e7\u00f5es deve informar o fato ao Diretor de Bem-Estar do centro e preencher o Formul\u00e1rio de Indica\u00e7\u00e3o de Radicaliza\u00e7\u00e3o e Extremismo.<\/p><\/li><li><p class=\"p1\">O formul\u00e1rio ser\u00e1 encaminhado imediatamente para o l\u00edder de preven\u00e7\u00e3o da empresa, Daniele Pluchino (daniele.pluchino@malvernplc.com, telefone +39 3476778250)<\/p><b><\/b><\/li><li><p class=\"p1\">A confidencialidade \u00e9 garantida para a pessoa que relata uma preocupa\u00e7\u00e3o.<\/p><\/li><li><p class=\"p1\">Todos s\u00e3o instru\u00eddos a relatar qualquer preocupa\u00e7\u00e3o ou incidente, por menor que seja.<\/p><\/li><li><p class=\"p1\">Garantia de que tudo ser\u00e1 tratado com sensibilidade e cuidado.<\/p><\/li><li><p class=\"p1\">Prevent Lead para informar a pol\u00edcia local e os servi\u00e7os sociais, se necess\u00e1rio.<\/p><\/li><\/ul>\t\t\t\t\t\t\t\t<\/div>\n\t\t\t\t<\/div>\n\t\t\t\t<\/div>\n\t\t\t\t\t<\/div>\n\t\t\t\t<\/div>\n\t\t\t\t<\/div>","protected":false},"excerpt":{"rendered":"<p>Policies Anti-Radicalisation and Extremism (Prevent) Policy Last updated 10\/04\/2026 STATEMENT Language in Action understands its responsibilities under the Counter Terrorism &amp; Security Act 2015 to prevent people of all ages being radicalised or drawn into terrorism and seeks to meet its obligations in the ways shown below, after setting the context. CONTEXT Language in Action [&hellip;]<\/p>\n","protected":false},"author":27,"featured_media":0,"parent":44379,"menu_order":0,"comment_status":"closed","ping_status":"closed","template":"","meta":{"_acf_changed":false,"footnotes":""},"class_list":["post-45073","page","type-page","status-publish","hentry"],"acf":[],"yoast_head":"<!-- This site is optimized with the Yoast SEO plugin v27.5 - https:\/\/yoast.com\/product\/yoast-seo-wordpress\/ -->\n<title>Anti-Radicalisation and Extremism Prevent Policy - Language in Action<\/title>\n<meta name=\"robots\" content=\"index, follow, max-snippet:-1, max-image-preview:large, max-video-preview:-1\" \/>\n<link rel=\"canonical\" href=\"https:\/\/languageinactionltd.co.uk\/pt\/politicas\/politica-de-prevencao-contra-a-radicalizacao-e-o-extremismo\/\" \/>\n<meta property=\"og:locale\" content=\"pt_BR\" \/>\n<meta property=\"og:type\" content=\"article\" \/>\n<meta property=\"og:title\" content=\"Anti-Radicalisation and Extremism Prevent Policy - Language in Action\" \/>\n<meta property=\"og:description\" content=\"Policies Anti-Radicalisation and Extremism (Prevent) Policy Last updated 10\/04\/2026 STATEMENT Language in Action understands its responsibilities under the Counter Terrorism &amp; Security Act 2015 to prevent people of all ages being radicalised or drawn into terrorism and seeks to meet its obligations in the ways shown below, after setting the context. CONTEXT Language in Action [&hellip;]\" \/>\n<meta property=\"og:url\" content=\"https:\/\/languageinactionltd.co.uk\/pt\/politicas\/politica-de-prevencao-contra-a-radicalizacao-e-o-extremismo\/\" \/>\n<meta property=\"og:site_name\" content=\"Language in Action\" \/>\n<meta property=\"article:modified_time\" content=\"2026-04-13T10:34:32+00:00\" \/>\n<meta property=\"og:image\" content=\"https:\/\/languageinactionltd.co.uk\/wp-content\/uploads\/sites\/9\/2025\/08\/lia-social.png\" \/>\n\t<meta property=\"og:image:width\" content=\"1200\" \/>\n\t<meta property=\"og:image:height\" content=\"675\" \/>\n\t<meta property=\"og:image:type\" content=\"image\/png\" \/>\n<meta name=\"twitter:card\" content=\"summary_large_image\" \/>\n<meta name=\"twitter:label1\" content=\"Est. tempo de leitura\" \/>\n\t<meta name=\"twitter:data1\" content=\"6 minutos\" \/>\n<script type=\"application\/ld+json\" class=\"yoast-schema-graph\">{\"@context\":\"https:\\\/\\\/schema.org\",\"@graph\":[{\"@type\":\"WebPage\",\"@id\":\"https:\\\/\\\/languageinactionltd.co.uk\\\/policies\\\/anti-radicalisation-and-extremism-prevent-policy\\\/\",\"url\":\"https:\\\/\\\/languageinactionltd.co.uk\\\/policies\\\/anti-radicalisation-and-extremism-prevent-policy\\\/\",\"name\":\"Anti-Radicalisation and Extremism Prevent Policy - Language in Action\",\"isPartOf\":{\"@id\":\"https:\\\/\\\/languageinactionltd.co.uk\\\/#website\"},\"datePublished\":\"2025-08-28T07:16:53+00:00\",\"dateModified\":\"2026-04-13T10:34:32+00:00\",\"breadcrumb\":{\"@id\":\"https:\\\/\\\/languageinactionltd.co.uk\\\/policies\\\/anti-radicalisation-and-extremism-prevent-policy\\\/#breadcrumb\"},\"inLanguage\":\"pt-BR\",\"potentialAction\":[{\"@type\":\"ReadAction\",\"target\":[\"https:\\\/\\\/languageinactionltd.co.uk\\\/policies\\\/anti-radicalisation-and-extremism-prevent-policy\\\/\"]}]},{\"@type\":\"BreadcrumbList\",\"@id\":\"https:\\\/\\\/languageinactionltd.co.uk\\\/policies\\\/anti-radicalisation-and-extremism-prevent-policy\\\/#breadcrumb\",\"itemListElement\":[{\"@type\":\"ListItem\",\"position\":1,\"name\":\"Home\",\"item\":\"https:\\\/\\\/languageinactionltd.co.uk\\\/\"},{\"@type\":\"ListItem\",\"position\":2,\"name\":\"Policies\",\"item\":\"https:\\\/\\\/languageinactionltd.co.uk\\\/policies\\\/\"},{\"@type\":\"ListItem\",\"position\":3,\"name\":\"Anti-Radicalisation and Extremism Prevent Policy\"}]},{\"@type\":\"WebSite\",\"@id\":\"https:\\\/\\\/languageinactionltd.co.uk\\\/#website\",\"url\":\"https:\\\/\\\/languageinactionltd.co.uk\\\/\",\"name\":\"Language in Action\",\"description\":\"\",\"potentialAction\":[{\"@type\":\"SearchAction\",\"target\":{\"@type\":\"EntryPoint\",\"urlTemplate\":\"https:\\\/\\\/languageinactionltd.co.uk\\\/?s={search_term_string}\"},\"query-input\":{\"@type\":\"PropertyValueSpecification\",\"valueRequired\":true,\"valueName\":\"search_term_string\"}}],\"inLanguage\":\"pt-BR\"}]}<\/script>\n<!-- \/ Yoast SEO plugin. -->","yoast_head_json":{"title":"Pol\u00edtica de preven\u00e7\u00e3o contra radicaliza\u00e7\u00e3o e extremismo - Linguagem em a\u00e7\u00e3o","robots":{"index":"index","follow":"follow","max-snippet":"max-snippet:-1","max-image-preview":"max-image-preview:large","max-video-preview":"max-video-preview:-1"},"canonical":"https:\/\/languageinactionltd.co.uk\/pt\/politicas\/politica-de-prevencao-contra-a-radicalizacao-e-o-extremismo\/","og_locale":"pt_BR","og_type":"article","og_title":"Anti-Radicalisation and Extremism Prevent Policy - Language in Action","og_description":"Policies Anti-Radicalisation and Extremism (Prevent) Policy Last updated 10\/04\/2026 STATEMENT Language in Action understands its responsibilities under the Counter Terrorism &amp; Security Act 2015 to prevent people of all ages being radicalised or drawn into terrorism and seeks to meet its obligations in the ways shown below, after setting the context. CONTEXT Language in Action [&hellip;]","og_url":"https:\/\/languageinactionltd.co.uk\/pt\/politicas\/politica-de-prevencao-contra-a-radicalizacao-e-o-extremismo\/","og_site_name":"Language in Action","article_modified_time":"2026-04-13T10:34:32+00:00","og_image":[{"width":1200,"height":675,"url":"https:\/\/languageinactionltd.co.uk\/wp-content\/uploads\/sites\/9\/2025\/08\/lia-social.png","type":"image\/png"}],"twitter_card":"summary_large_image","twitter_misc":{"Est. tempo de leitura":"6 minutos"},"schema":{"@context":"https:\/\/schema.org","@graph":[{"@type":"WebPage","@id":"https:\/\/languageinactionltd.co.uk\/policies\/anti-radicalisation-and-extremism-prevent-policy\/","url":"https:\/\/languageinactionltd.co.uk\/policies\/anti-radicalisation-and-extremism-prevent-policy\/","name":"Pol\u00edtica de preven\u00e7\u00e3o contra radicaliza\u00e7\u00e3o e extremismo - Linguagem em a\u00e7\u00e3o","isPartOf":{"@id":"https:\/\/languageinactionltd.co.uk\/#website"},"datePublished":"2025-08-28T07:16:53+00:00","dateModified":"2026-04-13T10:34:32+00:00","breadcrumb":{"@id":"https:\/\/languageinactionltd.co.uk\/policies\/anti-radicalisation-and-extremism-prevent-policy\/#breadcrumb"},"inLanguage":"pt-BR","potentialAction":[{"@type":"ReadAction","target":["https:\/\/languageinactionltd.co.uk\/policies\/anti-radicalisation-and-extremism-prevent-policy\/"]}]},{"@type":"BreadcrumbList","@id":"https:\/\/languageinactionltd.co.uk\/policies\/anti-radicalisation-and-extremism-prevent-policy\/#breadcrumb","itemListElement":[{"@type":"ListItem","position":1,"name":"Home","item":"https:\/\/languageinactionltd.co.uk\/"},{"@type":"ListItem","position":2,"name":"Policies","item":"https:\/\/languageinactionltd.co.uk\/policies\/"},{"@type":"ListItem","position":3,"name":"Anti-Radicalisation and Extremism Prevent Policy"}]},{"@type":"WebSite","@id":"https:\/\/languageinactionltd.co.uk\/#website","url":"https:\/\/languageinactionltd.co.uk\/","name":"Linguagem em a\u00e7\u00e3o","description":"","potentialAction":[{"@type":"SearchAction","target":{"@type":"EntryPoint","urlTemplate":"https:\/\/languageinactionltd.co.uk\/?s={search_term_string}"},"query-input":{"@type":"PropertyValueSpecification","valueRequired":true,"valueName":"search_term_string"}}],"inLanguage":"pt-BR"}]}},"_links":{"self":[{"href":"https:\/\/languageinactionltd.co.uk\/pt\/wp-json\/wp\/v2\/pages\/45073","targetHints":{"allow":["GET"]}}],"collection":[{"href":"https:\/\/languageinactionltd.co.uk\/pt\/wp-json\/wp\/v2\/pages"}],"about":[{"href":"https:\/\/languageinactionltd.co.uk\/pt\/wp-json\/wp\/v2\/types\/page"}],"author":[{"embeddable":true,"href":"https:\/\/languageinactionltd.co.uk\/pt\/wp-json\/wp\/v2\/users\/27"}],"replies":[{"embeddable":true,"href":"https:\/\/languageinactionltd.co.uk\/pt\/wp-json\/wp\/v2\/comments?post=45073"}],"version-history":[{"count":25,"href":"https:\/\/languageinactionltd.co.uk\/pt\/wp-json\/wp\/v2\/pages\/45073\/revisions"}],"predecessor-version":[{"id":47687,"href":"https:\/\/languageinactionltd.co.uk\/pt\/wp-json\/wp\/v2\/pages\/45073\/revisions\/47687"}],"up":[{"embeddable":true,"href":"https:\/\/languageinactionltd.co.uk\/pt\/wp-json\/wp\/v2\/pages\/44379"}],"wp:attachment":[{"href":"https:\/\/languageinactionltd.co.uk\/pt\/wp-json\/wp\/v2\/media?parent=45073"}],"curies":[{"name":"wp","href":"https:\/\/api.w.org\/{rel}","templated":true}]}}