{"id":45073,"date":"2025-08-28T07:16:53","date_gmt":"2025-08-28T07:16:53","guid":{"rendered":"https:\/\/languageinactionltd.co.uk\/?page_id=45073"},"modified":"2026-04-13T10:34:32","modified_gmt":"2026-04-13T10:34:32","slug":"politique-de-prevention-de-la-radicalisation-et-de-lextremisme","status":"publish","type":"page","link":"https:\/\/languageinactionltd.co.uk\/fr\/policies\/anti-radicalisation-and-extremism-prevent-policy\/","title":{"rendered":"Politique de pr\u00e9vention de la radicalisation et de l'extr\u00e9misme"},"content":{"rendered":"<div data-elementor-type=\"wp-page\" data-elementor-id=\"45073\" class=\"elementor elementor-45073\" data-elementor-post-type=\"page\">\n\t\t\t\t<div class=\"elementor-element elementor-element-3429231a body-header-small e-flex e-con-boxed translate-yes e-con e-parent\" data-id=\"3429231a\" data-element_type=\"container\" data-e-type=\"container\" data-settings=\"{&quot;background_background&quot;:&quot;classic&quot;}\">\n\t\t\t\t\t<div class=\"e-con-inner\">\n\t\t<div class=\"elementor-element elementor-element-6ff3a152 e-con-full e-flex translate-yes e-con e-child\" data-id=\"6ff3a152\" data-element_type=\"container\" data-e-type=\"container\">\n\t\t\t\t<div class=\"elementor-element elementor-element-12c4f75d sub-heading elementor-widget elementor-widget-heading\" data-id=\"12c4f75d\" data-element_type=\"widget\" data-e-type=\"widget\" data-widget_type=\"heading.default\">\n\t\t\t\t<div class=\"elementor-widget-container\">\n\t\t\t\t\t<span class=\"elementor-heading-title elementor-size-default\">Politiques<\/span>\t\t\t\t<\/div>\n\t\t\t\t<\/div>\n\t\t<div class=\"elementor-element elementor-element-1ac81eae e-con-full e-flex translate-yes e-con e-child\" data-id=\"1ac81eae\" data-element_type=\"container\" data-e-type=\"container\">\n\t\t\t\t<div class=\"elementor-element elementor-element-5bbdcacb elementor-widget elementor-widget-heading\" data-id=\"5bbdcacb\" data-element_type=\"widget\" data-e-type=\"widget\" data-widget_type=\"heading.default\">\n\t\t\t\t<div class=\"elementor-widget-container\">\n\t\t\t\t\t<h1 class=\"elementor-heading-title elementor-size-default\">Politique de lutte contre la radicalisation et l'extr\u00e9misme (Prevent)<\/h1>\t\t\t\t<\/div>\n\t\t\t\t<\/div>\n\t\t\t\t<div class=\"elementor-element elementor-element-d403500 elementor-widget elementor-widget-text-editor\" data-id=\"d403500\" data-element_type=\"widget\" data-e-type=\"widget\" data-widget_type=\"text-editor.default\">\n\t\t\t\t<div class=\"elementor-widget-container\">\n\t\t\t\t\t\t\t\t\t<p><i>Derni\u00e8re mise \u00e0 jour le 04\/10\/2026<\/i><\/p>\t\t\t\t\t\t\t\t<\/div>\n\t\t\t\t<\/div>\n\t\t\t\t<\/div>\n\t\t\t\t<\/div>\n\t\t\t\t\t<\/div>\n\t\t\t\t<\/div>\n\t\t<div class=\"elementor-element elementor-element-685080bc body-text-1col e-grid e-con-boxed translate-yes e-con e-parent\" data-id=\"685080bc\" data-element_type=\"container\" data-e-type=\"container\">\n\t\t\t\t\t<div class=\"e-con-inner\">\n\t\t\t\t<div class=\"elementor-element elementor-element-4c0349f2 section-style-default elementor-widget elementor-widget-Section settings\" data-id=\"4c0349f2\" data-element_type=\"widget\" data-e-type=\"widget\" data-widget_type=\"Section settings.default\">\n\t\t\t\t<div class=\"elementor-widget-container\">\n\t\t\t\t\t\t\t\t\t\t\t<\/div>\n\t\t\t\t<\/div>\n\t\t<div class=\"elementor-element elementor-element-43ee8377 e-con-full e-flex translate-yes e-con e-child\" data-id=\"43ee8377\" data-element_type=\"container\" data-e-type=\"container\">\n\t\t\t\t<div class=\"elementor-element elementor-element-37ee0f07 elementor-widget elementor-widget-heading\" data-id=\"37ee0f07\" data-element_type=\"widget\" data-e-type=\"widget\" data-widget_type=\"heading.default\">\n\t\t\t\t<div class=\"elementor-widget-container\">\n\t\t\t\t\t<h2 class=\"elementor-heading-title elementor-size-default\">D\u00c9CLARATION<\/h2>\t\t\t\t<\/div>\n\t\t\t\t<\/div>\n\t\t\t\t<div class=\"elementor-element elementor-element-69595c39 elementor-widget elementor-widget-text-editor\" data-id=\"69595c39\" data-element_type=\"widget\" data-e-type=\"widget\" data-widget_type=\"text-editor.default\">\n\t\t\t\t<div class=\"elementor-widget-container\">\n\t\t\t\t\t\t\t\t\t<p class=\"p1\">Language in Action est conscient des responsabilit\u00e9s qui lui incombent en vertu de la loi de 2015 sur la lutte contre le terrorisme et la s\u00e9curit\u00e9 (Counter Terrorism &amp; Security Act 2015) afin d'emp\u00eacher que des personnes de tous \u00e2ges soient radicalis\u00e9es ou entra\u00een\u00e9es dans le terrorisme, et cherche \u00e0 remplir ses obligations de la mani\u00e8re indiqu\u00e9e ci-dessous, apr\u00e8s avoir d\u00e9fini le contexte.<\/p>\t\t\t\t\t\t\t\t<\/div>\n\t\t\t\t<\/div>\n\t\t\t\t<\/div>\n\t\t\t\t\t<\/div>\n\t\t\t\t<\/div>\n\t\t<div class=\"elementor-element elementor-element-04a3924 body-text-1col e-grid e-con-boxed translate-yes e-con e-parent\" data-id=\"04a3924\" data-element_type=\"container\" data-e-type=\"container\">\n\t\t\t\t\t<div class=\"e-con-inner\">\n\t\t\t\t<div class=\"elementor-element elementor-element-0ebc57e section-style-default elementor-widget elementor-widget-Section settings\" data-id=\"0ebc57e\" data-element_type=\"widget\" data-e-type=\"widget\" data-widget_type=\"Section settings.default\">\n\t\t\t\t<div class=\"elementor-widget-container\">\n\t\t\t\t\t\t\t\t\t\t\t<\/div>\n\t\t\t\t<\/div>\n\t\t<div class=\"elementor-element elementor-element-c4e2759 e-con-full e-flex translate-yes e-con e-child\" data-id=\"c4e2759\" data-element_type=\"container\" data-e-type=\"container\">\n\t\t\t\t<div class=\"elementor-element elementor-element-28fa01c elementor-widget elementor-widget-heading\" data-id=\"28fa01c\" data-element_type=\"widget\" data-e-type=\"widget\" data-widget_type=\"heading.default\">\n\t\t\t\t<div class=\"elementor-widget-container\">\n\t\t\t\t\t<h2 class=\"elementor-heading-title elementor-size-default\">CONTEXTE<\/h2>\t\t\t\t<\/div>\n\t\t\t\t<\/div>\n\t\t\t\t<div class=\"elementor-element elementor-element-c285a65 elementor-widget elementor-widget-text-editor\" data-id=\"c285a65\" data-element_type=\"widget\" data-e-type=\"widget\" data-widget_type=\"text-editor.default\">\n\t\t\t\t<div class=\"elementor-widget-container\">\n\t\t\t\t\t\t\t\t\t<ul><li><p class=\"p1\">Language in Action accepte normalement des \u00e9tudiants \u00e2g\u00e9s de 12 \u00e0 17 ans (les \u00e9tudiants \u00e2g\u00e9s de 18 \u00e0 19 ans peuvent faire partie de groupes compos\u00e9s d'\u00e9tudiants mineurs s'ils font partie de programmes d'enseignement secondaire dans leur propre pays) et originaires de nombreux pays du monde.<\/p><\/li><li><p class=\"p1\">Language in Action dispose de centres \u00e0 Londres, Manchester, Canterbury, Liverpool et Oundle, dont la population locale est multiculturelle.<\/p><\/li><li><p class=\"p1\">Language in Action a toujours promu un environnement multiculturel dans lequel le respect et la tol\u00e9rance des croyances d'autrui sont attendus et exig\u00e9s.<\/p><\/li><li><p class=\"p1\">Language in Action promeut les valeurs britanniques fondamentales, la culture et les traditions britanniques qui refl\u00e8tent et c\u00e9l\u00e8brent la diversit\u00e9 multiculturelle du Royaume-Uni d'aujourd'hui. Le cas \u00e9ch\u00e9ant, cela peut \u00eatre int\u00e9gr\u00e9 dans le cadre des cours, mais les \u00e9tudiants re\u00e7oivent \u00e9galement une vue d'ensemble de ce sujet d\u00e8s leur premier jour dans nos centres, dans le cadre du processus d'int\u00e9gration.<\/p><\/li><\/ul>\t\t\t\t\t\t\t\t<\/div>\n\t\t\t\t<\/div>\n\t\t\t\t<\/div>\n\t\t\t\t\t<\/div>\n\t\t\t\t<\/div>\n\t\t<div class=\"elementor-element elementor-element-c487973 body-text-1col e-grid e-con-boxed translate-yes e-con e-parent\" data-id=\"c487973\" data-element_type=\"container\" data-e-type=\"container\">\n\t\t\t\t\t<div class=\"e-con-inner\">\n\t\t\t\t<div class=\"elementor-element elementor-element-1fdf5a0 section-style-default elementor-widget elementor-widget-Section settings\" data-id=\"1fdf5a0\" data-element_type=\"widget\" data-e-type=\"widget\" data-widget_type=\"Section settings.default\">\n\t\t\t\t<div class=\"elementor-widget-container\">\n\t\t\t\t\t\t\t\t\t\t\t<\/div>\n\t\t\t\t<\/div>\n\t\t<div class=\"elementor-element elementor-element-80ffaab e-con-full e-flex translate-yes e-con e-child\" data-id=\"80ffaab\" data-element_type=\"container\" data-e-type=\"container\">\n\t\t\t\t<div class=\"elementor-element elementor-element-8ed3402 elementor-widget elementor-widget-heading\" data-id=\"8ed3402\" data-element_type=\"widget\" data-e-type=\"widget\" data-widget_type=\"heading.default\">\n\t\t\t\t<div class=\"elementor-widget-container\">\n\t\t\t\t\t<h2 class=\"elementor-heading-title elementor-size-default\">UN LEADERSHIP FORT<\/h2>\t\t\t\t<\/div>\n\t\t\t\t<\/div>\n\t\t\t\t<div class=\"elementor-element elementor-element-74ad18f elementor-widget elementor-widget-text-editor\" data-id=\"74ad18f\" data-element_type=\"widget\" data-e-type=\"widget\" data-widget_type=\"text-editor.default\">\n\t\t\t\t<div class=\"elementor-widget-container\">\n\t\t\t\t\t\t\t\t\t<ul><li><p class=\"p1\">La responsabilit\u00e9 de veiller \u00e0 ce que l'obligation de pr\u00e9vention soit respect\u00e9e incombe au chef adjoint des \u00e9l\u00e8ves juniors, Daniele Pluchino (responsable d\u00e9sign\u00e9 de la protection - PREVENT est consid\u00e9r\u00e9 comme faisant partie de la protection).<\/p><\/li><li><p class=\"p1\">La responsabilit\u00e9 de l'\u00e9valuation des risques et du plan d'action en mati\u00e8re de pr\u00e9vention (voir le point 4 ci-dessous) ainsi que de la politique en la mati\u00e8re incombe \u00e0 Daniele Pluchino, directeur adjoint de l'\u00e9cole primaire.<\/p><\/li><li><p class=\"p1\">Les directeurs de programme sont d\u00e9sign\u00e9s comme responsables de la protection de l'enfance en cas d'absence du DSL.<\/p><\/li><li><p class=\"p1\">Chaque centre dispose d'un responsable de l'aide sociale charg\u00e9 de veiller \u00e0 ce que le devoir de pr\u00e9vention soit respect\u00e9 au sein du centre et de signaler tout probl\u00e8me \u00e0 l'orthophoniste.<\/p><\/li><li><p class=\"p1\">Ils ont pour mission de veiller \u00e0 la mise en \u0153uvre d'une \u00e9valuation des risques, d'un plan d'action et d'une politique efficaces, tels que d\u00e9crits dans le pr\u00e9sent document.<\/p><\/li><\/ul>\t\t\t\t\t\t\t\t<\/div>\n\t\t\t\t<\/div>\n\t\t\t\t<\/div>\n\t\t\t\t\t<\/div>\n\t\t\t\t<\/div>\n\t\t<div class=\"elementor-element elementor-element-7188aac body-text-1col e-grid e-con-boxed translate-yes e-con e-parent\" data-id=\"7188aac\" data-element_type=\"container\" data-e-type=\"container\">\n\t\t\t\t\t<div class=\"e-con-inner\">\n\t\t\t\t<div class=\"elementor-element elementor-element-4cafaad section-style-default elementor-widget elementor-widget-Section settings\" data-id=\"4cafaad\" data-element_type=\"widget\" data-e-type=\"widget\" data-widget_type=\"Section settings.default\">\n\t\t\t\t<div class=\"elementor-widget-container\">\n\t\t\t\t\t\t\t\t\t\t\t<\/div>\n\t\t\t\t<\/div>\n\t\t<div class=\"elementor-element elementor-element-96eba15 e-con-full e-flex translate-yes e-con e-child\" data-id=\"96eba15\" data-element_type=\"container\" data-e-type=\"container\">\n\t\t\t\t<div class=\"elementor-element elementor-element-585aff0 elementor-widget elementor-widget-heading\" data-id=\"585aff0\" data-element_type=\"widget\" data-e-type=\"widget\" data-widget_type=\"heading.default\">\n\t\t\t\t<div class=\"elementor-widget-container\">\n\t\t\t\t\t<h2 class=\"elementor-heading-title elementor-size-default\">\u00c9VALUATION DES RISQUES DE LA SITUATION ACTUELLE ET PLAN D'ACTION POUR L'AVENIR<\/h2>\t\t\t\t<\/div>\n\t\t\t\t<\/div>\n\t\t\t\t<div class=\"elementor-element elementor-element-3578c7f elementor-widget elementor-widget-text-editor\" data-id=\"3578c7f\" data-element_type=\"widget\" data-e-type=\"widget\" data-widget_type=\"text-editor.default\">\n\t\t\t\t<div class=\"elementor-widget-container\">\n\t\t\t\t\t\t\t\t\t<p class=\"p1\">Une \u00e9valuation des risques\/un plan d'action a \u00e9t\u00e9 \u00e9labor\u00e9, montrant ce qui est d\u00e9j\u00e0 fait et ce qui doit encore \u00eatre fait ; il sera revu et mis \u00e0 jour au moins une fois par an.<\/p><p>\u00a0<\/p>\t\t\t\t\t\t\t\t<\/div>\n\t\t\t\t<\/div>\n\t\t\t\t<\/div>\n\t\t\t\t\t<\/div>\n\t\t\t\t<\/div>\n\t\t<div class=\"elementor-element elementor-element-f950ff4 body-text-1col e-grid e-con-boxed translate-yes e-con e-parent\" data-id=\"f950ff4\" data-element_type=\"container\" data-e-type=\"container\">\n\t\t\t\t\t<div class=\"e-con-inner\">\n\t\t\t\t<div class=\"elementor-element elementor-element-8668eca section-style-default elementor-widget elementor-widget-Section settings\" data-id=\"8668eca\" data-element_type=\"widget\" data-e-type=\"widget\" data-widget_type=\"Section settings.default\">\n\t\t\t\t<div class=\"elementor-widget-container\">\n\t\t\t\t\t\t\t\t\t\t\t<\/div>\n\t\t\t\t<\/div>\n\t\t<div class=\"elementor-element elementor-element-0f0140e e-con-full e-flex translate-yes e-con e-child\" data-id=\"0f0140e\" data-element_type=\"container\" data-e-type=\"container\">\n\t\t\t\t<div class=\"elementor-element elementor-element-08a7f30 elementor-widget elementor-widget-heading\" data-id=\"08a7f30\" data-element_type=\"widget\" data-e-type=\"widget\" data-widget_type=\"heading.default\">\n\t\t\t\t<div class=\"elementor-widget-container\">\n\t\t\t\t\t<h2 class=\"elementor-heading-title elementor-size-default\">TRAVAILLER AVEC LES PARTENAIRES LOCAUX<\/h2>\t\t\t\t<\/div>\n\t\t\t\t<\/div>\n\t\t\t\t<div class=\"elementor-element elementor-element-d86ef5b elementor-widget elementor-widget-text-editor\" data-id=\"d86ef5b\" data-element_type=\"widget\" data-e-type=\"widget\" data-widget_type=\"text-editor.default\">\n\t\t\t\t<div class=\"elementor-widget-container\">\n\t\t\t\t\t\t\t\t\t<ul><li><p class=\"p1\">\u00c9tablir et maintenir le contact avec la police locale\/les autorit\u00e9s locales. Les responsables de la pr\u00e9vention doivent comprendre leur r\u00f4le et le soutien disponible (par exemple, via le processus Channel).<\/p><\/li><li><p class=\"p1\">Prendre contact avec les autorit\u00e9s locales pour conna\u00eetre les autres agences locales utiles.<\/p><\/li><li><p class=\"p1\">D\u00e9velopper des liens locaux de pr\u00e9vention avec d'autres organisations similaires.<\/p><\/li><li><p class=\"p1\">Partager les informations avec toutes les organisations locales, le cas \u00e9ch\u00e9ant.<\/p><\/li><\/ul>\t\t\t\t\t\t\t\t<\/div>\n\t\t\t\t<\/div>\n\t\t\t\t<\/div>\n\t\t\t\t\t<\/div>\n\t\t\t\t<\/div>\n\t\t<div class=\"elementor-element elementor-element-a2bd694 body-text-1col e-grid e-con-boxed translate-yes e-con e-parent\" data-id=\"a2bd694\" data-element_type=\"container\" data-e-type=\"container\">\n\t\t\t\t\t<div class=\"e-con-inner\">\n\t\t\t\t<div class=\"elementor-element elementor-element-7ed30a6 section-style-default elementor-widget elementor-widget-Section settings\" data-id=\"7ed30a6\" data-element_type=\"widget\" data-e-type=\"widget\" data-widget_type=\"Section settings.default\">\n\t\t\t\t<div class=\"elementor-widget-container\">\n\t\t\t\t\t\t\t\t\t\t\t<\/div>\n\t\t\t\t<\/div>\n\t\t<div class=\"elementor-element elementor-element-25382df e-con-full e-flex translate-yes e-con e-child\" data-id=\"25382df\" data-element_type=\"container\" data-e-type=\"container\">\n\t\t\t\t<div class=\"elementor-element elementor-element-41b05c3 elementor-widget elementor-widget-heading\" data-id=\"41b05c3\" data-element_type=\"widget\" data-e-type=\"widget\" data-widget_type=\"heading.default\">\n\t\t\t\t<div class=\"elementor-widget-container\">\n\t\t\t\t\t<h2 class=\"elementor-heading-title elementor-size-default\">COMPRENDRE LA TERMINOLOGIE<\/h2>\t\t\t\t<\/div>\n\t\t\t\t<\/div>\n\t\t\t\t<div class=\"elementor-element elementor-element-750e5a2 elementor-widget elementor-widget-text-editor\" data-id=\"750e5a2\" data-element_type=\"widget\" data-e-type=\"widget\" data-widget_type=\"text-editor.default\">\n\t\t\t\t<div class=\"elementor-widget-container\">\n\t\t\t\t\t\t\t\t\t<ul><li><p class=\"p1\">Radicalisation : action ou processus consistant \u00e0 rendre une personne plus radicale ou \u00e0 favoriser des changements extr\u00eames ou fondamentaux dans les conditions politiques, \u00e9conomiques ou sociales, les institutions ou les habitudes de l'esprit.<\/p><\/li><li><p class=\"p1\">Extr\u00e9misme* : opinions politiques ou religieuses extr\u00eames susceptibles de priver un groupe ou un individu de ses droits. Peut s'exprimer par une opposition vocale ou active.<\/p><\/li><li><p class=\"p1\">Valeurs britanniques fondamentales : y compris (i) la d\u00e9mocratie, (ii) l'\u00c9tat de droit, (iii) la libert\u00e9 individuelle, (iv) la tol\u00e9rance respectueuse des diff\u00e9rentes confessions ou croyances.<\/p><\/li><\/ul><p class=\"p1\">* NB : l'extr\u00e9misme peut se r\u00e9f\u00e9rer \u00e0 une s\u00e9rie d'opinions, par exemple le racisme, l'homophobie, l'id\u00e9ologie de droite, ainsi que tout extr\u00e9misme religieux.<\/p>\t\t\t\t\t\t\t\t<\/div>\n\t\t\t\t<\/div>\n\t\t\t\t<\/div>\n\t\t\t\t\t<\/div>\n\t\t\t\t<\/div>\n\t\t<div class=\"elementor-element elementor-element-217354b body-text-1col e-grid e-con-boxed translate-yes e-con e-parent\" data-id=\"217354b\" data-element_type=\"container\" data-e-type=\"container\">\n\t\t\t\t\t<div class=\"e-con-inner\">\n\t\t\t\t<div class=\"elementor-element elementor-element-460de20 section-style-default elementor-widget elementor-widget-Section settings\" data-id=\"460de20\" data-element_type=\"widget\" data-e-type=\"widget\" data-widget_type=\"Section settings.default\">\n\t\t\t\t<div class=\"elementor-widget-container\">\n\t\t\t\t\t\t\t\t\t\t\t<\/div>\n\t\t\t\t<\/div>\n\t\t<div class=\"elementor-element elementor-element-84eb37c e-con-full e-flex translate-yes e-con e-child\" data-id=\"84eb37c\" data-element_type=\"container\" data-e-type=\"container\">\n\t\t\t\t<div class=\"elementor-element elementor-element-f8e5a67 elementor-widget elementor-widget-heading\" data-id=\"f8e5a67\" data-element_type=\"widget\" data-e-type=\"widget\" data-widget_type=\"heading.default\">\n\t\t\t\t<div class=\"elementor-widget-container\">\n\t\t\t\t\t<h2 class=\"elementor-heading-title elementor-size-default\">COMPRENDRE LE RISQUE D'EXTR\u00c9MISME<\/h2>\t\t\t\t<\/div>\n\t\t\t\t<\/div>\n\t\t\t\t<div class=\"elementor-element elementor-element-8a0c19e elementor-widget elementor-widget-text-editor\" data-id=\"8a0c19e\" data-element_type=\"widget\" data-e-type=\"widget\" data-widget_type=\"text-editor.default\">\n\t\t\t\t<div class=\"elementor-widget-container\">\n\t\t\t\t\t\t\t\t\t<ul><li><p class=\"p1\">Le personnel, les \u00e9l\u00e8ves et d'autres adultes (chefs de groupe de l'agence, personnel des locaux, etc.) peuvent arriver \u00e0 l'\u00e9cole en ayant d\u00e9j\u00e0 des opinions extr\u00e9mistes.<\/p><\/li><li><p class=\"p1\">Ou, tout en faisant partie de l'\u00e9cole, ils peuvent \u00eatre influenc\u00e9s par une s\u00e9rie de facteurs : \u00e9v\u00e9nements mondiaux, pression des pairs, m\u00e9dias, opinions familiales, documents extr\u00e9mistes sur papier ou en ligne, conf\u00e9renciers inspir\u00e9s, amis ou parents ayant subi des pr\u00e9judices, r\u00e9seaux sociaux.<\/p><\/li><li><p class=\"p1\">Les personnes vuln\u00e9rables sont plus susceptibles d'\u00eatre influenc\u00e9es.<\/p><\/li><li><p class=\"p1\">Leur vuln\u00e9rabilit\u00e9 peut avoir plusieurs causes : perte d'identit\u00e9 ou de sentiment d'appartenance, isolement, exclusion, probl\u00e8mes de sant\u00e9 mentale, sentiment d'injustice, crise personnelle, victime d'un crime de haine ou de discrimination, deuil...<\/p><\/li><\/ul>\t\t\t\t\t\t\t\t<\/div>\n\t\t\t\t<\/div>\n\t\t\t\t<\/div>\n\t\t\t\t\t<\/div>\n\t\t\t\t<\/div>\n\t\t<div class=\"elementor-element elementor-element-93880db body-text-1col e-grid e-con-boxed translate-yes e-con e-parent\" data-id=\"93880db\" data-element_type=\"container\" data-e-type=\"container\">\n\t\t\t\t\t<div class=\"e-con-inner\">\n\t\t\t\t<div class=\"elementor-element elementor-element-b80c050 section-style-default elementor-widget elementor-widget-Section settings\" data-id=\"b80c050\" data-element_type=\"widget\" data-e-type=\"widget\" data-widget_type=\"Section settings.default\">\n\t\t\t\t<div class=\"elementor-widget-container\">\n\t\t\t\t\t\t\t\t\t\t\t<\/div>\n\t\t\t\t<\/div>\n\t\t<div class=\"elementor-element elementor-element-8c12eb4 e-con-full e-flex translate-yes e-con e-child\" data-id=\"8c12eb4\" data-element_type=\"container\" data-e-type=\"container\">\n\t\t\t\t<div class=\"elementor-element elementor-element-89d4157 elementor-widget elementor-widget-heading\" data-id=\"89d4157\" data-element_type=\"widget\" data-e-type=\"widget\" data-widget_type=\"heading.default\">\n\t\t\t\t<div class=\"elementor-widget-container\">\n\t\t\t\t\t<h2 class=\"elementor-heading-title elementor-size-default\">LES MOYENS DE CONTRER LES RISQUES<\/h2>\t\t\t\t<\/div>\n\t\t\t\t<\/div>\n\t\t\t\t<div class=\"elementor-element elementor-element-1f24d43 elementor-widget elementor-widget-text-editor\" data-id=\"1f24d43\" data-element_type=\"widget\" data-e-type=\"widget\" data-widget_type=\"text-editor.default\">\n\t\t\t\t<div class=\"elementor-widget-container\">\n\t\t\t\t\t\t\t\t\t<ul><li><p class=\"p1\">Promouvoir un environnement international s\u00fbr et favorable en d\u00e9finissant clairement les comportements accept\u00e9s et ceux, y compris la radicalisation et l'extr\u00e9misme, qui ne seront pas tol\u00e9r\u00e9s.<\/p><\/li><li><p class=\"p1\">Promouvoir les valeurs britanniques fondamentales pendant les cours et par le biais d'affiches plac\u00e9es dans les centres. L'objectif est de faire comprendre que les choses se passent ainsi au Royaume-Uni et qu'elles peuvent \u00eatre diff\u00e9rentes dans le pays de l'\u00e9tudiant.<\/p><\/li><li><p class=\"p1\">Dans la mesure du possible, d\u00e9velopper des comp\u00e9tences en mati\u00e8re de conscience critique pour lutter contre l'acceptation de l'extr\u00e9misme sans poser de questions, notamment en ce qui concerne le mat\u00e9riel en ligne.<\/p><\/li><li><p class=\"p1\">Contester les opinions radicales ou extr\u00e9mistes dans n'importe quel contexte (formel ou informel) par le biais des proc\u00e9dures \u00e9tablies. Dans la plupart des situations, cela n\u00e9cessiterait une r\u00e9ponse imm\u00e9diate, faisant r\u00e9f\u00e9rence \u00e0 l'environnement international de l'\u00e9cole, \u00e0 la tol\u00e9rance attendue, puis au signalement des probl\u00e8mes (voir section 10).<\/p><\/li><li><p class=\"p1\">\u00catre pr\u00eat \u00e0 r\u00e9agir lorsque des \u00e9v\u00e9nements mondiaux ou locaux (par exemple, les attentats de Paris) provoquent des bouleversements et la possibilit\u00e9 d'exprimer des sentiments contradictoires. Pr\u00e9venir la prise d'initiative dans ces situations.<\/p><\/li><li><p class=\"p1\">Disposer de filtres puissants sur les \u00e9quipements informatiques et de r\u00e8gles claires concernant l'acc\u00e8s aux sites web extr\u00e9mistes\/terroristes et l'utilisation des r\u00e9seaux sociaux pour \u00e9changer des points de vue extr\u00e9mistes\/terroristes.<\/p><\/li><li><p class=\"p1\">Veiller \u00e0 ce que les orateurs extr\u00e9mistes n'utilisent pas les locaux pour distribuer du mat\u00e9riel ou exposer leurs points de vue ; disposer d'un syst\u00e8me de v\u00e9rification des orateurs\/pr\u00e9sentateurs invit\u00e9s.<\/p><\/li><li><p class=\"p1\">Le personnel apprend \u00e0 conna\u00eetre les \u00e9l\u00e8ves, leur situation familiale et leurs groupes d'amis. En connaissant bien les \u00e9l\u00e8ves, il est plus facile de rep\u00e9rer les changements de comportement.<\/p><\/li><li><p class=\"p1\">Le personnel doit \u00eatre observateur et vigilant et remarquer tout signe de comportement radical ou extr\u00e9miste.<\/p><\/li><li><p class=\"p1\">Les services sociaux et l'ensemble du personnel doivent s'efforcer de soutenir tous les \u00e9l\u00e8ves identifi\u00e9s comme vuln\u00e9rables.<\/p><\/li><li><p class=\"p1\">Tout le personnel du centre re\u00e7oit \u2018<span data-teams=\"true\">Cours de sensibilisation de base \u00e0 la sauvegarde<\/span>\u2019et \u2018P<span data-teams=\"true\">revent duty training - stage de sensibilisation<\/span>\u2019Ces formations sont accompagn\u00e9es d'une session de suivi lors des journ\u00e9es de formation et d'initiation.<\/p><\/li><li><p class=\"p1\">Sensibilisation du personnel : Le formulaire de r\u00e9f\u00e9rence sur la radicalisation et l'extr\u00e9misme et la proc\u00e9dure \u00e0 suivre pour l'utiliser sont port\u00e9s \u00e0 la connaissance des membres du personnel.<\/p><\/li><\/ul>\t\t\t\t\t\t\t\t<\/div>\n\t\t\t\t<\/div>\n\t\t\t\t<\/div>\n\t\t\t\t\t<\/div>\n\t\t\t\t<\/div>\n\t\t<div class=\"elementor-element elementor-element-2d9dd3e body-text-1col e-grid e-con-boxed translate-yes e-con e-parent\" data-id=\"2d9dd3e\" data-element_type=\"container\" data-e-type=\"container\">\n\t\t\t\t\t<div class=\"e-con-inner\">\n\t\t\t\t<div class=\"elementor-element elementor-element-15185de section-style-default elementor-widget elementor-widget-Section settings\" data-id=\"15185de\" data-element_type=\"widget\" data-e-type=\"widget\" data-widget_type=\"Section settings.default\">\n\t\t\t\t<div class=\"elementor-widget-container\">\n\t\t\t\t\t\t\t\t\t\t\t<\/div>\n\t\t\t\t<\/div>\n\t\t<div class=\"elementor-element elementor-element-ca82ede e-con-full e-flex translate-yes e-con e-child\" data-id=\"ca82ede\" data-element_type=\"container\" data-e-type=\"container\">\n\t\t\t\t<div class=\"elementor-element elementor-element-aefeb6e elementor-widget elementor-widget-heading\" data-id=\"aefeb6e\" data-element_type=\"widget\" data-e-type=\"widget\" data-widget_type=\"heading.default\">\n\t\t\t\t<div class=\"elementor-widget-container\">\n\t\t\t\t\t<h2 class=\"elementor-heading-title elementor-size-default\">FORMATION<\/h2>\t\t\t\t<\/div>\n\t\t\t\t<\/div>\n\t\t\t\t<div class=\"elementor-element elementor-element-b509ada elementor-widget elementor-widget-text-editor\" data-id=\"b509ada\" data-element_type=\"widget\" data-e-type=\"widget\" data-widget_type=\"text-editor.default\">\n\t\t\t\t<div class=\"elementor-widget-container\">\n\t\t\t\t\t\t\t\t\t<ul><li><p class=\"p1\">Documents et formation en face \u00e0 face pour s'assurer que le personnel comprend cette politique, c'est-\u00e0-dire<\/p><ul><li><p class=\"p1\">comprendre le contexte et les attentes de la pr\u00e9vention<\/p><\/li><li><p class=\"p1\">leur devoir de mettre en \u0153uvre la politique<\/p><\/li><li><p class=\"p1\">comprendre la terminologie et les risques associ\u00e9s \u00e0 la radicalisation et \u00e0 l'extr\u00e9misme<\/p><\/li><li><p class=\"p1\">comment identifier et soutenir les \u00e9tudiants vuln\u00e9rables<\/p><\/li><li><p class=\"p1\">les moyens mis en \u0153uvre par l'\u00e9cole pour contrer les risques<\/p><\/li><li><p class=\"p1\">signes \u00e0 remarquer qui peuvent susciter des inqui\u00e9tudes<\/p><\/li><li><p class=\"p1\">conna\u00eetre la personne responsable de la pr\u00e9vention et les proc\u00e9dures \u00e0 suivre pour faire part de ses pr\u00e9occupations<\/p><\/li><li><p class=\"p1\">connaissent l'importance de leur propre comportement et de leur professionnalisme pour (a) \u00eatre des exemples des valeurs britanniques<\/p><p class=\"p1\">et (b) ne pas discuter de sujets incendiaires avec les \u00e9tudiants (Code de conduite).<\/p><\/li><\/ul><\/li><li><p class=\"p1\">Conserver la trace de la formation du personnel dans le dossier d\u00e9di\u00e9 de l'\u00e9quipe d'\u00e9valuation de l'impact sur la vie priv\u00e9e.<\/p><\/li><li><p class=\"p1\">S'assurer que les fournisseurs de locaux disposent d'une politique de pr\u00e9vention.<\/p><\/li><li><p class=\"p1\">Les \u00e9tudiants, les fournisseurs de locaux et les responsables de groupes d'agences doivent \u00eatre inform\u00e9s des \u00e9l\u00e9ments cl\u00e9s de la politique :<\/p><ul><li><p class=\"p1\">comprendre la terminologie<\/p><\/li><li><p class=\"p1\">l'importance de maintenir une soci\u00e9t\u00e9 solidaire et tol\u00e9rante au sein du centre<\/p><\/li><li><p class=\"p1\">ce que sont les valeurs britanniques fondamentales et pourquoi elles sont consid\u00e9r\u00e9es comme importantes<\/p><\/li><li><p class=\"p1\">toute modification du r\u00e8glement de l'\u00e9cole, notamment en ce qui concerne les technologies de l'information<\/p><\/li><li><p class=\"p1\">qu'ils doivent signaler toute pr\u00e9occupation ou tout incident, et la proc\u00e9dure \u00e0 suivre \u00e0 cet effet.<\/p><\/li><\/ul><\/li><\/ul>\t\t\t\t\t\t\t\t<\/div>\n\t\t\t\t<\/div>\n\t\t\t\t<\/div>\n\t\t\t\t\t<\/div>\n\t\t\t\t<\/div>\n\t\t<div class=\"elementor-element elementor-element-40be62 body-text-1col e-grid e-con-boxed translate-yes e-con e-parent\" data-id=\"40be62\" data-element_type=\"container\" data-e-type=\"container\">\n\t\t\t\t\t<div class=\"e-con-inner\">\n\t\t\t\t<div class=\"elementor-element elementor-element-5d62ea59 section-style-default elementor-widget elementor-widget-Section settings\" data-id=\"5d62ea59\" data-element_type=\"widget\" data-e-type=\"widget\" data-widget_type=\"Section settings.default\">\n\t\t\t\t<div class=\"elementor-widget-container\">\n\t\t\t\t\t\t\t\t\t\t\t<\/div>\n\t\t\t\t<\/div>\n\t\t<div class=\"elementor-element elementor-element-b9530b4 e-con-full e-flex translate-yes e-con e-child\" data-id=\"b9530b4\" data-element_type=\"container\" data-e-type=\"container\">\n\t\t\t\t<div class=\"elementor-element elementor-element-18cfea60 elementor-widget elementor-widget-heading\" data-id=\"18cfea60\" data-element_type=\"widget\" data-e-type=\"widget\" data-widget_type=\"heading.default\">\n\t\t\t\t<div class=\"elementor-widget-container\">\n\t\t\t\t\t<h2 class=\"elementor-heading-title elementor-size-default\">LES SIGNES QUI PEUVENT SUSCITER DES INQUI\u00c9TUDES<\/h2>\t\t\t\t<\/div>\n\t\t\t\t<\/div>\n\t\t\t\t<div class=\"elementor-element elementor-element-648de872 elementor-widget elementor-widget-text-editor\" data-id=\"648de872\" data-element_type=\"widget\" data-e-type=\"widget\" data-widget_type=\"text-editor.default\">\n\t\t\t\t<div class=\"elementor-widget-container\">\n\t\t\t\t\t\t\t\t\t<ul><li><p class=\"p1\">Les \u00e9l\u00e8ves parlent de leur exposition \u00e0 des documents ou \u00e0 des opinions extr\u00e9mistes en dehors de l'\u00e9cole<\/p><\/li><li><p class=\"p1\">Changements de comportement, par exemple en s'isolant<\/p><\/li><li><p class=\"p1\">Baisse de la qualit\u00e9 du travail, manque d'assiduit\u00e9, d\u00e9sengagement<\/p><\/li><li><p class=\"p1\">Changements d'attitude, par exemple intol\u00e9rance \u00e0 l'\u00e9gard des diff\u00e9rences \/ fermeture d'esprit<\/p><\/li><li><p class=\"p1\">Poser des questions sur certains sujets (par exemple li\u00e9s \u00e0 l'extr\u00e9misme)<\/p><\/li><li><p class=\"p1\">Proposer des opinions qui semblent provenir d'id\u00e9ologies extr\u00e9mistes<\/p><\/li><li><p class=\"p1\">Tentative d'imposer ses propres opinions\/convictions aux autres<\/p><\/li><li><p class=\"p1\">Utilisation d'un vocabulaire extr\u00e9miste pour exclure les autres ou inciter \u00e0 la violence<\/p><\/li><li><p class=\"p1\">Acc\u00e8s \u00e0 du mat\u00e9riel extr\u00e9miste en ligne ou via des sites de r\u00e9seaux sociaux<\/p><\/li><li><p class=\"p1\">Nouvelles pratiques religieuses manifestes<\/p><\/li><li><p class=\"p1\">Dessins ou affiches (par exemple, dans les logements) montrant une id\u00e9ologie, des points de vue ou des symboles extr\u00e9mistes.<\/p><\/li><li><p class=\"p1\">Les \u00e9l\u00e8ves expriment leurs pr\u00e9occupations \u00e0 l'\u00e9gard de n'importe qui<\/p><\/li><\/ul><p class=\"p1\">NB : Toute pr\u00e9occupation concernant une personne de moins de 18 ans est une question de sauvegarde et doit \u00eatre trait\u00e9e par le personnel charg\u00e9 de la sauvegarde et, si n\u00e9cessaire, par le Local Safeguarding Children Board (Conseil local de sauvegarde des enfants) : London Safeguarding Children <span class=\"s1\">Conseil d'administration et partenariat <\/span><a href=\"https:\/\/www.londonscb.gov.uk\/london-scb-contacts\/\">https:\/\/www.londonscb.gov.uk\/london-scb-contacts\/<\/a><\/p>\t\t\t\t\t\t\t\t<\/div>\n\t\t\t\t<\/div>\n\t\t\t\t<\/div>\n\t\t\t\t\t<\/div>\n\t\t\t\t<\/div>\n\t\t<div class=\"elementor-element elementor-element-1288072 body-text-1col e-grid e-con-boxed translate-yes e-con e-parent\" data-id=\"1288072\" data-element_type=\"container\" data-e-type=\"container\">\n\t\t\t\t\t<div class=\"e-con-inner\">\n\t\t\t\t<div class=\"elementor-element elementor-element-d96c7a1 section-style-default elementor-widget elementor-widget-Section settings\" data-id=\"d96c7a1\" data-element_type=\"widget\" data-e-type=\"widget\" data-widget_type=\"Section settings.default\">\n\t\t\t\t<div class=\"elementor-widget-container\">\n\t\t\t\t\t\t\t\t\t\t\t<\/div>\n\t\t\t\t<\/div>\n\t\t<div class=\"elementor-element elementor-element-e611108 e-con-full e-flex translate-yes e-con e-child\" data-id=\"e611108\" data-element_type=\"container\" data-e-type=\"container\">\n\t\t\t\t<div class=\"elementor-element elementor-element-15a0180 elementor-widget elementor-widget-heading\" data-id=\"15a0180\" data-element_type=\"widget\" data-e-type=\"widget\" data-widget_type=\"heading.default\">\n\t\t\t\t<div class=\"elementor-widget-container\">\n\t\t\t\t\t<h2 class=\"elementor-heading-title elementor-size-default\">COMMENT ET QUAND R\u00c9AGIR AUX PR\u00c9OCCUPATIONS<\/h2>\t\t\t\t<\/div>\n\t\t\t\t<\/div>\n\t\t\t\t<div class=\"elementor-element elementor-element-6a53433 elementor-widget elementor-widget-text-editor\" data-id=\"6a53433\" data-element_type=\"widget\" data-e-type=\"widget\" data-widget_type=\"text-editor.default\">\n\t\t\t\t<div class=\"elementor-widget-container\">\n\t\t\t\t\t\t\t\t\t<ul><li><p class=\"p1\">Tout membre du personnel ayant des inqui\u00e9tudes doit en faire part au responsable de l'aide sociale du centre et remplir le formulaire de signalement de la radicalisation et de l'extr\u00e9misme.<\/p><\/li><li><p class=\"p1\">Le formulaire sera imm\u00e9diatement transmis \u00e0 l'entreprise Prevent Lead Daniele Pluchino (daniele.pluchino@malvernplc.com, t\u00e9l\u00e9phone +39 3476778250).<\/p><b><\/b><\/li><li><p class=\"p1\">La confidentialit\u00e9 est assur\u00e9e pour la personne qui signale un probl\u00e8me.<\/p><\/li><li><p class=\"p1\">Chacun est invit\u00e9 \u00e0 signaler tout probl\u00e8me ou incident, aussi minime soit-il.<\/p><\/li><li><p class=\"p1\">L'assurance que tout sera trait\u00e9 avec sensibilit\u00e9 et attention.<\/p><\/li><li><p class=\"p1\">Le responsable de la pr\u00e9vention doit signaler l'incident \u00e0 la police locale et aux services sociaux si n\u00e9cessaire.<\/p><\/li><\/ul>\t\t\t\t\t\t\t\t<\/div>\n\t\t\t\t<\/div>\n\t\t\t\t<\/div>\n\t\t\t\t\t<\/div>\n\t\t\t\t<\/div>\n\t\t\t\t<\/div>","protected":false},"excerpt":{"rendered":"<p>Policies Anti-Radicalisation and Extremism (Prevent) Policy Last updated 10\/04\/2026 STATEMENT Language in Action understands its responsibilities under the Counter Terrorism &amp; Security Act 2015 to prevent people of all ages being radicalised or drawn into terrorism and seeks to meet its obligations in the ways shown below, after setting the context. CONTEXT Language in Action [&hellip;]<\/p>\n","protected":false},"author":27,"featured_media":0,"parent":44379,"menu_order":0,"comment_status":"closed","ping_status":"closed","template":"","meta":{"_acf_changed":false,"footnotes":""},"class_list":["post-45073","page","type-page","status-publish","hentry"],"acf":[],"yoast_head":"<!-- This site is optimized with the Yoast SEO plugin v27.5 - https:\/\/yoast.com\/product\/yoast-seo-wordpress\/ -->\n<title>Anti-Radicalisation and Extremism Prevent Policy - Language in Action<\/title>\n<meta name=\"robots\" content=\"index, follow, max-snippet:-1, max-image-preview:large, max-video-preview:-1\" \/>\n<link rel=\"canonical\" href=\"https:\/\/languageinactionltd.co.uk\/fr\/politiques\/politique-de-prevention-de-la-radicalisation-et-de-lextremisme\/\" \/>\n<meta property=\"og:locale\" content=\"fr_FR\" \/>\n<meta property=\"og:type\" content=\"article\" \/>\n<meta property=\"og:title\" content=\"Anti-Radicalisation and Extremism Prevent Policy - Language in Action\" \/>\n<meta property=\"og:description\" content=\"Policies Anti-Radicalisation and Extremism (Prevent) Policy Last updated 10\/04\/2026 STATEMENT Language in Action understands its responsibilities under the Counter Terrorism &amp; Security Act 2015 to prevent people of all ages being radicalised or drawn into terrorism and seeks to meet its obligations in the ways shown below, after setting the context. CONTEXT Language in Action [&hellip;]\" \/>\n<meta property=\"og:url\" content=\"https:\/\/languageinactionltd.co.uk\/fr\/politiques\/politique-de-prevention-de-la-radicalisation-et-de-lextremisme\/\" \/>\n<meta property=\"og:site_name\" content=\"Language in Action\" \/>\n<meta property=\"article:modified_time\" content=\"2026-04-13T10:34:32+00:00\" \/>\n<meta property=\"og:image\" content=\"https:\/\/languageinactionltd.co.uk\/wp-content\/uploads\/sites\/9\/2025\/08\/lia-social.png\" \/>\n\t<meta property=\"og:image:width\" content=\"1200\" \/>\n\t<meta property=\"og:image:height\" content=\"675\" \/>\n\t<meta property=\"og:image:type\" content=\"image\/png\" \/>\n<meta name=\"twitter:card\" content=\"summary_large_image\" \/>\n<meta name=\"twitter:label1\" content=\"Dur\u00e9e de lecture estim\u00e9e\" \/>\n\t<meta name=\"twitter:data1\" content=\"6 minutes\" \/>\n<script type=\"application\/ld+json\" class=\"yoast-schema-graph\">{\"@context\":\"https:\\\/\\\/schema.org\",\"@graph\":[{\"@type\":\"WebPage\",\"@id\":\"https:\\\/\\\/languageinactionltd.co.uk\\\/policies\\\/anti-radicalisation-and-extremism-prevent-policy\\\/\",\"url\":\"https:\\\/\\\/languageinactionltd.co.uk\\\/policies\\\/anti-radicalisation-and-extremism-prevent-policy\\\/\",\"name\":\"Anti-Radicalisation and Extremism Prevent Policy - Language in Action\",\"isPartOf\":{\"@id\":\"https:\\\/\\\/languageinactionltd.co.uk\\\/#website\"},\"datePublished\":\"2025-08-28T07:16:53+00:00\",\"dateModified\":\"2026-04-13T10:34:32+00:00\",\"breadcrumb\":{\"@id\":\"https:\\\/\\\/languageinactionltd.co.uk\\\/policies\\\/anti-radicalisation-and-extremism-prevent-policy\\\/#breadcrumb\"},\"inLanguage\":\"fr-FR\",\"potentialAction\":[{\"@type\":\"ReadAction\",\"target\":[\"https:\\\/\\\/languageinactionltd.co.uk\\\/policies\\\/anti-radicalisation-and-extremism-prevent-policy\\\/\"]}]},{\"@type\":\"BreadcrumbList\",\"@id\":\"https:\\\/\\\/languageinactionltd.co.uk\\\/policies\\\/anti-radicalisation-and-extremism-prevent-policy\\\/#breadcrumb\",\"itemListElement\":[{\"@type\":\"ListItem\",\"position\":1,\"name\":\"Home\",\"item\":\"https:\\\/\\\/languageinactionltd.co.uk\\\/\"},{\"@type\":\"ListItem\",\"position\":2,\"name\":\"Policies\",\"item\":\"https:\\\/\\\/languageinactionltd.co.uk\\\/policies\\\/\"},{\"@type\":\"ListItem\",\"position\":3,\"name\":\"Anti-Radicalisation and Extremism Prevent Policy\"}]},{\"@type\":\"WebSite\",\"@id\":\"https:\\\/\\\/languageinactionltd.co.uk\\\/#website\",\"url\":\"https:\\\/\\\/languageinactionltd.co.uk\\\/\",\"name\":\"Language in Action\",\"description\":\"\",\"potentialAction\":[{\"@type\":\"SearchAction\",\"target\":{\"@type\":\"EntryPoint\",\"urlTemplate\":\"https:\\\/\\\/languageinactionltd.co.uk\\\/?s={search_term_string}\"},\"query-input\":{\"@type\":\"PropertyValueSpecification\",\"valueRequired\":true,\"valueName\":\"search_term_string\"}}],\"inLanguage\":\"fr-FR\"}]}<\/script>\n<!-- \/ Yoast SEO plugin. -->","yoast_head_json":{"title":"Politique de pr\u00e9vention de la radicalisation et de l'extr\u00e9misme - La langue en action","robots":{"index":"index","follow":"follow","max-snippet":"max-snippet:-1","max-image-preview":"max-image-preview:large","max-video-preview":"max-video-preview:-1"},"canonical":"https:\/\/languageinactionltd.co.uk\/fr\/politiques\/politique-de-prevention-de-la-radicalisation-et-de-lextremisme\/","og_locale":"fr_FR","og_type":"article","og_title":"Anti-Radicalisation and Extremism Prevent Policy - Language in Action","og_description":"Policies Anti-Radicalisation and Extremism (Prevent) Policy Last updated 10\/04\/2026 STATEMENT Language in Action understands its responsibilities under the Counter Terrorism &amp; Security Act 2015 to prevent people of all ages being radicalised or drawn into terrorism and seeks to meet its obligations in the ways shown below, after setting the context. CONTEXT Language in Action [&hellip;]","og_url":"https:\/\/languageinactionltd.co.uk\/fr\/politiques\/politique-de-prevention-de-la-radicalisation-et-de-lextremisme\/","og_site_name":"Language in Action","article_modified_time":"2026-04-13T10:34:32+00:00","og_image":[{"width":1200,"height":675,"url":"https:\/\/languageinactionltd.co.uk\/wp-content\/uploads\/sites\/9\/2025\/08\/lia-social.png","type":"image\/png"}],"twitter_card":"summary_large_image","twitter_misc":{"Dur\u00e9e de lecture estim\u00e9e":"6 minutes"},"schema":{"@context":"https:\/\/schema.org","@graph":[{"@type":"WebPage","@id":"https:\/\/languageinactionltd.co.uk\/policies\/anti-radicalisation-and-extremism-prevent-policy\/","url":"https:\/\/languageinactionltd.co.uk\/policies\/anti-radicalisation-and-extremism-prevent-policy\/","name":"Politique de pr\u00e9vention de la radicalisation et de l'extr\u00e9misme - La langue en action","isPartOf":{"@id":"https:\/\/languageinactionltd.co.uk\/#website"},"datePublished":"2025-08-28T07:16:53+00:00","dateModified":"2026-04-13T10:34:32+00:00","breadcrumb":{"@id":"https:\/\/languageinactionltd.co.uk\/policies\/anti-radicalisation-and-extremism-prevent-policy\/#breadcrumb"},"inLanguage":"fr-FR","potentialAction":[{"@type":"ReadAction","target":["https:\/\/languageinactionltd.co.uk\/policies\/anti-radicalisation-and-extremism-prevent-policy\/"]}]},{"@type":"BreadcrumbList","@id":"https:\/\/languageinactionltd.co.uk\/policies\/anti-radicalisation-and-extremism-prevent-policy\/#breadcrumb","itemListElement":[{"@type":"ListItem","position":1,"name":"Home","item":"https:\/\/languageinactionltd.co.uk\/"},{"@type":"ListItem","position":2,"name":"Policies","item":"https:\/\/languageinactionltd.co.uk\/policies\/"},{"@type":"ListItem","position":3,"name":"Anti-Radicalisation and Extremism Prevent Policy"}]},{"@type":"WebSite","@id":"https:\/\/languageinactionltd.co.uk\/#website","url":"https:\/\/languageinactionltd.co.uk\/","name":"La langue en action","description":"","potentialAction":[{"@type":"SearchAction","target":{"@type":"EntryPoint","urlTemplate":"https:\/\/languageinactionltd.co.uk\/?s={search_term_string}"},"query-input":{"@type":"PropertyValueSpecification","valueRequired":true,"valueName":"search_term_string"}}],"inLanguage":"fr-FR"}]}},"_links":{"self":[{"href":"https:\/\/languageinactionltd.co.uk\/fr\/wp-json\/wp\/v2\/pages\/45073","targetHints":{"allow":["GET"]}}],"collection":[{"href":"https:\/\/languageinactionltd.co.uk\/fr\/wp-json\/wp\/v2\/pages"}],"about":[{"href":"https:\/\/languageinactionltd.co.uk\/fr\/wp-json\/wp\/v2\/types\/page"}],"author":[{"embeddable":true,"href":"https:\/\/languageinactionltd.co.uk\/fr\/wp-json\/wp\/v2\/users\/27"}],"replies":[{"embeddable":true,"href":"https:\/\/languageinactionltd.co.uk\/fr\/wp-json\/wp\/v2\/comments?post=45073"}],"version-history":[{"count":25,"href":"https:\/\/languageinactionltd.co.uk\/fr\/wp-json\/wp\/v2\/pages\/45073\/revisions"}],"predecessor-version":[{"id":47687,"href":"https:\/\/languageinactionltd.co.uk\/fr\/wp-json\/wp\/v2\/pages\/45073\/revisions\/47687"}],"up":[{"embeddable":true,"href":"https:\/\/languageinactionltd.co.uk\/fr\/wp-json\/wp\/v2\/pages\/44379"}],"wp:attachment":[{"href":"https:\/\/languageinactionltd.co.uk\/fr\/wp-json\/wp\/v2\/media?parent=45073"}],"curies":[{"name":"wp","href":"https:\/\/api.w.org\/{rel}","templated":true}]}}