{"id":45073,"date":"2025-08-28T07:16:53","date_gmt":"2025-08-28T07:16:53","guid":{"rendered":"https:\/\/languageinactionltd.co.uk\/?page_id=45073"},"modified":"2026-04-13T10:34:32","modified_gmt":"2026-04-13T10:34:32","slug":"politica-de-prevencion-de-la-radicalizacion-y-el-extremismo","status":"publish","type":"page","link":"https:\/\/languageinactionltd.co.uk\/es_mx\/policies\/anti-radicalisation-and-extremism-prevent-policy\/","title":{"rendered":"Pol\u00edtica de prevenci\u00f3n contra la radicalizaci\u00f3n y el extremismo"},"content":{"rendered":"<div data-elementor-type=\"wp-page\" data-elementor-id=\"45073\" class=\"elementor elementor-45073\" data-elementor-post-type=\"page\">\n\t\t\t\t<div class=\"elementor-element elementor-element-3429231a body-header-small e-flex e-con-boxed translate-yes e-con e-parent\" data-id=\"3429231a\" data-element_type=\"container\" data-e-type=\"container\" data-settings=\"{&quot;background_background&quot;:&quot;classic&quot;}\">\n\t\t\t\t\t<div class=\"e-con-inner\">\n\t\t<div class=\"elementor-element elementor-element-6ff3a152 e-con-full e-flex translate-yes e-con e-child\" data-id=\"6ff3a152\" data-element_type=\"container\" data-e-type=\"container\">\n\t\t\t\t<div class=\"elementor-element elementor-element-12c4f75d sub-heading elementor-widget elementor-widget-heading\" data-id=\"12c4f75d\" data-element_type=\"widget\" data-e-type=\"widget\" data-widget_type=\"heading.default\">\n\t\t\t\t<div class=\"elementor-widget-container\">\n\t\t\t\t\t<span class=\"elementor-heading-title elementor-size-default\">Pol\u00edticas<\/span>\t\t\t\t<\/div>\n\t\t\t\t<\/div>\n\t\t<div class=\"elementor-element elementor-element-1ac81eae e-con-full e-flex translate-yes e-con e-child\" data-id=\"1ac81eae\" data-element_type=\"container\" data-e-type=\"container\">\n\t\t\t\t<div class=\"elementor-element elementor-element-5bbdcacb elementor-widget elementor-widget-heading\" data-id=\"5bbdcacb\" data-element_type=\"widget\" data-e-type=\"widget\" data-widget_type=\"heading.default\">\n\t\t\t\t<div class=\"elementor-widget-container\">\n\t\t\t\t\t<h1 class=\"elementor-heading-title elementor-size-default\">Pol\u00edtica de prevenci\u00f3n de la radicalizaci\u00f3n y el extremismo<\/h1>\t\t\t\t<\/div>\n\t\t\t\t<\/div>\n\t\t\t\t<div class=\"elementor-element elementor-element-d403500 elementor-widget elementor-widget-text-editor\" data-id=\"d403500\" data-element_type=\"widget\" data-e-type=\"widget\" data-widget_type=\"text-editor.default\">\n\t\t\t\t<div class=\"elementor-widget-container\">\n\t\t\t\t\t\t\t\t\t<p><i>\u00daltima actualizaci\u00f3n 10\/04\/2026<\/i><\/p>\t\t\t\t\t\t\t\t<\/div>\n\t\t\t\t<\/div>\n\t\t\t\t<\/div>\n\t\t\t\t<\/div>\n\t\t\t\t\t<\/div>\n\t\t\t\t<\/div>\n\t\t<div class=\"elementor-element elementor-element-685080bc body-text-1col e-grid e-con-boxed translate-yes e-con e-parent\" data-id=\"685080bc\" data-element_type=\"container\" data-e-type=\"container\">\n\t\t\t\t\t<div class=\"e-con-inner\">\n\t\t\t\t<div class=\"elementor-element elementor-element-4c0349f2 section-style-default elementor-widget elementor-widget-Section settings\" data-id=\"4c0349f2\" data-element_type=\"widget\" data-e-type=\"widget\" data-widget_type=\"Section settings.default\">\n\t\t\t\t<div class=\"elementor-widget-container\">\n\t\t\t\t\t\t\t\t\t\t\t<\/div>\n\t\t\t\t<\/div>\n\t\t<div class=\"elementor-element elementor-element-43ee8377 e-con-full e-flex translate-yes e-con e-child\" data-id=\"43ee8377\" data-element_type=\"container\" data-e-type=\"container\">\n\t\t\t\t<div class=\"elementor-element elementor-element-37ee0f07 elementor-widget elementor-widget-heading\" data-id=\"37ee0f07\" data-element_type=\"widget\" data-e-type=\"widget\" data-widget_type=\"heading.default\">\n\t\t\t\t<div class=\"elementor-widget-container\">\n\t\t\t\t\t<h2 class=\"elementor-heading-title elementor-size-default\">DECLARACI\u00d3N<\/h2>\t\t\t\t<\/div>\n\t\t\t\t<\/div>\n\t\t\t\t<div class=\"elementor-element elementor-element-69595c39 elementor-widget elementor-widget-text-editor\" data-id=\"69595c39\" data-element_type=\"widget\" data-e-type=\"widget\" data-widget_type=\"text-editor.default\">\n\t\t\t\t<div class=\"elementor-widget-container\">\n\t\t\t\t\t\t\t\t\t<p class=\"p1\">Language in Action comprende sus responsabilidades en virtud de la Ley de Seguridad y Lucha contra el Terrorismo de 2015 para evitar que personas de todas las edades se radicalicen o se vean arrastradas al terrorismo, y trata de cumplir con sus obligaciones de la manera que se indica a continuaci\u00f3n, tras establecer el contexto.<\/p>\t\t\t\t\t\t\t\t<\/div>\n\t\t\t\t<\/div>\n\t\t\t\t<\/div>\n\t\t\t\t\t<\/div>\n\t\t\t\t<\/div>\n\t\t<div class=\"elementor-element elementor-element-04a3924 body-text-1col e-grid e-con-boxed translate-yes e-con e-parent\" data-id=\"04a3924\" data-element_type=\"container\" data-e-type=\"container\">\n\t\t\t\t\t<div class=\"e-con-inner\">\n\t\t\t\t<div class=\"elementor-element elementor-element-0ebc57e section-style-default elementor-widget elementor-widget-Section settings\" data-id=\"0ebc57e\" data-element_type=\"widget\" data-e-type=\"widget\" data-widget_type=\"Section settings.default\">\n\t\t\t\t<div class=\"elementor-widget-container\">\n\t\t\t\t\t\t\t\t\t\t\t<\/div>\n\t\t\t\t<\/div>\n\t\t<div class=\"elementor-element elementor-element-c4e2759 e-con-full e-flex translate-yes e-con e-child\" data-id=\"c4e2759\" data-element_type=\"container\" data-e-type=\"container\">\n\t\t\t\t<div class=\"elementor-element elementor-element-28fa01c elementor-widget elementor-widget-heading\" data-id=\"28fa01c\" data-element_type=\"widget\" data-e-type=\"widget\" data-widget_type=\"heading.default\">\n\t\t\t\t<div class=\"elementor-widget-container\">\n\t\t\t\t\t<h2 class=\"elementor-heading-title elementor-size-default\">CONTEXTO<\/h2>\t\t\t\t<\/div>\n\t\t\t\t<\/div>\n\t\t\t\t<div class=\"elementor-element elementor-element-c285a65 elementor-widget elementor-widget-text-editor\" data-id=\"c285a65\" data-element_type=\"widget\" data-e-type=\"widget\" data-widget_type=\"text-editor.default\">\n\t\t\t\t<div class=\"elementor-widget-container\">\n\t\t\t\t\t\t\t\t\t<ul><li><p class=\"p1\">Language in Action normalmente acepta estudiantes de entre 12 y 17 a\u00f1os (los estudiantes de entre 18 y 19 a\u00f1os pueden formar parte de grupos compuestos por estudiantes menores de edad si forman parte de programas de secundaria en sus propios pa\u00edses) y de muchos pa\u00edses diferentes de todo el mundo.<\/p><\/li><li><p class=\"p1\">Language in Action tiene centros en Londres, Manchester, Canterbury, Liverpool y Oundle, ciudades con una poblaci\u00f3n local multicultural.<\/p><\/li><li><p class=\"p1\">Language in Action siempre ha promovido un ambiente multicultural en el que se espera y se exige el respeto y la tolerancia hacia las creencias de los dem\u00e1s.<\/p><\/li><li><p class=\"p1\">Language in Action promueve los valores fundamentales brit\u00e1nicos, la cultura y las tradiciones brit\u00e1nicas, reflejando y celebrando la diversidad multicultural del Reino Unido actual. Cuando sea apropiado, esto se puede incorporar como parte de las clases, pero los estudiantes tambi\u00e9n reciben una visi\u00f3n general de ello durante su primer d\u00eda en nuestros centros, como parte del proceso de orientaci\u00f3n.<\/p><\/li><\/ul>\t\t\t\t\t\t\t\t<\/div>\n\t\t\t\t<\/div>\n\t\t\t\t<\/div>\n\t\t\t\t\t<\/div>\n\t\t\t\t<\/div>\n\t\t<div class=\"elementor-element elementor-element-c487973 body-text-1col e-grid e-con-boxed translate-yes e-con e-parent\" data-id=\"c487973\" data-element_type=\"container\" data-e-type=\"container\">\n\t\t\t\t\t<div class=\"e-con-inner\">\n\t\t\t\t<div class=\"elementor-element elementor-element-1fdf5a0 section-style-default elementor-widget elementor-widget-Section settings\" data-id=\"1fdf5a0\" data-element_type=\"widget\" data-e-type=\"widget\" data-widget_type=\"Section settings.default\">\n\t\t\t\t<div class=\"elementor-widget-container\">\n\t\t\t\t\t\t\t\t\t\t\t<\/div>\n\t\t\t\t<\/div>\n\t\t<div class=\"elementor-element elementor-element-80ffaab e-con-full e-flex translate-yes e-con e-child\" data-id=\"80ffaab\" data-element_type=\"container\" data-e-type=\"container\">\n\t\t\t\t<div class=\"elementor-element elementor-element-8ed3402 elementor-widget elementor-widget-heading\" data-id=\"8ed3402\" data-element_type=\"widget\" data-e-type=\"widget\" data-widget_type=\"heading.default\">\n\t\t\t\t<div class=\"elementor-widget-container\">\n\t\t\t\t\t<h2 class=\"elementor-heading-title elementor-size-default\">FUERTE LIDERAZGO<\/h2>\t\t\t\t<\/div>\n\t\t\t\t<\/div>\n\t\t\t\t<div class=\"elementor-element elementor-element-74ad18f elementor-widget elementor-widget-text-editor\" data-id=\"74ad18f\" data-element_type=\"widget\" data-e-type=\"widget\" data-widget_type=\"text-editor.default\">\n\t\t\t\t<div class=\"elementor-widget-container\">\n\t\t\t\t\t\t\t\t\t<ul><li><p class=\"p1\">La responsabilidad de garantizar el cumplimiento del deber de prevenci\u00f3n recae en el subdirector de Juniors, Daniele Pluchino (responsable designado de protecci\u00f3n; PREVENT se considera parte de la protecci\u00f3n).<\/p><\/li><li><p class=\"p1\">La responsabilidad del plan de acci\u00f3n\/evaluaci\u00f3n de riesgos de prevenci\u00f3n (v\u00e9ase el punto 4 m\u00e1s abajo) y de la pol\u00edtica recae en el subdirector de Juniors, Daniele Pluchino.<\/p><\/li><li><p class=\"p1\">Los directores de programa son designados responsables de protecci\u00f3n infantil para cubrir las ausencias del responsable designado de protecci\u00f3n infantil.<\/p><\/li><li><p class=\"p1\">Cada centro cuenta con un Responsable de Bienestar que se encarga de garantizar el cumplimiento del Deber de Prevenci\u00f3n en el centro y de informar de cualquier problema al DSL.<\/p><\/li><li><p class=\"p1\">Sus funciones consisten en garantizar la aplicaci\u00f3n de una pol\u00edtica y un plan de acci\u00f3n\/evaluaci\u00f3n de riesgos eficaces, tal como se indica en el presente documento.<\/p><\/li><\/ul>\t\t\t\t\t\t\t\t<\/div>\n\t\t\t\t<\/div>\n\t\t\t\t<\/div>\n\t\t\t\t\t<\/div>\n\t\t\t\t<\/div>\n\t\t<div class=\"elementor-element elementor-element-7188aac body-text-1col e-grid e-con-boxed translate-yes e-con e-parent\" data-id=\"7188aac\" data-element_type=\"container\" data-e-type=\"container\">\n\t\t\t\t\t<div class=\"e-con-inner\">\n\t\t\t\t<div class=\"elementor-element elementor-element-4cafaad section-style-default elementor-widget elementor-widget-Section settings\" data-id=\"4cafaad\" data-element_type=\"widget\" data-e-type=\"widget\" data-widget_type=\"Section settings.default\">\n\t\t\t\t<div class=\"elementor-widget-container\">\n\t\t\t\t\t\t\t\t\t\t\t<\/div>\n\t\t\t\t<\/div>\n\t\t<div class=\"elementor-element elementor-element-96eba15 e-con-full e-flex translate-yes e-con e-child\" data-id=\"96eba15\" data-element_type=\"container\" data-e-type=\"container\">\n\t\t\t\t<div class=\"elementor-element elementor-element-585aff0 elementor-widget elementor-widget-heading\" data-id=\"585aff0\" data-element_type=\"widget\" data-e-type=\"widget\" data-widget_type=\"heading.default\">\n\t\t\t\t<div class=\"elementor-widget-container\">\n\t\t\t\t\t<h2 class=\"elementor-heading-title elementor-size-default\">EVALUACI\u00d3N DE RIESGOS DE LA SITUACI\u00d3N ACTUAL Y PLAN DE ACCI\u00d3N PARA EL FUTURO<\/h2>\t\t\t\t<\/div>\n\t\t\t\t<\/div>\n\t\t\t\t<div class=\"elementor-element elementor-element-3578c7f elementor-widget elementor-widget-text-editor\" data-id=\"3578c7f\" data-element_type=\"widget\" data-e-type=\"widget\" data-widget_type=\"text-editor.default\">\n\t\t\t\t<div class=\"elementor-widget-container\">\n\t\t\t\t\t\t\t\t\t<p class=\"p1\">Se ha elaborado un plan de acci\u00f3n\/evaluaci\u00f3n de riesgos que muestra lo que ya se est\u00e1 haciendo y lo que queda por hacer; se revisar\u00e1 y actualizar\u00e1 al menos una vez al a\u00f1o.<\/p><p>\u00a0<\/p>\t\t\t\t\t\t\t\t<\/div>\n\t\t\t\t<\/div>\n\t\t\t\t<\/div>\n\t\t\t\t\t<\/div>\n\t\t\t\t<\/div>\n\t\t<div class=\"elementor-element elementor-element-f950ff4 body-text-1col e-grid e-con-boxed translate-yes e-con e-parent\" data-id=\"f950ff4\" data-element_type=\"container\" data-e-type=\"container\">\n\t\t\t\t\t<div class=\"e-con-inner\">\n\t\t\t\t<div class=\"elementor-element elementor-element-8668eca section-style-default elementor-widget elementor-widget-Section settings\" data-id=\"8668eca\" data-element_type=\"widget\" data-e-type=\"widget\" data-widget_type=\"Section settings.default\">\n\t\t\t\t<div class=\"elementor-widget-container\">\n\t\t\t\t\t\t\t\t\t\t\t<\/div>\n\t\t\t\t<\/div>\n\t\t<div class=\"elementor-element elementor-element-0f0140e e-con-full e-flex translate-yes e-con e-child\" data-id=\"0f0140e\" data-element_type=\"container\" data-e-type=\"container\">\n\t\t\t\t<div class=\"elementor-element elementor-element-08a7f30 elementor-widget elementor-widget-heading\" data-id=\"08a7f30\" data-element_type=\"widget\" data-e-type=\"widget\" data-widget_type=\"heading.default\">\n\t\t\t\t<div class=\"elementor-widget-container\">\n\t\t\t\t\t<h2 class=\"elementor-heading-title elementor-size-default\">TRABAJAR CON SOCIOS LOCALES<\/h2>\t\t\t\t<\/div>\n\t\t\t\t<\/div>\n\t\t\t\t<div class=\"elementor-element elementor-element-d86ef5b elementor-widget elementor-widget-text-editor\" data-id=\"d86ef5b\" data-element_type=\"widget\" data-e-type=\"widget\" data-widget_type=\"text-editor.default\">\n\t\t\t\t<div class=\"elementor-widget-container\">\n\t\t\t\t\t\t\t\t\t<ul><li><p class=\"p1\">Establecer y mantener contacto con la polic\u00eda local\/autoridad local. Los responsables de prevenci\u00f3n deben comprender su funci\u00f3n y el apoyo disponible (por ejemplo, a trav\u00e9s del proceso Channel).<\/p><\/li><li><p class=\"p1\">P\u00f3ngase en contacto con las autoridades locales para conocer otros organismos locales \u00fatiles.<\/p><\/li><li><p class=\"p1\">Desarrollar v\u00ednculos locales en materia de prevenci\u00f3n con otras organizaciones similares.<\/p><\/li><li><p class=\"p1\">Compartir informaci\u00f3n con todas las organizaciones locales, seg\u00fan proceda.<\/p><\/li><\/ul>\t\t\t\t\t\t\t\t<\/div>\n\t\t\t\t<\/div>\n\t\t\t\t<\/div>\n\t\t\t\t\t<\/div>\n\t\t\t\t<\/div>\n\t\t<div class=\"elementor-element elementor-element-a2bd694 body-text-1col e-grid e-con-boxed translate-yes e-con e-parent\" data-id=\"a2bd694\" data-element_type=\"container\" data-e-type=\"container\">\n\t\t\t\t\t<div class=\"e-con-inner\">\n\t\t\t\t<div class=\"elementor-element elementor-element-7ed30a6 section-style-default elementor-widget elementor-widget-Section settings\" data-id=\"7ed30a6\" data-element_type=\"widget\" data-e-type=\"widget\" data-widget_type=\"Section settings.default\">\n\t\t\t\t<div class=\"elementor-widget-container\">\n\t\t\t\t\t\t\t\t\t\t\t<\/div>\n\t\t\t\t<\/div>\n\t\t<div class=\"elementor-element elementor-element-25382df e-con-full e-flex translate-yes e-con e-child\" data-id=\"25382df\" data-element_type=\"container\" data-e-type=\"container\">\n\t\t\t\t<div class=\"elementor-element elementor-element-41b05c3 elementor-widget elementor-widget-heading\" data-id=\"41b05c3\" data-element_type=\"widget\" data-e-type=\"widget\" data-widget_type=\"heading.default\">\n\t\t\t\t<div class=\"elementor-widget-container\">\n\t\t\t\t\t<h2 class=\"elementor-heading-title elementor-size-default\">COMPRENDER LA TERMINOLOG\u00cdA<\/h2>\t\t\t\t<\/div>\n\t\t\t\t<\/div>\n\t\t\t\t<div class=\"elementor-element elementor-element-750e5a2 elementor-widget elementor-widget-text-editor\" data-id=\"750e5a2\" data-element_type=\"widget\" data-e-type=\"widget\" data-widget_type=\"text-editor.default\">\n\t\t\t\t<div class=\"elementor-widget-container\">\n\t\t\t\t\t\t\t\t\t<ul><li><p class=\"p1\">Radicalizaci\u00f3n: acto o proceso de radicalizar a una persona o de favorecer cambios extremos o fundamentales en las condiciones pol\u00edticas, econ\u00f3micas o sociales, las instituciones o los h\u00e1bitos mentales.<\/p><\/li><li><p class=\"p1\">Extremismo*: mantener opiniones pol\u00edticas o religiosas extremas que pueden negar el derecho a cualquier grupo o individuo. Puede expresarse en oposici\u00f3n vocal o activa a.<\/p><\/li><li><p class=\"p1\">Valores brit\u00e1nicos fundamentales: entre ellos (i) la democracia, (ii) el Estado de Derecho, (iii) la libertad individual (iv) la tolerancia respetuosa de las distintas confesiones o creencias.<\/p><\/li><\/ul><p class=\"p1\">* Nota: el extremismo puede referirse a una serie de opiniones, como el racismo, la homofobia o la ideolog\u00eda de derechas, as\u00ed como a cualquier extremismo religioso.<\/p>\t\t\t\t\t\t\t\t<\/div>\n\t\t\t\t<\/div>\n\t\t\t\t<\/div>\n\t\t\t\t\t<\/div>\n\t\t\t\t<\/div>\n\t\t<div class=\"elementor-element elementor-element-217354b body-text-1col e-grid e-con-boxed translate-yes e-con e-parent\" data-id=\"217354b\" data-element_type=\"container\" data-e-type=\"container\">\n\t\t\t\t\t<div class=\"e-con-inner\">\n\t\t\t\t<div class=\"elementor-element elementor-element-460de20 section-style-default elementor-widget elementor-widget-Section settings\" data-id=\"460de20\" data-element_type=\"widget\" data-e-type=\"widget\" data-widget_type=\"Section settings.default\">\n\t\t\t\t<div class=\"elementor-widget-container\">\n\t\t\t\t\t\t\t\t\t\t\t<\/div>\n\t\t\t\t<\/div>\n\t\t<div class=\"elementor-element elementor-element-84eb37c e-con-full e-flex translate-yes e-con e-child\" data-id=\"84eb37c\" data-element_type=\"container\" data-e-type=\"container\">\n\t\t\t\t<div class=\"elementor-element elementor-element-f8e5a67 elementor-widget elementor-widget-heading\" data-id=\"f8e5a67\" data-element_type=\"widget\" data-e-type=\"widget\" data-widget_type=\"heading.default\">\n\t\t\t\t<div class=\"elementor-widget-container\">\n\t\t\t\t\t<h2 class=\"elementor-heading-title elementor-size-default\">COMPRENDER EL RIESGO DE EXTREMISMO<\/h2>\t\t\t\t<\/div>\n\t\t\t\t<\/div>\n\t\t\t\t<div class=\"elementor-element elementor-element-8a0c19e elementor-widget elementor-widget-text-editor\" data-id=\"8a0c19e\" data-element_type=\"widget\" data-e-type=\"widget\" data-widget_type=\"text-editor.default\">\n\t\t\t\t<div class=\"elementor-widget-container\">\n\t\t\t\t\t\t\t\t\t<ul><li><p class=\"p1\">El personal, los alumnos y otros adultos (jefes de grupo de la agencia, personal de los locales, etc.) pueden llegar a la escuela con opiniones extremistas.<\/p><\/li><li><p class=\"p1\">O, aunque formen parte de la escuela, pueden verse influidos por una serie de factores: acontecimientos mundiales, presi\u00f3n de los compa\u00f1eros, medios de comunicaci\u00f3n, opiniones de la familia, material extremista en papel o en l\u00ednea, oradores inspiradores, amigos o familiares perjudicados, redes sociales.<\/p><\/li><li><p class=\"p1\">Las personas vulnerables son m\u00e1s propensas a dejarse influir.<\/p><\/li><li><p class=\"p1\">Su vulnerabilidad puede deberse a diversas causas: p\u00e9rdida de identidad o sentimiento de pertenencia, aislamiento, exclusi\u00f3n, problemas de salud mental, sensaci\u00f3n de injusticia, crisis personal, v\u00edctima de delitos de odio o discriminaci\u00f3n, duelo...<\/p><\/li><\/ul>\t\t\t\t\t\t\t\t<\/div>\n\t\t\t\t<\/div>\n\t\t\t\t<\/div>\n\t\t\t\t\t<\/div>\n\t\t\t\t<\/div>\n\t\t<div class=\"elementor-element elementor-element-93880db body-text-1col e-grid e-con-boxed translate-yes e-con e-parent\" data-id=\"93880db\" data-element_type=\"container\" data-e-type=\"container\">\n\t\t\t\t\t<div class=\"e-con-inner\">\n\t\t\t\t<div class=\"elementor-element elementor-element-b80c050 section-style-default elementor-widget elementor-widget-Section settings\" data-id=\"b80c050\" data-element_type=\"widget\" data-e-type=\"widget\" data-widget_type=\"Section settings.default\">\n\t\t\t\t<div class=\"elementor-widget-container\">\n\t\t\t\t\t\t\t\t\t\t\t<\/div>\n\t\t\t\t<\/div>\n\t\t<div class=\"elementor-element elementor-element-8c12eb4 e-con-full e-flex translate-yes e-con e-child\" data-id=\"8c12eb4\" data-element_type=\"container\" data-e-type=\"container\">\n\t\t\t\t<div class=\"elementor-element elementor-element-89d4157 elementor-widget elementor-widget-heading\" data-id=\"89d4157\" data-element_type=\"widget\" data-e-type=\"widget\" data-widget_type=\"heading.default\">\n\t\t\t\t<div class=\"elementor-widget-container\">\n\t\t\t\t\t<h2 class=\"elementor-heading-title elementor-size-default\">FORMAS DE CONTRARRESTAR LOS RIESGOS<\/h2>\t\t\t\t<\/div>\n\t\t\t\t<\/div>\n\t\t\t\t<div class=\"elementor-element elementor-element-1f24d43 elementor-widget elementor-widget-text-editor\" data-id=\"1f24d43\" data-element_type=\"widget\" data-e-type=\"widget\" data-widget_type=\"text-editor.default\">\n\t\t\t\t<div class=\"elementor-widget-container\">\n\t\t\t\t\t\t\t\t\t<ul><li><p class=\"p1\">Promover un entorno internacional seguro y solidario mediante expectativas claras sobre los comportamientos aceptados y los que no se tolerar\u00e1n, incluidos la radicalizaci\u00f3n y el extremismo.<\/p><\/li><li><p class=\"p1\">Promover los valores brit\u00e1nicos fundamentales durante las clases y a trav\u00e9s de carteles expuestos en los centros. Se trata de educar en la idea de que las cosas son as\u00ed en el Reino Unido, pero que pueden ser diferentes en el pa\u00eds del alumno.<\/p><\/li><li><p class=\"p1\">En la medida de lo posible, desarrollar habilidades de conciencia cr\u00edtica para contrarrestar la aceptaci\u00f3n del extremismo sin cuestionarlo, especialmente del material en l\u00ednea.<\/p><\/li><li><p class=\"p1\">Cuestionar las opiniones radicales o extremistas en cualquier contexto (formal o informal) a trav\u00e9s de los procedimientos establecidos. En la mayor\u00eda de las situaciones esto requerir\u00eda una respuesta inmediata, refiri\u00e9ndose al entorno internacional de la escuela, y la tolerancia esperada, a continuaci\u00f3n, informar de las preocupaciones (v\u00e9ase la secci\u00f3n 10).<\/p><\/li><li><p class=\"p1\">Estar preparado para reaccionar cuando los acontecimientos mundiales o locales (por ejemplo, los atentados de Par\u00eds) provoquen malestar y la probabilidad de que se expresen sentimientos contradictorios. Prevenir el plomo para tomar la iniciativa en estas situaciones.<\/p><\/li><li><p class=\"p1\">Disponer de filtros estrictos en los equipos inform\u00e1ticos y normas claras sobre el acceso a sitios web extremistas o terroristas y el uso de redes sociales para intercambiar opiniones extremistas o terroristas.<\/p><\/li><li><p class=\"p1\">Garantizar que los oradores extremistas no utilicen los locales para distribuir material o exponer sus puntos de vista; disponer de un sistema para investigar a los oradores\/presentadores visitantes.<\/p><\/li><li><p class=\"p1\">El personal llega a conocer a los alumnos, sus circunstancias familiares y sus grupos de amigos. Al conocer bien a los alumnos, es m\u00e1s f\u00e1cil detectar cambios de comportamiento.<\/p><\/li><li><p class=\"p1\">El personal debe estar atento y vigilante para detectar cualquier indicio de comportamiento radical o extremista.<\/p><\/li><li><p class=\"p1\">Bienestar y que todo el personal se esfuerce por apoyar a los alumnos identificados como vulnerables.<\/p><\/li><li><p class=\"p1\">Todo el personal del centro recibe \u2018<span data-teams=\"true\">Curso de sensibilizaci\u00f3n b\u00e1sica sobre protecci\u00f3n<\/span>\u2019 y \u2018P<span data-teams=\"true\">Formaci\u00f3n sobre prevenci\u00f3n de deberes: curso de sensibilizaci\u00f3n<\/span>\u2019Cursos de formaci\u00f3n, con sesiones de seguimiento en los d\u00edas de formaci\u00f3n e iniciaci\u00f3n.<\/p><\/li><li><p class=\"p1\">Concienciaci\u00f3n del personal: El formulario de referencia a la radicalizaci\u00f3n y el extremismo y el procedimiento para utilizarlo se dan a conocer a los miembros del personal.<\/p><\/li><\/ul>\t\t\t\t\t\t\t\t<\/div>\n\t\t\t\t<\/div>\n\t\t\t\t<\/div>\n\t\t\t\t\t<\/div>\n\t\t\t\t<\/div>\n\t\t<div class=\"elementor-element elementor-element-2d9dd3e body-text-1col e-grid e-con-boxed translate-yes e-con e-parent\" data-id=\"2d9dd3e\" data-element_type=\"container\" data-e-type=\"container\">\n\t\t\t\t\t<div class=\"e-con-inner\">\n\t\t\t\t<div class=\"elementor-element elementor-element-15185de section-style-default elementor-widget elementor-widget-Section settings\" data-id=\"15185de\" data-element_type=\"widget\" data-e-type=\"widget\" data-widget_type=\"Section settings.default\">\n\t\t\t\t<div class=\"elementor-widget-container\">\n\t\t\t\t\t\t\t\t\t\t\t<\/div>\n\t\t\t\t<\/div>\n\t\t<div class=\"elementor-element elementor-element-ca82ede e-con-full e-flex translate-yes e-con e-child\" data-id=\"ca82ede\" data-element_type=\"container\" data-e-type=\"container\">\n\t\t\t\t<div class=\"elementor-element elementor-element-aefeb6e elementor-widget elementor-widget-heading\" data-id=\"aefeb6e\" data-element_type=\"widget\" data-e-type=\"widget\" data-widget_type=\"heading.default\">\n\t\t\t\t<div class=\"elementor-widget-container\">\n\t\t\t\t\t<h2 class=\"elementor-heading-title elementor-size-default\">FORMACI\u00d3N<\/h2>\t\t\t\t<\/div>\n\t\t\t\t<\/div>\n\t\t\t\t<div class=\"elementor-element elementor-element-b509ada elementor-widget elementor-widget-text-editor\" data-id=\"b509ada\" data-element_type=\"widget\" data-e-type=\"widget\" data-widget_type=\"text-editor.default\">\n\t\t\t\t<div class=\"elementor-widget-container\">\n\t\t\t\t\t\t\t\t\t<ul><li><p class=\"p1\">Los documentos y la formaci\u00f3n presencial garantizan que el personal comprenda esta pol\u00edtica.<\/p><ul><li><p class=\"p1\">comprender el contexto y las expectativas de la prevenci\u00f3n<\/p><\/li><li><p class=\"p1\">su obligaci\u00f3n de aplicar la pol\u00edtica<\/p><\/li><li><p class=\"p1\">comprender la terminolog\u00eda y los riesgos asociados a la radicalizaci\u00f3n y el extremismo<\/p><\/li><li><p class=\"p1\">c\u00f3mo identificar y apoyar a los estudiantes vulnerables<\/p><\/li><li><p class=\"p1\">formas en que la escuela contrarrestar\u00e1 los riesgos<\/p><\/li><li><p class=\"p1\">se\u00f1ales que pueden ser motivo de preocupaci\u00f3n<\/p><\/li><li><p class=\"p1\">conocer a la persona responsable de la prevenci\u00f3n y los procedimientos para comunicar preocupaciones<\/p><\/li><li><p class=\"p1\">conocer la importancia de su propio comportamiento y profesionalidad para (a) ser ejemplo de los valores brit\u00e1nicos<\/p><p class=\"p1\">y (b) no discutir temas incendiarios con los estudiantes (C\u00f3digo de Conducta).<\/p><\/li><\/ul><\/li><li><p class=\"p1\">Mantener un registro de la formaci\u00f3n del personal en la carpeta espec\u00edfica de los equipos LIA.<\/p><\/li><li><p class=\"p1\">Asegurarse de que los proveedores de locales tienen una pol\u00edtica de prevenci\u00f3n.<\/p><\/li><li><p class=\"p1\">Los estudiantes, los proveedores de locales y los jefes de grupo de las agencias deben conocer las partes fundamentales de esta pol\u00edtica:<\/p><ul><li><p class=\"p1\">comprender la terminolog\u00eda<\/p><\/li><li><p class=\"p1\">importancia de mantener una sociedad solidaria y tolerante en el centro<\/p><\/li><li><p class=\"p1\">qu\u00e9 son los valores brit\u00e1nicos fundamentales y por qu\u00e9 se consideran importantes<\/p><\/li><li><p class=\"p1\">cualquier modificaci\u00f3n de las normas escolares, en particular las relativas a la inform\u00e1tica<\/p><\/li><li><p class=\"p1\">que deben comunicar cualquier preocupaci\u00f3n\/incidente, y procedimiento para ello.<\/p><\/li><\/ul><\/li><\/ul>\t\t\t\t\t\t\t\t<\/div>\n\t\t\t\t<\/div>\n\t\t\t\t<\/div>\n\t\t\t\t\t<\/div>\n\t\t\t\t<\/div>\n\t\t<div class=\"elementor-element elementor-element-40be62 body-text-1col e-grid e-con-boxed translate-yes e-con e-parent\" data-id=\"40be62\" data-element_type=\"container\" data-e-type=\"container\">\n\t\t\t\t\t<div class=\"e-con-inner\">\n\t\t\t\t<div class=\"elementor-element elementor-element-5d62ea59 section-style-default elementor-widget elementor-widget-Section settings\" data-id=\"5d62ea59\" data-element_type=\"widget\" data-e-type=\"widget\" data-widget_type=\"Section settings.default\">\n\t\t\t\t<div class=\"elementor-widget-container\">\n\t\t\t\t\t\t\t\t\t\t\t<\/div>\n\t\t\t\t<\/div>\n\t\t<div class=\"elementor-element elementor-element-b9530b4 e-con-full e-flex translate-yes e-con e-child\" data-id=\"b9530b4\" data-element_type=\"container\" data-e-type=\"container\">\n\t\t\t\t<div class=\"elementor-element elementor-element-18cfea60 elementor-widget elementor-widget-heading\" data-id=\"18cfea60\" data-element_type=\"widget\" data-e-type=\"widget\" data-widget_type=\"heading.default\">\n\t\t\t\t<div class=\"elementor-widget-container\">\n\t\t\t\t\t<h2 class=\"elementor-heading-title elementor-size-default\">SIGNOS QUE PUEDEN SER MOTIVO DE PREOCUPACI\u00d3N<\/h2>\t\t\t\t<\/div>\n\t\t\t\t<\/div>\n\t\t\t\t<div class=\"elementor-element elementor-element-648de872 elementor-widget elementor-widget-text-editor\" data-id=\"648de872\" data-element_type=\"widget\" data-e-type=\"widget\" data-widget_type=\"text-editor.default\">\n\t\t\t\t<div class=\"elementor-widget-container\">\n\t\t\t\t\t\t\t\t\t<ul><li><p class=\"p1\">Los alumnos hablan de la exposici\u00f3n a materiales u opiniones extremistas fuera de la escuela<\/p><\/li><li><p class=\"p1\">Cambios de comportamiento, por ejemplo, aislamiento.<\/p><\/li><li><p class=\"p1\">Descenso del nivel de trabajo, falta de asistencia, desinter\u00e9s<\/p><\/li><li><p class=\"p1\">Cambios de actitud, por ejemplo, intolerancia a las diferencias o cerraz\u00f3n.<\/p><\/li><li><p class=\"p1\">Hacer preguntas sobre determinados temas (por ejemplo, relacionados con el extremismo)<\/p><\/li><li><p class=\"p1\">Ofrecer opiniones que parecen proceder de ideolog\u00edas extremistas<\/p><\/li><li><p class=\"p1\">Intenta imponer sus propias opiniones y creencias a los dem\u00e1s.<\/p><\/li><li><p class=\"p1\">Uso de vocabulario extremista para excluir a otros o incitar a la violencia<\/p><\/li><li><p class=\"p1\">Acceso a material extremista en l\u00ednea o a trav\u00e9s de las redes sociales<\/p><\/li><li><p class=\"p1\">Nuevas pr\u00e1cticas religiosas manifiestas<\/p><\/li><li><p class=\"p1\">Dibujos o carteles (por ejemplo, en alojamientos) que muestren ideolog\u00eda, opiniones o s\u00edmbolos extremistas.<\/p><\/li><li><p class=\"p1\">Los estudiantes expresan su preocupaci\u00f3n por cualquiera<\/p><\/li><\/ul><p class=\"p1\">Nota: Cualquier preocupaci\u00f3n relacionada con una persona menor de 18 a\u00f1os es una cuesti\u00f3n de protecci\u00f3n y debe ser tratada por el personal de protecci\u00f3n y, en caso necesario, se debe contactar con el Consejo Local de Protecci\u00f3n de Menores: London Safeguarding Children <span class=\"s1\">Junta Directiva y Asociaci\u00f3n <\/span><a href=\"https:\/\/www.londonscb.gov.uk\/london-scb-contacts\/\">https:\/\/www.londonscb.gov.uk\/london-scb-contacts\/<\/a><\/p>\t\t\t\t\t\t\t\t<\/div>\n\t\t\t\t<\/div>\n\t\t\t\t<\/div>\n\t\t\t\t\t<\/div>\n\t\t\t\t<\/div>\n\t\t<div class=\"elementor-element elementor-element-1288072 body-text-1col e-grid e-con-boxed translate-yes e-con e-parent\" data-id=\"1288072\" data-element_type=\"container\" data-e-type=\"container\">\n\t\t\t\t\t<div class=\"e-con-inner\">\n\t\t\t\t<div class=\"elementor-element elementor-element-d96c7a1 section-style-default elementor-widget elementor-widget-Section settings\" data-id=\"d96c7a1\" data-element_type=\"widget\" data-e-type=\"widget\" data-widget_type=\"Section settings.default\">\n\t\t\t\t<div class=\"elementor-widget-container\">\n\t\t\t\t\t\t\t\t\t\t\t<\/div>\n\t\t\t\t<\/div>\n\t\t<div class=\"elementor-element elementor-element-e611108 e-con-full e-flex translate-yes e-con e-child\" data-id=\"e611108\" data-element_type=\"container\" data-e-type=\"container\">\n\t\t\t\t<div class=\"elementor-element elementor-element-15a0180 elementor-widget elementor-widget-heading\" data-id=\"15a0180\" data-element_type=\"widget\" data-e-type=\"widget\" data-widget_type=\"heading.default\">\n\t\t\t\t<div class=\"elementor-widget-container\">\n\t\t\t\t\t<h2 class=\"elementor-heading-title elementor-size-default\">C\u00d3MO Y CU\u00c1NDO REACCIONAR ANTE LAS PREOCUPACIONES<\/h2>\t\t\t\t<\/div>\n\t\t\t\t<\/div>\n\t\t\t\t<div class=\"elementor-element elementor-element-6a53433 elementor-widget elementor-widget-text-editor\" data-id=\"6a53433\" data-element_type=\"widget\" data-e-type=\"widget\" data-widget_type=\"text-editor.default\">\n\t\t\t\t<div class=\"elementor-widget-container\">\n\t\t\t\t\t\t\t\t\t<ul><li><p class=\"p1\">Cualquier miembro del personal que tenga dudas lo comunicar\u00e1 al responsable de bienestar del centro y cumplimentar\u00e1 el formulario de remisi\u00f3n de casos de radicalizaci\u00f3n y extremismo.<\/p><\/li><li><p class=\"p1\">El formulario se enviar\u00e1 inmediatamente a la empresa Prevent Lead Daniele Pluchino (daniele.pluchino@malvernplc.com, tel\u00e9fono +39 3476778250).<\/p><b><\/b><\/li><li><p class=\"p1\">La confidencialidad est\u00e1 garantizada para la persona que informa de un problema.<\/p><\/li><li><p class=\"p1\">Todo el mundo debe informar de cualquier preocupaci\u00f3n o incidente, por peque\u00f1o que sea.<\/p><\/li><li><p class=\"p1\">La seguridad de que todo se tratar\u00e1 con sensibilidad y cuidado.<\/p><\/li><li><p class=\"p1\">Prevent Lead para informar a la polic\u00eda local y a los servicios sociales en caso necesario.<\/p><\/li><\/ul>\t\t\t\t\t\t\t\t<\/div>\n\t\t\t\t<\/div>\n\t\t\t\t<\/div>\n\t\t\t\t\t<\/div>\n\t\t\t\t<\/div>\n\t\t\t\t<\/div>","protected":false},"excerpt":{"rendered":"<p>Policies Anti-Radicalisation and Extremism (Prevent) Policy Last updated 10\/04\/2026 STATEMENT Language in Action understands its responsibilities under the Counter Terrorism &amp; Security Act 2015 to prevent people of all ages being radicalised or drawn into terrorism and seeks to meet its obligations in the ways shown below, after setting the context. CONTEXT Language in Action [&hellip;]<\/p>\n","protected":false},"author":27,"featured_media":0,"parent":44379,"menu_order":0,"comment_status":"closed","ping_status":"closed","template":"","meta":{"_acf_changed":false,"footnotes":""},"class_list":["post-45073","page","type-page","status-publish","hentry"],"acf":[],"yoast_head":"<!-- This site is optimized with the Yoast SEO plugin v27.5 - https:\/\/yoast.com\/product\/yoast-seo-wordpress\/ -->\n<title>Anti-Radicalisation and Extremism Prevent Policy - Language in Action<\/title>\n<meta name=\"robots\" content=\"index, follow, max-snippet:-1, max-image-preview:large, max-video-preview:-1\" \/>\n<link rel=\"canonical\" href=\"https:\/\/languageinactionltd.co.uk\/es_mx\/politicas\/politica-de-prevencion-de-la-radicalizacion-y-el-extremismo\/\" \/>\n<meta property=\"og:locale\" content=\"es_MX\" \/>\n<meta property=\"og:type\" content=\"article\" \/>\n<meta property=\"og:title\" content=\"Anti-Radicalisation and Extremism Prevent Policy - Language in Action\" \/>\n<meta property=\"og:description\" content=\"Policies Anti-Radicalisation and Extremism (Prevent) Policy Last updated 10\/04\/2026 STATEMENT Language in Action understands its responsibilities under the Counter Terrorism &amp; Security Act 2015 to prevent people of all ages being radicalised or drawn into terrorism and seeks to meet its obligations in the ways shown below, after setting the context. CONTEXT Language in Action [&hellip;]\" \/>\n<meta property=\"og:url\" content=\"https:\/\/languageinactionltd.co.uk\/es_mx\/politicas\/politica-de-prevencion-de-la-radicalizacion-y-el-extremismo\/\" \/>\n<meta property=\"og:site_name\" content=\"Language in Action\" \/>\n<meta property=\"article:modified_time\" content=\"2026-04-13T10:34:32+00:00\" \/>\n<meta property=\"og:image\" content=\"https:\/\/languageinactionltd.co.uk\/wp-content\/uploads\/sites\/9\/2025\/08\/lia-social.png\" \/>\n\t<meta property=\"og:image:width\" content=\"1200\" \/>\n\t<meta property=\"og:image:height\" content=\"675\" \/>\n\t<meta property=\"og:image:type\" content=\"image\/png\" \/>\n<meta name=\"twitter:card\" content=\"summary_large_image\" \/>\n<meta name=\"twitter:label1\" content=\"Tiempo de lectura\" \/>\n\t<meta name=\"twitter:data1\" content=\"6 minutos\" \/>\n<script type=\"application\/ld+json\" class=\"yoast-schema-graph\">{\"@context\":\"https:\\\/\\\/schema.org\",\"@graph\":[{\"@type\":\"WebPage\",\"@id\":\"https:\\\/\\\/languageinactionltd.co.uk\\\/policies\\\/anti-radicalisation-and-extremism-prevent-policy\\\/\",\"url\":\"https:\\\/\\\/languageinactionltd.co.uk\\\/policies\\\/anti-radicalisation-and-extremism-prevent-policy\\\/\",\"name\":\"Anti-Radicalisation and Extremism Prevent Policy - Language in Action\",\"isPartOf\":{\"@id\":\"https:\\\/\\\/languageinactionltd.co.uk\\\/#website\"},\"datePublished\":\"2025-08-28T07:16:53+00:00\",\"dateModified\":\"2026-04-13T10:34:32+00:00\",\"breadcrumb\":{\"@id\":\"https:\\\/\\\/languageinactionltd.co.uk\\\/policies\\\/anti-radicalisation-and-extremism-prevent-policy\\\/#breadcrumb\"},\"inLanguage\":\"es\",\"potentialAction\":[{\"@type\":\"ReadAction\",\"target\":[\"https:\\\/\\\/languageinactionltd.co.uk\\\/policies\\\/anti-radicalisation-and-extremism-prevent-policy\\\/\"]}]},{\"@type\":\"BreadcrumbList\",\"@id\":\"https:\\\/\\\/languageinactionltd.co.uk\\\/policies\\\/anti-radicalisation-and-extremism-prevent-policy\\\/#breadcrumb\",\"itemListElement\":[{\"@type\":\"ListItem\",\"position\":1,\"name\":\"Home\",\"item\":\"https:\\\/\\\/languageinactionltd.co.uk\\\/\"},{\"@type\":\"ListItem\",\"position\":2,\"name\":\"Policies\",\"item\":\"https:\\\/\\\/languageinactionltd.co.uk\\\/policies\\\/\"},{\"@type\":\"ListItem\",\"position\":3,\"name\":\"Anti-Radicalisation and Extremism Prevent Policy\"}]},{\"@type\":\"WebSite\",\"@id\":\"https:\\\/\\\/languageinactionltd.co.uk\\\/#website\",\"url\":\"https:\\\/\\\/languageinactionltd.co.uk\\\/\",\"name\":\"Language in Action\",\"description\":\"\",\"potentialAction\":[{\"@type\":\"SearchAction\",\"target\":{\"@type\":\"EntryPoint\",\"urlTemplate\":\"https:\\\/\\\/languageinactionltd.co.uk\\\/?s={search_term_string}\"},\"query-input\":{\"@type\":\"PropertyValueSpecification\",\"valueRequired\":true,\"valueName\":\"search_term_string\"}}],\"inLanguage\":\"es\"}]}<\/script>\n<!-- \/ Yoast SEO plugin. -->","yoast_head_json":{"title":"Pol\u00edtica de prevenci\u00f3n de la radicalizaci\u00f3n y el extremismo - Lenguaje en acci\u00f3n","robots":{"index":"index","follow":"follow","max-snippet":"max-snippet:-1","max-image-preview":"max-image-preview:large","max-video-preview":"max-video-preview:-1"},"canonical":"https:\/\/languageinactionltd.co.uk\/es_mx\/politicas\/politica-de-prevencion-de-la-radicalizacion-y-el-extremismo\/","og_locale":"es_MX","og_type":"article","og_title":"Anti-Radicalisation and Extremism Prevent Policy - Language in Action","og_description":"Policies Anti-Radicalisation and Extremism (Prevent) Policy Last updated 10\/04\/2026 STATEMENT Language in Action understands its responsibilities under the Counter Terrorism &amp; Security Act 2015 to prevent people of all ages being radicalised or drawn into terrorism and seeks to meet its obligations in the ways shown below, after setting the context. CONTEXT Language in Action [&hellip;]","og_url":"https:\/\/languageinactionltd.co.uk\/es_mx\/politicas\/politica-de-prevencion-de-la-radicalizacion-y-el-extremismo\/","og_site_name":"Language in Action","article_modified_time":"2026-04-13T10:34:32+00:00","og_image":[{"width":1200,"height":675,"url":"https:\/\/languageinactionltd.co.uk\/wp-content\/uploads\/sites\/9\/2025\/08\/lia-social.png","type":"image\/png"}],"twitter_card":"summary_large_image","twitter_misc":{"Tiempo de lectura":"6 minutos"},"schema":{"@context":"https:\/\/schema.org","@graph":[{"@type":"WebPage","@id":"https:\/\/languageinactionltd.co.uk\/policies\/anti-radicalisation-and-extremism-prevent-policy\/","url":"https:\/\/languageinactionltd.co.uk\/policies\/anti-radicalisation-and-extremism-prevent-policy\/","name":"Pol\u00edtica de prevenci\u00f3n de la radicalizaci\u00f3n y el extremismo - Lenguaje en acci\u00f3n","isPartOf":{"@id":"https:\/\/languageinactionltd.co.uk\/#website"},"datePublished":"2025-08-28T07:16:53+00:00","dateModified":"2026-04-13T10:34:32+00:00","breadcrumb":{"@id":"https:\/\/languageinactionltd.co.uk\/policies\/anti-radicalisation-and-extremism-prevent-policy\/#breadcrumb"},"inLanguage":"es","potentialAction":[{"@type":"ReadAction","target":["https:\/\/languageinactionltd.co.uk\/policies\/anti-radicalisation-and-extremism-prevent-policy\/"]}]},{"@type":"BreadcrumbList","@id":"https:\/\/languageinactionltd.co.uk\/policies\/anti-radicalisation-and-extremism-prevent-policy\/#breadcrumb","itemListElement":[{"@type":"ListItem","position":1,"name":"Home","item":"https:\/\/languageinactionltd.co.uk\/"},{"@type":"ListItem","position":2,"name":"Policies","item":"https:\/\/languageinactionltd.co.uk\/policies\/"},{"@type":"ListItem","position":3,"name":"Anti-Radicalisation and Extremism Prevent Policy"}]},{"@type":"WebSite","@id":"https:\/\/languageinactionltd.co.uk\/#website","url":"https:\/\/languageinactionltd.co.uk\/","name":"La lengua en acci\u00f3n","description":"","potentialAction":[{"@type":"SearchAction","target":{"@type":"EntryPoint","urlTemplate":"https:\/\/languageinactionltd.co.uk\/?s={search_term_string}"},"query-input":{"@type":"PropertyValueSpecification","valueRequired":true,"valueName":"search_term_string"}}],"inLanguage":"es"}]}},"_links":{"self":[{"href":"https:\/\/languageinactionltd.co.uk\/es_mx\/wp-json\/wp\/v2\/pages\/45073","targetHints":{"allow":["GET"]}}],"collection":[{"href":"https:\/\/languageinactionltd.co.uk\/es_mx\/wp-json\/wp\/v2\/pages"}],"about":[{"href":"https:\/\/languageinactionltd.co.uk\/es_mx\/wp-json\/wp\/v2\/types\/page"}],"author":[{"embeddable":true,"href":"https:\/\/languageinactionltd.co.uk\/es_mx\/wp-json\/wp\/v2\/users\/27"}],"replies":[{"embeddable":true,"href":"https:\/\/languageinactionltd.co.uk\/es_mx\/wp-json\/wp\/v2\/comments?post=45073"}],"version-history":[{"count":25,"href":"https:\/\/languageinactionltd.co.uk\/es_mx\/wp-json\/wp\/v2\/pages\/45073\/revisions"}],"predecessor-version":[{"id":47687,"href":"https:\/\/languageinactionltd.co.uk\/es_mx\/wp-json\/wp\/v2\/pages\/45073\/revisions\/47687"}],"up":[{"embeddable":true,"href":"https:\/\/languageinactionltd.co.uk\/es_mx\/wp-json\/wp\/v2\/pages\/44379"}],"wp:attachment":[{"href":"https:\/\/languageinactionltd.co.uk\/es_mx\/wp-json\/wp\/v2\/media?parent=45073"}],"curies":[{"name":"wp","href":"https:\/\/api.w.org\/{rel}","templated":true}]}}