{"id":45073,"date":"2025-08-28T07:16:53","date_gmt":"2025-08-28T07:16:53","guid":{"rendered":"https:\/\/languageinactionltd.co.uk\/?page_id=45073"},"modified":"2026-04-13T10:34:32","modified_gmt":"2026-04-13T10:34:32","slug":"politik-zur-verhinderung-von-radikalisierung-und-extremismus","status":"publish","type":"page","link":"https:\/\/languageinactionltd.co.uk\/de\/policies\/anti-radicalisation-and-extremism-prevent-policy\/","title":{"rendered":"Anti-Radikalisierungs- und Extremismus-Pr\u00e4ventionspolitik"},"content":{"rendered":"<div data-elementor-type=\"wp-page\" data-elementor-id=\"45073\" class=\"elementor elementor-45073\" data-elementor-post-type=\"page\">\n\t\t\t\t<div class=\"elementor-element elementor-element-3429231a body-header-small e-flex e-con-boxed translate-yes e-con e-parent\" data-id=\"3429231a\" data-element_type=\"container\" data-e-type=\"container\" data-settings=\"{&quot;background_background&quot;:&quot;classic&quot;}\">\n\t\t\t\t\t<div class=\"e-con-inner\">\n\t\t<div class=\"elementor-element elementor-element-6ff3a152 e-con-full e-flex translate-yes e-con e-child\" data-id=\"6ff3a152\" data-element_type=\"container\" data-e-type=\"container\">\n\t\t\t\t<div class=\"elementor-element elementor-element-12c4f75d sub-heading elementor-widget elementor-widget-heading\" data-id=\"12c4f75d\" data-element_type=\"widget\" data-e-type=\"widget\" data-widget_type=\"heading.default\">\n\t\t\t\t<div class=\"elementor-widget-container\">\n\t\t\t\t\t<span class=\"elementor-heading-title elementor-size-default\">Politiken<\/span>\t\t\t\t<\/div>\n\t\t\t\t<\/div>\n\t\t<div class=\"elementor-element elementor-element-1ac81eae e-con-full e-flex translate-yes e-con e-child\" data-id=\"1ac81eae\" data-element_type=\"container\" data-e-type=\"container\">\n\t\t\t\t<div class=\"elementor-element elementor-element-5bbdcacb elementor-widget elementor-widget-heading\" data-id=\"5bbdcacb\" data-element_type=\"widget\" data-e-type=\"widget\" data-widget_type=\"heading.default\">\n\t\t\t\t<div class=\"elementor-widget-container\">\n\t\t\t\t\t<h1 class=\"elementor-heading-title elementor-size-default\">Politik gegen Radikalisierung und Extremismus (Prevent)<\/h1>\t\t\t\t<\/div>\n\t\t\t\t<\/div>\n\t\t\t\t<div class=\"elementor-element elementor-element-d403500 elementor-widget elementor-widget-text-editor\" data-id=\"d403500\" data-element_type=\"widget\" data-e-type=\"widget\" data-widget_type=\"text-editor.default\">\n\t\t\t\t<div class=\"elementor-widget-container\">\n\t\t\t\t\t\t\t\t\t<p><i>Zuletzt aktualisiert am 10.04.2026<\/i><\/p>\t\t\t\t\t\t\t\t<\/div>\n\t\t\t\t<\/div>\n\t\t\t\t<\/div>\n\t\t\t\t<\/div>\n\t\t\t\t\t<\/div>\n\t\t\t\t<\/div>\n\t\t<div class=\"elementor-element elementor-element-685080bc body-text-1col e-grid e-con-boxed translate-yes e-con e-parent\" data-id=\"685080bc\" data-element_type=\"container\" data-e-type=\"container\">\n\t\t\t\t\t<div class=\"e-con-inner\">\n\t\t\t\t<div class=\"elementor-element elementor-element-4c0349f2 section-style-default elementor-widget elementor-widget-Section settings\" data-id=\"4c0349f2\" data-element_type=\"widget\" data-e-type=\"widget\" data-widget_type=\"Section settings.default\">\n\t\t\t\t<div class=\"elementor-widget-container\">\n\t\t\t\t\t\t\t\t\t\t\t<\/div>\n\t\t\t\t<\/div>\n\t\t<div class=\"elementor-element elementor-element-43ee8377 e-con-full e-flex translate-yes e-con e-child\" data-id=\"43ee8377\" data-element_type=\"container\" data-e-type=\"container\">\n\t\t\t\t<div class=\"elementor-element elementor-element-37ee0f07 elementor-widget elementor-widget-heading\" data-id=\"37ee0f07\" data-element_type=\"widget\" data-e-type=\"widget\" data-widget_type=\"heading.default\">\n\t\t\t\t<div class=\"elementor-widget-container\">\n\t\t\t\t\t<h2 class=\"elementor-heading-title elementor-size-default\">ERKL\u00c4RUNG<\/h2>\t\t\t\t<\/div>\n\t\t\t\t<\/div>\n\t\t\t\t<div class=\"elementor-element elementor-element-69595c39 elementor-widget elementor-widget-text-editor\" data-id=\"69595c39\" data-element_type=\"widget\" data-e-type=\"widget\" data-widget_type=\"text-editor.default\">\n\t\t\t\t<div class=\"elementor-widget-container\">\n\t\t\t\t\t\t\t\t\t<p class=\"p1\">Language in Action ist sich seiner Verantwortung im Rahmen des Counter Terrorism &amp; Security Act 2015 bewusst, um zu verhindern, dass Menschen aller Altersgruppen radikalisiert oder in den Terrorismus hineingezogen werden, und ist bestrebt, seinen Verpflichtungen auf die im Folgenden dargelegte Weise nachzukommen, nachdem der Kontext erl\u00e4utert wurde.<\/p>\t\t\t\t\t\t\t\t<\/div>\n\t\t\t\t<\/div>\n\t\t\t\t<\/div>\n\t\t\t\t\t<\/div>\n\t\t\t\t<\/div>\n\t\t<div class=\"elementor-element elementor-element-04a3924 body-text-1col e-grid e-con-boxed translate-yes e-con e-parent\" data-id=\"04a3924\" data-element_type=\"container\" data-e-type=\"container\">\n\t\t\t\t\t<div class=\"e-con-inner\">\n\t\t\t\t<div class=\"elementor-element elementor-element-0ebc57e section-style-default elementor-widget elementor-widget-Section settings\" data-id=\"0ebc57e\" data-element_type=\"widget\" data-e-type=\"widget\" data-widget_type=\"Section settings.default\">\n\t\t\t\t<div class=\"elementor-widget-container\">\n\t\t\t\t\t\t\t\t\t\t\t<\/div>\n\t\t\t\t<\/div>\n\t\t<div class=\"elementor-element elementor-element-c4e2759 e-con-full e-flex translate-yes e-con e-child\" data-id=\"c4e2759\" data-element_type=\"container\" data-e-type=\"container\">\n\t\t\t\t<div class=\"elementor-element elementor-element-28fa01c elementor-widget elementor-widget-heading\" data-id=\"28fa01c\" data-element_type=\"widget\" data-e-type=\"widget\" data-widget_type=\"heading.default\">\n\t\t\t\t<div class=\"elementor-widget-container\">\n\t\t\t\t\t<h2 class=\"elementor-heading-title elementor-size-default\">KONTEXT<\/h2>\t\t\t\t<\/div>\n\t\t\t\t<\/div>\n\t\t\t\t<div class=\"elementor-element elementor-element-c285a65 elementor-widget elementor-widget-text-editor\" data-id=\"c285a65\" data-element_type=\"widget\" data-e-type=\"widget\" data-widget_type=\"text-editor.default\">\n\t\t\t\t<div class=\"elementor-widget-container\">\n\t\t\t\t\t\t\t\t\t<ul><li><p class=\"p1\">Language in Action nimmt in der Regel Sch\u00fclerinnen und Sch\u00fcler im Alter von 12 bis 17 Jahren auf (18- bis 19-j\u00e4hrige Sch\u00fclerinnen und Sch\u00fcler k\u00f6nnen Teil von Gruppen sein, die aus minderj\u00e4hrigen Sch\u00fclerinnen und Sch\u00fclern bestehen, wenn sie Teil von High-School-Programmen in ihren eigenen L\u00e4ndern sind), und zwar aus vielen verschiedenen L\u00e4ndern der Welt.<\/p><\/li><li><p class=\"p1\">Language in Action hat Zentren in London, Manchester, Canterbury, Liverpool und Oundle, die eine multikulturelle Bev\u00f6lkerung haben.<\/p><\/li><li><p class=\"p1\">Language in Action hat schon immer ein multikulturelles Umfeld gef\u00f6rdert, in dem Respekt und Toleranz gegen\u00fcber den \u00dcberzeugungen anderer erwartet und gefordert wird.<\/p><\/li><li><p class=\"p1\">Language in Action f\u00f6rdert die britischen Grundwerte, die britische Kultur und Traditionen, die die multikulturelle Vielfalt des heutigen Vereinigten K\u00f6nigreichs widerspiegeln und feiern. Wo es angebracht ist, kann dies in den Unterricht integriert werden, aber die Sch\u00fcler erhalten auch einen \u00dcberblick dar\u00fcber an ihrem ersten Tag in unseren Zentren als Teil des Einf\u00fchrungsprozesses.<\/p><\/li><\/ul>\t\t\t\t\t\t\t\t<\/div>\n\t\t\t\t<\/div>\n\t\t\t\t<\/div>\n\t\t\t\t\t<\/div>\n\t\t\t\t<\/div>\n\t\t<div class=\"elementor-element elementor-element-c487973 body-text-1col e-grid e-con-boxed translate-yes e-con e-parent\" data-id=\"c487973\" data-element_type=\"container\" data-e-type=\"container\">\n\t\t\t\t\t<div class=\"e-con-inner\">\n\t\t\t\t<div class=\"elementor-element elementor-element-1fdf5a0 section-style-default elementor-widget elementor-widget-Section settings\" data-id=\"1fdf5a0\" data-element_type=\"widget\" data-e-type=\"widget\" data-widget_type=\"Section settings.default\">\n\t\t\t\t<div class=\"elementor-widget-container\">\n\t\t\t\t\t\t\t\t\t\t\t<\/div>\n\t\t\t\t<\/div>\n\t\t<div class=\"elementor-element elementor-element-80ffaab e-con-full e-flex translate-yes e-con e-child\" data-id=\"80ffaab\" data-element_type=\"container\" data-e-type=\"container\">\n\t\t\t\t<div class=\"elementor-element elementor-element-8ed3402 elementor-widget elementor-widget-heading\" data-id=\"8ed3402\" data-element_type=\"widget\" data-e-type=\"widget\" data-widget_type=\"heading.default\">\n\t\t\t\t<div class=\"elementor-widget-container\">\n\t\t\t\t\t<h2 class=\"elementor-heading-title elementor-size-default\">STARKE F\u00dcHRUNG<\/h2>\t\t\t\t<\/div>\n\t\t\t\t<\/div>\n\t\t\t\t<div class=\"elementor-element elementor-element-74ad18f elementor-widget elementor-widget-text-editor\" data-id=\"74ad18f\" data-element_type=\"widget\" data-e-type=\"widget\" data-widget_type=\"text-editor.default\">\n\t\t\t\t<div class=\"elementor-widget-container\">\n\t\t\t\t\t\t\t\t\t<ul><li><p class=\"p1\">Die Verantwortung f\u00fcr die Einhaltung der Pr\u00e4ventionspflicht liegt bei der stellvertretenden Leiterin der Jugendabteilung, Daniele Pluchino (Designated Safeguarding Lead - PREVENT wird als Teil der Sicherheitsma\u00dfnahmen betrachtet).<\/p><\/li><li><p class=\"p1\">Die Verantwortung f\u00fcr die Risikobewertung\/den Aktionsplan (siehe Punkt 4) und die Pr\u00e4ventionspolitik liegt beim stellvertretenden Leiter der Jugendabteilung, Daniele Pluchino.<\/p><\/li><li><p class=\"p1\">Die Programm-Manager sind als Kinderschutzbeauftragte benannt, um die Abwesenheit des DSL zu vertreten.<\/p><\/li><li><p class=\"p1\">Jedes Zentrum hat einen Welfare Officer, der daf\u00fcr verantwortlich ist, dass die Pr\u00e4ventionspflicht innerhalb des Zentrums erf\u00fcllt wird, und der alle Probleme an die DSL meldet.<\/p><\/li><li><p class=\"p1\">Ihre Aufgabe ist es, die Umsetzung einer wirksamen Risikobewertung\/eines wirksamen Aktionsplans und einer wirksamen Politik, wie hier beschrieben, sicherzustellen.<\/p><\/li><\/ul>\t\t\t\t\t\t\t\t<\/div>\n\t\t\t\t<\/div>\n\t\t\t\t<\/div>\n\t\t\t\t\t<\/div>\n\t\t\t\t<\/div>\n\t\t<div class=\"elementor-element elementor-element-7188aac body-text-1col e-grid e-con-boxed translate-yes e-con e-parent\" data-id=\"7188aac\" data-element_type=\"container\" data-e-type=\"container\">\n\t\t\t\t\t<div class=\"e-con-inner\">\n\t\t\t\t<div class=\"elementor-element elementor-element-4cafaad section-style-default elementor-widget elementor-widget-Section settings\" data-id=\"4cafaad\" data-element_type=\"widget\" data-e-type=\"widget\" data-widget_type=\"Section settings.default\">\n\t\t\t\t<div class=\"elementor-widget-container\">\n\t\t\t\t\t\t\t\t\t\t\t<\/div>\n\t\t\t\t<\/div>\n\t\t<div class=\"elementor-element elementor-element-96eba15 e-con-full e-flex translate-yes e-con e-child\" data-id=\"96eba15\" data-element_type=\"container\" data-e-type=\"container\">\n\t\t\t\t<div class=\"elementor-element elementor-element-585aff0 elementor-widget elementor-widget-heading\" data-id=\"585aff0\" data-element_type=\"widget\" data-e-type=\"widget\" data-widget_type=\"heading.default\">\n\t\t\t\t<div class=\"elementor-widget-container\">\n\t\t\t\t\t<h2 class=\"elementor-heading-title elementor-size-default\">RISIKOBEWERTUNG DER AKTUELLEN SITUATION UND AKTIONSPLAN F\u00dcR DIE ZUKUNFT<\/h2>\t\t\t\t<\/div>\n\t\t\t\t<\/div>\n\t\t\t\t<div class=\"elementor-element elementor-element-3578c7f elementor-widget elementor-widget-text-editor\" data-id=\"3578c7f\" data-element_type=\"widget\" data-e-type=\"widget\" data-widget_type=\"text-editor.default\">\n\t\t\t\t<div class=\"elementor-widget-container\">\n\t\t\t\t\t\t\t\t\t<p class=\"p1\">Es wurde eine Risikobewertung\/ein Aktionsplan erstellt, aus dem hervorgeht, was bereits unternommen wurde und was noch zu tun ist; er wird mindestens einmal j\u00e4hrlich \u00fcberpr\u00fcft und aktualisiert.<\/p><p>\u00a0<\/p>\t\t\t\t\t\t\t\t<\/div>\n\t\t\t\t<\/div>\n\t\t\t\t<\/div>\n\t\t\t\t\t<\/div>\n\t\t\t\t<\/div>\n\t\t<div class=\"elementor-element elementor-element-f950ff4 body-text-1col e-grid e-con-boxed translate-yes e-con e-parent\" data-id=\"f950ff4\" data-element_type=\"container\" data-e-type=\"container\">\n\t\t\t\t\t<div class=\"e-con-inner\">\n\t\t\t\t<div class=\"elementor-element elementor-element-8668eca section-style-default elementor-widget elementor-widget-Section settings\" data-id=\"8668eca\" data-element_type=\"widget\" data-e-type=\"widget\" data-widget_type=\"Section settings.default\">\n\t\t\t\t<div class=\"elementor-widget-container\">\n\t\t\t\t\t\t\t\t\t\t\t<\/div>\n\t\t\t\t<\/div>\n\t\t<div class=\"elementor-element elementor-element-0f0140e e-con-full e-flex translate-yes e-con e-child\" data-id=\"0f0140e\" data-element_type=\"container\" data-e-type=\"container\">\n\t\t\t\t<div class=\"elementor-element elementor-element-08a7f30 elementor-widget elementor-widget-heading\" data-id=\"08a7f30\" data-element_type=\"widget\" data-e-type=\"widget\" data-widget_type=\"heading.default\">\n\t\t\t\t<div class=\"elementor-widget-container\">\n\t\t\t\t\t<h2 class=\"elementor-heading-title elementor-size-default\">ZUSAMMENARBEIT MIT LOKALEN PARTNERN<\/h2>\t\t\t\t<\/div>\n\t\t\t\t<\/div>\n\t\t\t\t<div class=\"elementor-element elementor-element-d86ef5b elementor-widget elementor-widget-text-editor\" data-id=\"d86ef5b\" data-element_type=\"widget\" data-e-type=\"widget\" data-widget_type=\"text-editor.default\">\n\t\t\t\t<div class=\"elementor-widget-container\">\n\t\t\t\t\t\t\t\t\t<ul><li><p class=\"p1\">Kontaktaufnahme und -pflege mit der \u00f6rtlichen Polizei\/Landesbeh\u00f6rde. Prevent-Verantwortliche m\u00fcssen ihre Rolle und die verf\u00fcgbare Unterst\u00fctzung verstehen (z. B. \u00fcber den Channel-Prozess).<\/p><\/li><li><p class=\"p1\">Setzen Sie sich mit der \u00f6rtlichen Beh\u00f6rde in Verbindung, um weitere n\u00fctzliche lokale Stellen zu ermitteln.<\/p><\/li><li><p class=\"p1\">Aufbau lokaler Verbindungen zu anderen \u00e4hnlichen Organisationen im Bereich der Pr\u00e4vention.<\/p><\/li><li><p class=\"p1\">Geben Sie gegebenenfalls Informationen an alle lokalen Organisationen weiter.<\/p><\/li><\/ul>\t\t\t\t\t\t\t\t<\/div>\n\t\t\t\t<\/div>\n\t\t\t\t<\/div>\n\t\t\t\t\t<\/div>\n\t\t\t\t<\/div>\n\t\t<div class=\"elementor-element elementor-element-a2bd694 body-text-1col e-grid e-con-boxed translate-yes e-con e-parent\" data-id=\"a2bd694\" data-element_type=\"container\" data-e-type=\"container\">\n\t\t\t\t\t<div class=\"e-con-inner\">\n\t\t\t\t<div class=\"elementor-element elementor-element-7ed30a6 section-style-default elementor-widget elementor-widget-Section settings\" data-id=\"7ed30a6\" data-element_type=\"widget\" data-e-type=\"widget\" data-widget_type=\"Section settings.default\">\n\t\t\t\t<div class=\"elementor-widget-container\">\n\t\t\t\t\t\t\t\t\t\t\t<\/div>\n\t\t\t\t<\/div>\n\t\t<div class=\"elementor-element elementor-element-25382df e-con-full e-flex translate-yes e-con e-child\" data-id=\"25382df\" data-element_type=\"container\" data-e-type=\"container\">\n\t\t\t\t<div class=\"elementor-element elementor-element-41b05c3 elementor-widget elementor-widget-heading\" data-id=\"41b05c3\" data-element_type=\"widget\" data-e-type=\"widget\" data-widget_type=\"heading.default\">\n\t\t\t\t<div class=\"elementor-widget-container\">\n\t\t\t\t\t<h2 class=\"elementor-heading-title elementor-size-default\">TERMINOLOGIE VERSTEHEN<\/h2>\t\t\t\t<\/div>\n\t\t\t\t<\/div>\n\t\t\t\t<div class=\"elementor-element elementor-element-750e5a2 elementor-widget elementor-widget-text-editor\" data-id=\"750e5a2\" data-element_type=\"widget\" data-e-type=\"widget\" data-widget_type=\"text-editor.default\">\n\t\t\t\t<div class=\"elementor-widget-container\">\n\t\t\t\t\t\t\t\t\t<ul><li><p class=\"p1\">Radikalisierung: Akt oder Prozess der Radikalisierung einer Person oder der Bef\u00fcrwortung extremer oder grundlegender Ver\u00e4nderungen der politischen, wirtschaftlichen oder sozialen Bedingungen, Institutionen oder Geisteshaltungen.<\/p><\/li><li><p class=\"p1\">Extremismus*: Vertreten extremer politischer oder religi\u00f6ser Ansichten, die einer Gruppe oder einem Einzelnen das Recht absprechen. Kann in lautstarker oder aktiver Opposition zum Ausdruck gebracht werden.<\/p><\/li><li><p class=\"p1\">Britische Grundwerte: u. a. (i) Demokratie, (ii) Rechtsstaatlichkeit, (iii) individuelle Freiheit, (iv) respektvolle Toleranz gegen\u00fcber anderen Glaubensrichtungen oder \u00dcberzeugungen.<\/p><\/li><\/ul><p class=\"p1\">* Anmerkung: Extremismus kann sich auf eine Reihe von Ansichten beziehen, z. B. Rassismus, Homophobie, rechtsextreme Ideologie sowie religi\u00f6sen Extremismus.<\/p>\t\t\t\t\t\t\t\t<\/div>\n\t\t\t\t<\/div>\n\t\t\t\t<\/div>\n\t\t\t\t\t<\/div>\n\t\t\t\t<\/div>\n\t\t<div class=\"elementor-element elementor-element-217354b body-text-1col e-grid e-con-boxed translate-yes e-con e-parent\" data-id=\"217354b\" data-element_type=\"container\" data-e-type=\"container\">\n\t\t\t\t\t<div class=\"e-con-inner\">\n\t\t\t\t<div class=\"elementor-element elementor-element-460de20 section-style-default elementor-widget elementor-widget-Section settings\" data-id=\"460de20\" data-element_type=\"widget\" data-e-type=\"widget\" data-widget_type=\"Section settings.default\">\n\t\t\t\t<div class=\"elementor-widget-container\">\n\t\t\t\t\t\t\t\t\t\t\t<\/div>\n\t\t\t\t<\/div>\n\t\t<div class=\"elementor-element elementor-element-84eb37c e-con-full e-flex translate-yes e-con e-child\" data-id=\"84eb37c\" data-element_type=\"container\" data-e-type=\"container\">\n\t\t\t\t<div class=\"elementor-element elementor-element-f8e5a67 elementor-widget elementor-widget-heading\" data-id=\"f8e5a67\" data-element_type=\"widget\" data-e-type=\"widget\" data-widget_type=\"heading.default\">\n\t\t\t\t<div class=\"elementor-widget-container\">\n\t\t\t\t\t<h2 class=\"elementor-heading-title elementor-size-default\">VERST\u00c4NDNIS DES RISIKOS VON EXTREMISMUS<\/h2>\t\t\t\t<\/div>\n\t\t\t\t<\/div>\n\t\t\t\t<div class=\"elementor-element elementor-element-8a0c19e elementor-widget elementor-widget-text-editor\" data-id=\"8a0c19e\" data-element_type=\"widget\" data-e-type=\"widget\" data-widget_type=\"text-editor.default\">\n\t\t\t\t<div class=\"elementor-widget-container\">\n\t\t\t\t\t\t\t\t\t<ul><li><p class=\"p1\">Mitarbeiter, Sch\u00fcler und andere Erwachsene (Gruppenleiter von Agenturen, Mitarbeiter in den R\u00e4umlichkeiten usw.) k\u00f6nnen bereits mit extremistischen Ansichten in die Schule kommen.<\/p><\/li><li><p class=\"p1\">Oder sie werden in der Schule durch eine Reihe von Faktoren beeinflusst: globale Ereignisse, Druck durch Gleichaltrige, Medien, Ansichten der Familie, extremistisches Material in gedruckter Form oder online, inspirierende Redner, gesch\u00e4digte Freunde oder Verwandte, soziale Netzwerke.<\/p><\/li><li><p class=\"p1\">Menschen, die anf\u00e4llig sind, lassen sich eher beeinflussen.<\/p><\/li><li><p class=\"p1\">Ihre Gef\u00e4hrdung kann verschiedene Ursachen haben: Verlust der Identit\u00e4t oder des Zugeh\u00f6rigkeitsgef\u00fchls, Isolation, Ausgrenzung, psychische Probleme, Gef\u00fchl der Ungerechtigkeit, pers\u00f6nliche Krise, Opfer von Hassverbrechen oder Diskriminierung, Trauerfall<\/p><\/li><\/ul>\t\t\t\t\t\t\t\t<\/div>\n\t\t\t\t<\/div>\n\t\t\t\t<\/div>\n\t\t\t\t\t<\/div>\n\t\t\t\t<\/div>\n\t\t<div class=\"elementor-element elementor-element-93880db body-text-1col e-grid e-con-boxed translate-yes e-con e-parent\" data-id=\"93880db\" data-element_type=\"container\" data-e-type=\"container\">\n\t\t\t\t\t<div class=\"e-con-inner\">\n\t\t\t\t<div class=\"elementor-element elementor-element-b80c050 section-style-default elementor-widget elementor-widget-Section settings\" data-id=\"b80c050\" data-element_type=\"widget\" data-e-type=\"widget\" data-widget_type=\"Section settings.default\">\n\t\t\t\t<div class=\"elementor-widget-container\">\n\t\t\t\t\t\t\t\t\t\t\t<\/div>\n\t\t\t\t<\/div>\n\t\t<div class=\"elementor-element elementor-element-8c12eb4 e-con-full e-flex translate-yes e-con e-child\" data-id=\"8c12eb4\" data-element_type=\"container\" data-e-type=\"container\">\n\t\t\t\t<div class=\"elementor-element elementor-element-89d4157 elementor-widget elementor-widget-heading\" data-id=\"89d4157\" data-element_type=\"widget\" data-e-type=\"widget\" data-widget_type=\"heading.default\">\n\t\t\t\t<div class=\"elementor-widget-container\">\n\t\t\t\t\t<h2 class=\"elementor-heading-title elementor-size-default\">M\u00d6GLICHKEITEN, RISIKEN ENTGEGENZUWIRKEN<\/h2>\t\t\t\t<\/div>\n\t\t\t\t<\/div>\n\t\t\t\t<div class=\"elementor-element elementor-element-1f24d43 elementor-widget elementor-widget-text-editor\" data-id=\"1f24d43\" data-element_type=\"widget\" data-e-type=\"widget\" data-widget_type=\"text-editor.default\">\n\t\t\t\t<div class=\"elementor-widget-container\">\n\t\t\t\t\t\t\t\t\t<ul><li><p class=\"p1\">F\u00f6rderung eines sicheren und unterst\u00fctzenden internationalen Umfelds durch klare Erwartungen bez\u00fcglich akzeptierter Verhaltensweisen und solcher, die nicht toleriert werden, einschlie\u00dflich Radikalisierung und Extremismus.<\/p><\/li><li><p class=\"p1\">F\u00f6rderung der britischen Grundwerte im Unterricht und durch Aush\u00e4nge in den Zentren. Der Ansatz besteht darin, zu vermitteln, dass die Dinge im Vereinigten K\u00f6nigreich so sind; dies kann im Land des Sch\u00fclers anders sein.<\/p><\/li><li><p class=\"p1\">Wo immer m\u00f6glich, sollten F\u00e4higkeiten zur kritischen Wahrnehmung entwickelt werden, um der unhinterfragten Akzeptanz von Extremismus entgegenzuwirken, insbesondere von Online-Material.<\/p><\/li><li><p class=\"p1\">Radikale oder extremistische Ansichten in jedem Kontext (formell oder informell) durch festgelegte Verfahren in Frage stellen. In den meisten Situationen w\u00fcrde dies eine sofortige Reaktion erfordern, die sich auf das internationale Umfeld der Schule und die erwartete Toleranz bezieht und dann Bedenken meldet (siehe Abschnitt 10).<\/p><\/li><li><p class=\"p1\">Bereit sein zu reagieren, wenn weltweite oder lokale Ereignisse (z. B. die Anschl\u00e4ge von Paris) f\u00fcr Aufregung sorgen und die Wahrscheinlichkeit besteht, dass widerspr\u00fcchliche Gef\u00fchle zum Ausdruck gebracht werden. Verhindern Sie, dass die Initiative in solchen Situationen ergriffen wird.<\/p><\/li><li><p class=\"p1\">Strenge Filter f\u00fcr IT-Ger\u00e4te und klare Regeln f\u00fcr den Zugang zu extremistischen\/terroristischen Websites und die Nutzung sozialer Netzwerke zum Austausch extremistischer\/terroristischer Ansichten.<\/p><\/li><li><p class=\"p1\">Stellen Sie sicher, dass extremistische Redner keine R\u00e4umlichkeiten nutzen, um Material zu verteilen oder Ansichten zu verbreiten; verf\u00fcgen Sie \u00fcber ein System zur \u00dcberpr\u00fcfung von Gastrednern\/-vertretern.<\/p><\/li><li><p class=\"p1\">Das Personal lernt die Sch\u00fcler, ihre Lebensumst\u00e4nde und Freundeskreise kennen. Wenn man die Sch\u00fcler gut kennt, ist es einfacher, Verhaltens\u00e4nderungen zu erkennen.<\/p><\/li><li><p class=\"p1\">Das Personal muss aufmerksam und wachsam sein, um Anzeichen f\u00fcr radikales oder extremistisches Verhalten zu erkennen.<\/p><\/li><li><p class=\"p1\">Wohlfahrt und das gesamte Personal m\u00fcssen sich f\u00fcr alle Sch\u00fcler einsetzen, die als gef\u00e4hrdet eingestuft werden.<\/p><\/li><li><p class=\"p1\">Alle Mitarbeiter des Zentrums erhalten \u2018<span data-teams=\"true\">Kurs zur Sensibilisierung f\u00fcr Sicherheitsfragen<\/span>\u2019 und \u2018P<span data-teams=\"true\">revent duty training - Sensibilisierungskurs<\/span>\u2019Schulungen, mit Follow-up-Sitzungen an Schulungs- und Einf\u00fchrungstagen.<\/p><\/li><li><p class=\"p1\">Sensibilisierung des Personals: Das Formular f\u00fcr die Meldung von Radikalisierung und Extremismus und das Verfahren zu dessen Verwendung werden den Mitarbeitern bekannt gemacht.<\/p><\/li><\/ul>\t\t\t\t\t\t\t\t<\/div>\n\t\t\t\t<\/div>\n\t\t\t\t<\/div>\n\t\t\t\t\t<\/div>\n\t\t\t\t<\/div>\n\t\t<div class=\"elementor-element elementor-element-2d9dd3e body-text-1col e-grid e-con-boxed translate-yes e-con e-parent\" data-id=\"2d9dd3e\" data-element_type=\"container\" data-e-type=\"container\">\n\t\t\t\t\t<div class=\"e-con-inner\">\n\t\t\t\t<div class=\"elementor-element elementor-element-15185de section-style-default elementor-widget elementor-widget-Section settings\" data-id=\"15185de\" data-element_type=\"widget\" data-e-type=\"widget\" data-widget_type=\"Section settings.default\">\n\t\t\t\t<div class=\"elementor-widget-container\">\n\t\t\t\t\t\t\t\t\t\t\t<\/div>\n\t\t\t\t<\/div>\n\t\t<div class=\"elementor-element elementor-element-ca82ede e-con-full e-flex translate-yes e-con e-child\" data-id=\"ca82ede\" data-element_type=\"container\" data-e-type=\"container\">\n\t\t\t\t<div class=\"elementor-element elementor-element-aefeb6e elementor-widget elementor-widget-heading\" data-id=\"aefeb6e\" data-element_type=\"widget\" data-e-type=\"widget\" data-widget_type=\"heading.default\">\n\t\t\t\t<div class=\"elementor-widget-container\">\n\t\t\t\t\t<h2 class=\"elementor-heading-title elementor-size-default\">AUSBILDUNG<\/h2>\t\t\t\t<\/div>\n\t\t\t\t<\/div>\n\t\t\t\t<div class=\"elementor-element elementor-element-b509ada elementor-widget elementor-widget-text-editor\" data-id=\"b509ada\" data-element_type=\"widget\" data-e-type=\"widget\" data-widget_type=\"text-editor.default\">\n\t\t\t\t<div class=\"elementor-widget-container\">\n\t\t\t\t\t\t\t\t\t<ul><li><p class=\"p1\">Dokumente und pers\u00f6nliche Schulungen stellen sicher, dass die Mitarbeiter diese Politik verstehen, d.h.<\/p><ul><li><p class=\"p1\">den Kontext und die Erwartungen von Prevent verstehen<\/p><\/li><li><p class=\"p1\">ihre Pflicht, die Politik umzusetzen<\/p><\/li><li><p class=\"p1\">die Terminologie und Risiken im Zusammenhang mit Radikalisierung und Extremismus zu verstehen<\/p><\/li><li><p class=\"p1\">wie man gef\u00e4hrdete Sch\u00fcler erkennt und unterst\u00fctzt<\/p><\/li><li><p class=\"p1\">wie die Schule den Risiken entgegenwirken wird<\/p><\/li><li><p class=\"p1\">Anzeichen, die Anlass zur Sorge geben k\u00f6nnen<\/p><\/li><li><p class=\"p1\">die verantwortliche Prevent-Person und die Verfahren zur Mitteilung von Bedenken kennen<\/p><\/li><li><p class=\"p1\">wissen, wie wichtig ihr eigenes Verhalten und ihre Professionalit\u00e4t sind, um a) ein Beispiel f\u00fcr die britischen Werte zu sein<\/p><p class=\"p1\">und (b) keine hetzerischen Themen mit Sch\u00fclern zu diskutieren (Verhaltenskodex).<\/p><\/li><\/ul><\/li><li><p class=\"p1\">F\u00fchren Sie Aufzeichnungen \u00fcber Mitarbeiterschulungen in einem speziellen Ordner des LIA-Teams.<\/p><\/li><li><p class=\"p1\">Sicherstellen, dass die Anbieter von R\u00e4umlichkeiten \u00fcber eine Pr\u00e4ventionspolitik verf\u00fcgen.<\/p><\/li><li><p class=\"p1\">Studierende, Anbieter von R\u00e4umlichkeiten und Gruppenleiter von Agenturen m\u00fcssen \u00fcber die wichtigsten Teile der Richtlinie informiert werden:<\/p><ul><li><p class=\"p1\">Terminologie verstehen<\/p><\/li><li><p class=\"p1\">die Bedeutung der Aufrechterhaltung einer solidarischen und toleranten Gesellschaft innerhalb des Zentrums<\/p><\/li><li><p class=\"p1\">was die britischen Grundwerte sind und warum sie als wichtig erachtet werden<\/p><\/li><li><p class=\"p1\">\u00c4nderungen der Schulordnung, insbesondere der IT-Regeln<\/p><\/li><li><p class=\"p1\">dass sie alle Bedenken\/Vorf\u00e4lle melden m\u00fcssen und wie sie dabei vorgehen m\u00fcssen.<\/p><\/li><\/ul><\/li><\/ul>\t\t\t\t\t\t\t\t<\/div>\n\t\t\t\t<\/div>\n\t\t\t\t<\/div>\n\t\t\t\t\t<\/div>\n\t\t\t\t<\/div>\n\t\t<div class=\"elementor-element elementor-element-40be62 body-text-1col e-grid e-con-boxed translate-yes e-con e-parent\" data-id=\"40be62\" data-element_type=\"container\" data-e-type=\"container\">\n\t\t\t\t\t<div class=\"e-con-inner\">\n\t\t\t\t<div class=\"elementor-element elementor-element-5d62ea59 section-style-default elementor-widget elementor-widget-Section settings\" data-id=\"5d62ea59\" data-element_type=\"widget\" data-e-type=\"widget\" data-widget_type=\"Section settings.default\">\n\t\t\t\t<div class=\"elementor-widget-container\">\n\t\t\t\t\t\t\t\t\t\t\t<\/div>\n\t\t\t\t<\/div>\n\t\t<div class=\"elementor-element elementor-element-b9530b4 e-con-full e-flex translate-yes e-con e-child\" data-id=\"b9530b4\" data-element_type=\"container\" data-e-type=\"container\">\n\t\t\t\t<div class=\"elementor-element elementor-element-18cfea60 elementor-widget elementor-widget-heading\" data-id=\"18cfea60\" data-element_type=\"widget\" data-e-type=\"widget\" data-widget_type=\"heading.default\">\n\t\t\t\t<div class=\"elementor-widget-container\">\n\t\t\t\t\t<h2 class=\"elementor-heading-title elementor-size-default\">ANZEICHEN, DIE ANLASS ZUR SORGE GEBEN K\u00d6NNEN<\/h2>\t\t\t\t<\/div>\n\t\t\t\t<\/div>\n\t\t\t\t<div class=\"elementor-element elementor-element-648de872 elementor-widget elementor-widget-text-editor\" data-id=\"648de872\" data-element_type=\"widget\" data-e-type=\"widget\" data-widget_type=\"text-editor.default\">\n\t\t\t\t<div class=\"elementor-widget-container\">\n\t\t\t\t\t\t\t\t\t<ul><li><p class=\"p1\">Sch\u00fcler sprechen \u00fcber den Kontakt mit extremistischen Materialien oder Ansichten au\u00dferhalb der Schule<\/p><\/li><li><p class=\"p1\">Ver\u00e4nderungen im Verhalten, z. B. Isolation<\/p><\/li><li><p class=\"p1\">Verschlechterung des Arbeitsstandards, schlechte Anwesenheit, Desengagement<\/p><\/li><li><p class=\"p1\">Ver\u00e4nderungen in der Einstellung, z. B. Intoleranz gegen\u00fcber Unterschieden \/ Verschlossenheit<\/p><\/li><li><p class=\"p1\">Fragen zu bestimmten Themen stellen (z. B. im Zusammenhang mit Extremismus)<\/p><\/li><li><p class=\"p1\">\u00c4u\u00dferungen, die den Anschein erwecken, aus extremistischen Ideologien zu stammen<\/p><\/li><li><p class=\"p1\">Versuche, anderen die eigenen Ansichten\/Glaubenss\u00e4tze aufzuzwingen<\/p><\/li><li><p class=\"p1\">Verwendung von extremistischem Vokabular, um andere auszugrenzen oder zur Gewalt anzustiften<\/p><\/li><li><p class=\"p1\">Zugang zu extremistischem Material im Internet oder \u00fcber soziale Netzwerke<\/p><\/li><li><p class=\"p1\">Offene neue religi\u00f6se Praktiken<\/p><\/li><li><p class=\"p1\">Zeichnungen oder Plakate (z. B. in Unterk\u00fcnften), die extremistische Ideologie\/Anschauungen\/Symbole zeigen<\/p><\/li><li><p class=\"p1\">Studenten, die Bedenken \u00fcber jemanden \u00e4u\u00dfern<\/p><\/li><\/ul><p class=\"p1\">Hinweis: Alle Bedenken, die sich auf eine Person unter 18 Jahren beziehen, sind Fragen des Schutzes und sollten von den f\u00fcr den Schutz zust\u00e4ndigen Mitarbeitern behandelt werden, die sich gegebenenfalls mit dem Local Safeguarding Children Board in Verbindung setzen: London Safeguarding Children <span class=\"s1\">Vorstand und Partnerschaft <\/span><a href=\"https:\/\/www.londonscb.gov.uk\/london-scb-contacts\/\">https:\/\/www.londonscb.gov.uk\/london-scb-contacts\/<\/a><\/p>\t\t\t\t\t\t\t\t<\/div>\n\t\t\t\t<\/div>\n\t\t\t\t<\/div>\n\t\t\t\t\t<\/div>\n\t\t\t\t<\/div>\n\t\t<div class=\"elementor-element elementor-element-1288072 body-text-1col e-grid e-con-boxed translate-yes e-con e-parent\" data-id=\"1288072\" data-element_type=\"container\" data-e-type=\"container\">\n\t\t\t\t\t<div class=\"e-con-inner\">\n\t\t\t\t<div class=\"elementor-element elementor-element-d96c7a1 section-style-default elementor-widget elementor-widget-Section settings\" data-id=\"d96c7a1\" data-element_type=\"widget\" data-e-type=\"widget\" data-widget_type=\"Section settings.default\">\n\t\t\t\t<div class=\"elementor-widget-container\">\n\t\t\t\t\t\t\t\t\t\t\t<\/div>\n\t\t\t\t<\/div>\n\t\t<div class=\"elementor-element elementor-element-e611108 e-con-full e-flex translate-yes e-con e-child\" data-id=\"e611108\" data-element_type=\"container\" data-e-type=\"container\">\n\t\t\t\t<div class=\"elementor-element elementor-element-15a0180 elementor-widget elementor-widget-heading\" data-id=\"15a0180\" data-element_type=\"widget\" data-e-type=\"widget\" data-widget_type=\"heading.default\">\n\t\t\t\t<div class=\"elementor-widget-container\">\n\t\t\t\t\t<h2 class=\"elementor-heading-title elementor-size-default\">WIE UND WANN MAN AUF BEDENKEN REAGIERT<\/h2>\t\t\t\t<\/div>\n\t\t\t\t<\/div>\n\t\t\t\t<div class=\"elementor-element elementor-element-6a53433 elementor-widget elementor-widget-text-editor\" data-id=\"6a53433\" data-element_type=\"widget\" data-e-type=\"widget\" data-widget_type=\"text-editor.default\">\n\t\t\t\t<div class=\"elementor-widget-container\">\n\t\t\t\t\t\t\t\t\t<ul><li><p class=\"p1\">Jeder Mitarbeiter, der Bedenken hat, meldet diese dem Wohlfahrtsbeauftragten des Zentrums und f\u00fcllt das Formular zur Meldung von Radikalisierung und Extremismus aus.<\/p><\/li><li><p class=\"p1\">Das Formular wird umgehend an den Prevent Lead Daniele Pluchino (daniele.pluchino@malvernplc.com, Telefon +39 3476778250) weitergeleitet.<\/p><b><\/b><\/li><li><p class=\"p1\">Die Vertraulichkeit wird der Person, die ein Problem meldet, zugesichert.<\/p><\/li><li><p class=\"p1\">Jeder wird aufgefordert, jedes noch so kleine Problem oder jeden noch so kleinen Vorfall zu melden.<\/p><\/li><li><p class=\"p1\">Die Gewissheit, dass alles sensibel und sorgf\u00e4ltig gehandhabt wird.<\/p><\/li><li><p class=\"p1\">Prevent Lead meldet sich bei Bedarf bei der \u00f6rtlichen Polizei und den Sozialdiensten.<\/p><\/li><\/ul>\t\t\t\t\t\t\t\t<\/div>\n\t\t\t\t<\/div>\n\t\t\t\t<\/div>\n\t\t\t\t\t<\/div>\n\t\t\t\t<\/div>\n\t\t\t\t<\/div>","protected":false},"excerpt":{"rendered":"<p>Policies Anti-Radicalisation and Extremism (Prevent) Policy Last updated 10\/04\/2026 STATEMENT Language in Action understands its responsibilities under the Counter Terrorism &amp; Security Act 2015 to prevent people of all ages being radicalised or drawn into terrorism and seeks to meet its obligations in the ways shown below, after setting the context. CONTEXT Language in Action [&hellip;]<\/p>\n","protected":false},"author":27,"featured_media":0,"parent":44379,"menu_order":0,"comment_status":"closed","ping_status":"closed","template":"","meta":{"_acf_changed":false,"footnotes":""},"class_list":["post-45073","page","type-page","status-publish","hentry"],"acf":[],"yoast_head":"<!-- This site is optimized with the Yoast SEO plugin v27.5 - https:\/\/yoast.com\/product\/yoast-seo-wordpress\/ -->\n<title>Anti-Radicalisation and Extremism Prevent Policy - Language in Action<\/title>\n<meta name=\"robots\" content=\"index, follow, max-snippet:-1, max-image-preview:large, max-video-preview:-1\" \/>\n<link rel=\"canonical\" href=\"https:\/\/languageinactionltd.co.uk\/de\/richtlinien\/politik-zur-verhinderung-von-radikalisierung-und-extremismus\/\" \/>\n<meta property=\"og:locale\" content=\"de_DE\" \/>\n<meta property=\"og:type\" content=\"article\" \/>\n<meta property=\"og:title\" content=\"Anti-Radicalisation and Extremism Prevent Policy - Language in Action\" \/>\n<meta property=\"og:description\" content=\"Policies Anti-Radicalisation and Extremism (Prevent) Policy Last updated 10\/04\/2026 STATEMENT Language in Action understands its responsibilities under the Counter Terrorism &amp; Security Act 2015 to prevent people of all ages being radicalised or drawn into terrorism and seeks to meet its obligations in the ways shown below, after setting the context. CONTEXT Language in Action [&hellip;]\" \/>\n<meta property=\"og:url\" content=\"https:\/\/languageinactionltd.co.uk\/de\/richtlinien\/politik-zur-verhinderung-von-radikalisierung-und-extremismus\/\" \/>\n<meta property=\"og:site_name\" content=\"Language in Action\" \/>\n<meta property=\"article:modified_time\" content=\"2026-04-13T10:34:32+00:00\" \/>\n<meta property=\"og:image\" content=\"https:\/\/languageinactionltd.co.uk\/wp-content\/uploads\/sites\/9\/2025\/08\/lia-social.png\" \/>\n\t<meta property=\"og:image:width\" content=\"1200\" \/>\n\t<meta property=\"og:image:height\" content=\"675\" \/>\n\t<meta property=\"og:image:type\" content=\"image\/png\" \/>\n<meta name=\"twitter:card\" content=\"summary_large_image\" \/>\n<meta name=\"twitter:label1\" content=\"Gesch\u00e4tzte Lesezeit\" \/>\n\t<meta name=\"twitter:data1\" content=\"6\u00a0Minuten\" \/>\n<script type=\"application\/ld+json\" class=\"yoast-schema-graph\">{\"@context\":\"https:\\\/\\\/schema.org\",\"@graph\":[{\"@type\":\"WebPage\",\"@id\":\"https:\\\/\\\/languageinactionltd.co.uk\\\/policies\\\/anti-radicalisation-and-extremism-prevent-policy\\\/\",\"url\":\"https:\\\/\\\/languageinactionltd.co.uk\\\/policies\\\/anti-radicalisation-and-extremism-prevent-policy\\\/\",\"name\":\"Anti-Radicalisation and Extremism Prevent Policy - Language in Action\",\"isPartOf\":{\"@id\":\"https:\\\/\\\/languageinactionltd.co.uk\\\/#website\"},\"datePublished\":\"2025-08-28T07:16:53+00:00\",\"dateModified\":\"2026-04-13T10:34:32+00:00\",\"breadcrumb\":{\"@id\":\"https:\\\/\\\/languageinactionltd.co.uk\\\/policies\\\/anti-radicalisation-and-extremism-prevent-policy\\\/#breadcrumb\"},\"inLanguage\":\"de\",\"potentialAction\":[{\"@type\":\"ReadAction\",\"target\":[\"https:\\\/\\\/languageinactionltd.co.uk\\\/policies\\\/anti-radicalisation-and-extremism-prevent-policy\\\/\"]}]},{\"@type\":\"BreadcrumbList\",\"@id\":\"https:\\\/\\\/languageinactionltd.co.uk\\\/policies\\\/anti-radicalisation-and-extremism-prevent-policy\\\/#breadcrumb\",\"itemListElement\":[{\"@type\":\"ListItem\",\"position\":1,\"name\":\"Home\",\"item\":\"https:\\\/\\\/languageinactionltd.co.uk\\\/\"},{\"@type\":\"ListItem\",\"position\":2,\"name\":\"Policies\",\"item\":\"https:\\\/\\\/languageinactionltd.co.uk\\\/policies\\\/\"},{\"@type\":\"ListItem\",\"position\":3,\"name\":\"Anti-Radicalisation and Extremism Prevent Policy\"}]},{\"@type\":\"WebSite\",\"@id\":\"https:\\\/\\\/languageinactionltd.co.uk\\\/#website\",\"url\":\"https:\\\/\\\/languageinactionltd.co.uk\\\/\",\"name\":\"Language in Action\",\"description\":\"\",\"potentialAction\":[{\"@type\":\"SearchAction\",\"target\":{\"@type\":\"EntryPoint\",\"urlTemplate\":\"https:\\\/\\\/languageinactionltd.co.uk\\\/?s={search_term_string}\"},\"query-input\":{\"@type\":\"PropertyValueSpecification\",\"valueRequired\":true,\"valueName\":\"search_term_string\"}}],\"inLanguage\":\"de\"}]}<\/script>\n<!-- \/ Yoast SEO plugin. -->","yoast_head_json":{"title":"Anti-Radikalisierungs- und Extremismus-Pr\u00e4ventionspolitik - Sprache in Aktion","robots":{"index":"index","follow":"follow","max-snippet":"max-snippet:-1","max-image-preview":"max-image-preview:large","max-video-preview":"max-video-preview:-1"},"canonical":"https:\/\/languageinactionltd.co.uk\/de\/richtlinien\/politik-zur-verhinderung-von-radikalisierung-und-extremismus\/","og_locale":"de_DE","og_type":"article","og_title":"Anti-Radicalisation and Extremism Prevent Policy - Language in Action","og_description":"Policies Anti-Radicalisation and Extremism (Prevent) Policy Last updated 10\/04\/2026 STATEMENT Language in Action understands its responsibilities under the Counter Terrorism &amp; Security Act 2015 to prevent people of all ages being radicalised or drawn into terrorism and seeks to meet its obligations in the ways shown below, after setting the context. CONTEXT Language in Action [&hellip;]","og_url":"https:\/\/languageinactionltd.co.uk\/de\/richtlinien\/politik-zur-verhinderung-von-radikalisierung-und-extremismus\/","og_site_name":"Language in Action","article_modified_time":"2026-04-13T10:34:32+00:00","og_image":[{"width":1200,"height":675,"url":"https:\/\/languageinactionltd.co.uk\/wp-content\/uploads\/sites\/9\/2025\/08\/lia-social.png","type":"image\/png"}],"twitter_card":"summary_large_image","twitter_misc":{"Gesch\u00e4tzte Lesezeit":"6\u00a0Minuten"},"schema":{"@context":"https:\/\/schema.org","@graph":[{"@type":"WebPage","@id":"https:\/\/languageinactionltd.co.uk\/policies\/anti-radicalisation-and-extremism-prevent-policy\/","url":"https:\/\/languageinactionltd.co.uk\/policies\/anti-radicalisation-and-extremism-prevent-policy\/","name":"Anti-Radikalisierungs- und Extremismus-Pr\u00e4ventionspolitik - Sprache in Aktion","isPartOf":{"@id":"https:\/\/languageinactionltd.co.uk\/#website"},"datePublished":"2025-08-28T07:16:53+00:00","dateModified":"2026-04-13T10:34:32+00:00","breadcrumb":{"@id":"https:\/\/languageinactionltd.co.uk\/policies\/anti-radicalisation-and-extremism-prevent-policy\/#breadcrumb"},"inLanguage":"de","potentialAction":[{"@type":"ReadAction","target":["https:\/\/languageinactionltd.co.uk\/policies\/anti-radicalisation-and-extremism-prevent-policy\/"]}]},{"@type":"BreadcrumbList","@id":"https:\/\/languageinactionltd.co.uk\/policies\/anti-radicalisation-and-extremism-prevent-policy\/#breadcrumb","itemListElement":[{"@type":"ListItem","position":1,"name":"Home","item":"https:\/\/languageinactionltd.co.uk\/"},{"@type":"ListItem","position":2,"name":"Policies","item":"https:\/\/languageinactionltd.co.uk\/policies\/"},{"@type":"ListItem","position":3,"name":"Anti-Radicalisation and Extremism Prevent Policy"}]},{"@type":"WebSite","@id":"https:\/\/languageinactionltd.co.uk\/#website","url":"https:\/\/languageinactionltd.co.uk\/","name":"Sprache in Aktion","description":"","potentialAction":[{"@type":"SearchAction","target":{"@type":"EntryPoint","urlTemplate":"https:\/\/languageinactionltd.co.uk\/?s={search_term_string}"},"query-input":{"@type":"PropertyValueSpecification","valueRequired":true,"valueName":"search_term_string"}}],"inLanguage":"de"}]}},"_links":{"self":[{"href":"https:\/\/languageinactionltd.co.uk\/de\/wp-json\/wp\/v2\/pages\/45073","targetHints":{"allow":["GET"]}}],"collection":[{"href":"https:\/\/languageinactionltd.co.uk\/de\/wp-json\/wp\/v2\/pages"}],"about":[{"href":"https:\/\/languageinactionltd.co.uk\/de\/wp-json\/wp\/v2\/types\/page"}],"author":[{"embeddable":true,"href":"https:\/\/languageinactionltd.co.uk\/de\/wp-json\/wp\/v2\/users\/27"}],"replies":[{"embeddable":true,"href":"https:\/\/languageinactionltd.co.uk\/de\/wp-json\/wp\/v2\/comments?post=45073"}],"version-history":[{"count":25,"href":"https:\/\/languageinactionltd.co.uk\/de\/wp-json\/wp\/v2\/pages\/45073\/revisions"}],"predecessor-version":[{"id":47687,"href":"https:\/\/languageinactionltd.co.uk\/de\/wp-json\/wp\/v2\/pages\/45073\/revisions\/47687"}],"up":[{"embeddable":true,"href":"https:\/\/languageinactionltd.co.uk\/de\/wp-json\/wp\/v2\/pages\/44379"}],"wp:attachment":[{"href":"https:\/\/languageinactionltd.co.uk\/de\/wp-json\/wp\/v2\/media?parent=45073"}],"curies":[{"name":"wp","href":"https:\/\/api.w.org\/{rel}","templated":true}]}}